{"id":4989,"date":"2023-12-19T02:28:39","date_gmt":"2023-12-19T02:28:39","guid":{"rendered":"https:\/\/www.museu0.pt\/?page_id=4989"},"modified":"2025-11-12T15:12:01","modified_gmt":"2025-11-12T15:12:01","slug":"centro-de-experimentacao-e-criacao-artistica","status":"publish","type":"page","link":"https:\/\/www.museu0.pt\/en\/artistic-experimentation-and-creation-centre\/","title":{"rendered":"Centre for Experimentation and Artistic Creation"},"content":{"rendered":"<div data-elementor-type=\"wp-page\" data-elementor-id=\"4989\" class=\"elementor elementor-4989\" data-elementor-post-type=\"page\">\n\t\t\t\t\t\t\t\t\t<section class=\"elementor-section elementor-top-section elementor-element elementor-element-ce577f3 elementor-section-boxed elementor-section-height-default elementor-section-height-default\" data-id=\"ce577f3\" data-element_type=\"section\" data-settings=\"{&quot;background_background&quot;:&quot;classic&quot;}\">\n\t\t\t\t\t\t\t<div class=\"elementor-background-overlay\"><\/div>\n\t\t\t\t\t\t\t<div class=\"elementor-container elementor-column-gap-no\">\n\t\t\t\t\t<div class=\"elementor-column elementor-col-100 elementor-top-column elementor-element elementor-element-920ab2e\" data-id=\"920ab2e\" data-element_type=\"column\">\n\t\t\t<div class=\"elementor-widget-wrap elementor-element-populated\">\n\t\t\t\t\t\t\t\t<div class=\"elementor-element elementor-element-e3add7a elementor-widget__width-auto elementor-widget-tablet__width-auto elementor-widget-mobile__width-auto elementor-widget elementor-widget-heading\" data-id=\"e3add7a\" data-element_type=\"widget\" data-widget_type=\"heading.default\">\n\t\t\t\t<div class=\"elementor-widget-container\">\n\t\t\t<style>\/*! elementor - v3.15.0 - 20-08-2023 *\/\n.elementor-heading-title{padding:0;margin:0;line-height:1}.elementor-widget-heading .elementor-heading-title[class*=elementor-size-]>a{color:inherit;font-size:inherit;line-height:inherit}.elementor-widget-heading .elementor-heading-title.elementor-size-small{font-size:15px}.elementor-widget-heading .elementor-heading-title.elementor-size-medium{font-size:19px}.elementor-widget-heading .elementor-heading-title.elementor-size-large{font-size:29px}.elementor-widget-heading .elementor-heading-title.elementor-size-xl{font-size:39px}.elementor-widget-heading .elementor-heading-title.elementor-size-xxl{font-size:59px}<\/style><h2 class=\"elementor-heading-title elementor-size-default\">Supporting artistic creation<\/h2>\t\t<\/div>\n\t\t\t\t<\/div>\n\t\t\t\t<div class=\"elementor-element elementor-element-cb27228 elementor-widget elementor-widget-heading\" data-id=\"cb27228\" data-element_type=\"widget\" data-widget_type=\"heading.default\">\n\t\t\t\t<div class=\"elementor-widget-container\">\n\t\t\t<h1 class=\"elementor-heading-title elementor-size-default\">Centre for Experimentation and Artistic Creation<\/h1>\t\t<\/div>\n\t\t\t\t<\/div>\n\t\t\t\t\t<\/div>\n\t\t<\/div>\n\t\t\t\t\t\t\t<\/div>\n\t\t<\/section>\n\t\t\t\t<section class=\"elementor-section elementor-top-section elementor-element elementor-element-bc75c3b elementor-section-boxed elementor-section-height-default elementor-section-height-default\" data-id=\"bc75c3b\" data-element_type=\"section\" id=\"centro-de-arte-digital\">\n\t\t\t\t\t\t<div class=\"elementor-container elementor-column-gap-no\">\n\t\t\t\t\t<div class=\"elementor-column elementor-col-100 elementor-top-column elementor-element elementor-element-7da86b8\" data-id=\"7da86b8\" data-element_type=\"column\">\n\t\t\t<div class=\"elementor-widget-wrap elementor-element-populated\">\n\t\t\t\t\t\t\t\t<section class=\"elementor-section elementor-inner-section elementor-element elementor-element-de81235 fixed_width_section elementor-section-boxed elementor-section-height-default elementor-section-height-default\" data-id=\"de81235\" data-element_type=\"section\">\n\t\t\t\t\t\t<div class=\"elementor-container elementor-column-gap-no\">\n\t\t\t\t\t<div class=\"elementor-column elementor-col-100 elementor-inner-column elementor-element elementor-element-93871b2\" data-id=\"93871b2\" data-element_type=\"column\">\n\t\t\t<div class=\"elementor-widget-wrap elementor-element-populated\">\n\t\t\t\t\t\t\t\t<div class=\"elementor-element elementor-element-5acff4a back_title elementor-widget elementor-widget-heading\" data-id=\"5acff4a\" data-element_type=\"widget\" data-widget_type=\"heading.default\">\n\t\t\t\t<div class=\"elementor-widget-container\">\n\t\t\t<h3 class=\"elementor-heading-title elementor-size-default\">Digital Art Centre<\/h3>\t\t<\/div>\n\t\t\t\t<\/div>\n\t\t\t\t<div class=\"elementor-element elementor-element-5cc4dcf elementor-widget elementor-widget-text-editor\" data-id=\"5cc4dcf\" data-element_type=\"widget\" data-widget_type=\"text-editor.default\">\n\t\t\t\t<div class=\"elementor-widget-container\">\n\t\t\t<style>\/*! elementor - v3.15.0 - 20-08-2023 *\/\n.elementor-widget-text-editor.elementor-drop-cap-view-stacked .elementor-drop-cap{background-color:#69727d;color:#fff}.elementor-widget-text-editor.elementor-drop-cap-view-framed .elementor-drop-cap{color:#69727d;border:3px solid;background-color:transparent}.elementor-widget-text-editor:not(.elementor-drop-cap-view-default) .elementor-drop-cap{margin-top:8px}.elementor-widget-text-editor:not(.elementor-drop-cap-view-default) .elementor-drop-cap-letter{width:1em;height:1em}.elementor-widget-text-editor .elementor-drop-cap{float:left;text-align:center;line-height:1;font-size:50px}.elementor-widget-text-editor .elementor-drop-cap-letter{display:inline-block}<\/style>\t\t\t\t<p>Espa\u00e7o dotado de equipamentos onde jovens criativos e empreendedores podem criar, investigar e experienciar. Procuramos que a cria\u00e7\u00e3o d\u00ea lugar \u00e0 partilha de conhecimentos e interesses.<\/p>\t\t\t\t\t\t<\/div>\n\t\t\t\t<\/div>\n\t\t\t\t\t<\/div>\n\t\t<\/div>\n\t\t\t\t\t\t\t<\/div>\n\t\t<\/section>\n\t\t\t\t\t<\/div>\n\t\t<\/div>\n\t\t\t\t\t\t\t<\/div>\n\t\t<\/section>\n\t\t\t\t<section class=\"elementor-section elementor-top-section elementor-element elementor-element-2e42b6b elementor-section-boxed elementor-section-height-default elementor-section-height-default\" data-id=\"2e42b6b\" data-element_type=\"section\">\n\t\t\t\t\t\t<div class=\"elementor-container elementor-column-gap-no\">\n\t\t\t\t\t<div class=\"elementor-column elementor-col-100 elementor-top-column elementor-element elementor-element-c49b7a7\" data-id=\"c49b7a7\" data-element_type=\"column\">\n\t\t\t<div class=\"elementor-widget-wrap elementor-element-populated\">\n\t\t\t\t\t\t\t\t<section class=\"elementor-section elementor-inner-section elementor-element elementor-element-2e5ef62 fixed_width_section elementor-section-boxed elementor-section-height-default elementor-section-height-default\" data-id=\"2e5ef62\" data-element_type=\"section\">\n\t\t\t\t\t\t<div class=\"elementor-container elementor-column-gap-no\">\n\t\t\t\t\t<div class=\"elementor-column elementor-col-100 elementor-inner-column elementor-element elementor-element-af0c2ec\" data-id=\"af0c2ec\" data-element_type=\"column\">\n\t\t\t<div class=\"elementor-widget-wrap elementor-element-populated\">\n\t\t\t\t\t\t\t\t<div class=\"elementor-element elementor-element-4cfe561 back_title elementor-widget elementor-widget-heading\" data-id=\"4cfe561\" data-element_type=\"widget\" data-widget_type=\"heading.default\">\n\t\t\t\t<div class=\"elementor-widget-container\">\n\t\t\t<h3 class=\"elementor-heading-title elementor-size-default\">Magellan Centre<\/h3>\t\t<\/div>\n\t\t\t\t<\/div>\n\t\t\t\t\t<\/div>\n\t\t<\/div>\n\t\t\t\t\t\t\t<\/div>\n\t\t<\/section>\n\t\t\t\t<section class=\"elementor-section elementor-inner-section elementor-element elementor-element-814e9f6 fixed_width_section elementor-section-boxed elementor-section-height-default elementor-section-height-default\" data-id=\"814e9f6\" data-element_type=\"section\">\n\t\t\t\t\t\t<div class=\"elementor-container elementor-column-gap-no\">\n\t\t\t\t\t<div class=\"elementor-column elementor-col-50 elementor-inner-column elementor-element elementor-element-29315d9 zig_zag_text_col zigzag_text\" data-id=\"29315d9\" data-element_type=\"column\" data-settings=\"{&quot;background_background&quot;:&quot;classic&quot;}\">\n\t\t\t<div class=\"elementor-widget-wrap elementor-element-populated\">\n\t\t\t\t\t\t\t\t<div class=\"elementor-element elementor-element-b945574 elementor-widget elementor-widget-heading\" data-id=\"b945574\" data-element_type=\"widget\" data-widget_type=\"heading.default\">\n\t\t\t\t<div class=\"elementor-widget-container\">\n\t\t\t<h4 class=\"elementor-heading-title elementor-size-default\">Presentation<\/h4>\t\t<\/div>\n\t\t\t\t<\/div>\n\t\t\t\t<div class=\"elementor-element elementor-element-58ba986 hover_link_text_bold elementor-widget elementor-widget-text-editor\" data-id=\"58ba986\" data-element_type=\"widget\" data-widget_type=\"text-editor.default\">\n\t\t\t\t<div class=\"elementor-widget-container\">\n\t\t\t\t\t\t\t<p>Tendo beneficiado de financiamento comunit\u00e1rio do programa POCTEP, e tendo estado envolvido num projeto de coopera\u00e7\u00e3o abrangendo as regi\u00f5es do Alentejo e Andaluzia, com outros 9 parceiros, dedicado \u00e0s ind\u00fastrias culturais e criativas, o Museu Zer0 teve oportunidade de reabilitar alguns dos seus espa\u00e7os para os dedicar \u00e0 aprendizagem, cria\u00e7\u00e3o e produ\u00e7\u00e3o art\u00edstica, constituindo assim um dos 3 Centros Magalh\u00e3es existentes em cada uma das regi\u00f5es, este dedicado em exclusivo \u00e0 arte digital.<\/p>\t\t\t\t\t\t<\/div>\n\t\t\t\t<\/div>\n\t\t\t\t<div class=\"elementor-element elementor-element-0f43279 elementor-widget elementor-widget-image\" data-id=\"0f43279\" data-element_type=\"widget\" data-widget_type=\"image.default\">\n\t\t\t\t<div class=\"elementor-widget-container\">\n\t\t\t<style>\/*! elementor - v3.15.0 - 20-08-2023 *\/\n.elementor-widget-image{text-align:center}.elementor-widget-image a{display:inline-block}.elementor-widget-image a img[src$=\".svg\"]{width:48px}.elementor-widget-image img{vertical-align:middle;display:inline-block}<\/style>\t\t\t\t\t\t\t\t\t\t\t\t<img decoding=\"async\" loading=\"lazy\" width=\"1040\" height=\"155\" src=\"https:\/\/www.museu0.pt\/wp-content\/uploads\/2023\/12\/maga_logos_v2.png\" class=\"attachment-full size-full wp-image-5007\" alt=\"\" srcset=\"https:\/\/www.museu0.pt\/wp-content\/uploads\/2023\/12\/maga_logos_v2.png 1040w, https:\/\/www.museu0.pt\/wp-content\/uploads\/2023\/12\/maga_logos_v2-300x45.png 300w, https:\/\/www.museu0.pt\/wp-content\/uploads\/2023\/12\/maga_logos_v2-1024x153.png 1024w, https:\/\/www.museu0.pt\/wp-content\/uploads\/2023\/12\/maga_logos_v2-768x114.png 768w\" sizes=\"(max-width: 1040px) 100vw, 1040px\" \/>\t\t\t\t\t\t\t\t\t\t\t\t\t\t\t<\/div>\n\t\t\t\t<\/div>\n\t\t\t\t\t<\/div>\n\t\t<\/div>\n\t\t\t\t<div class=\"elementor-column elementor-col-50 elementor-inner-column elementor-element elementor-element-42e8078\" data-id=\"42e8078\" data-element_type=\"column\">\n\t\t\t<div class=\"elementor-widget-wrap elementor-element-populated\">\n\t\t\t\t\t\t\t\t<div class=\"elementor-element elementor-element-2f950f6 gallery-spacing-custom stacked_img elementor-widget elementor-widget-image-gallery\" data-id=\"2f950f6\" data-element_type=\"widget\" data-widget_type=\"image-gallery.default\">\n\t\t\t\t<div class=\"elementor-widget-container\">\n\t\t\t<style>\/*! elementor - v3.15.0 - 20-08-2023 *\/\n.elementor-image-gallery .gallery-item{display:inline-block;text-align:center;vertical-align:top;width:100%;max-width:100%;margin:0 auto}.elementor-image-gallery .gallery-item img{margin:0 auto}.elementor-image-gallery .gallery-item .gallery-caption{margin:0}.elementor-image-gallery figure img{display:block}.elementor-image-gallery figure figcaption{width:100%}.gallery-spacing-custom .elementor-image-gallery .gallery-icon{padding:0}@media (min-width:768px){.elementor-image-gallery .gallery-columns-2 .gallery-item{max-width:50%}.elementor-image-gallery .gallery-columns-3 .gallery-item{max-width:33.33%}.elementor-image-gallery .gallery-columns-4 .gallery-item{max-width:25%}.elementor-image-gallery .gallery-columns-5 .gallery-item{max-width:20%}.elementor-image-gallery .gallery-columns-6 .gallery-item{max-width:16.666%}.elementor-image-gallery .gallery-columns-7 .gallery-item{max-width:14.28%}.elementor-image-gallery .gallery-columns-8 .gallery-item{max-width:12.5%}.elementor-image-gallery .gallery-columns-9 .gallery-item{max-width:11.11%}.elementor-image-gallery .gallery-columns-10 .gallery-item{max-width:10%}}@media (min-width:480px) and (max-width:767px){.elementor-image-gallery .gallery.gallery-columns-2 .gallery-item,.elementor-image-gallery .gallery.gallery-columns-3 .gallery-item,.elementor-image-gallery .gallery.gallery-columns-4 .gallery-item,.elementor-image-gallery .gallery.gallery-columns-5 .gallery-item,.elementor-image-gallery .gallery.gallery-columns-6 .gallery-item,.elementor-image-gallery .gallery.gallery-columns-7 .gallery-item,.elementor-image-gallery .gallery.gallery-columns-8 .gallery-item,.elementor-image-gallery .gallery.gallery-columns-9 .gallery-item,.elementor-image-gallery .gallery.gallery-columns-10 .gallery-item{max-width:50%}}@media (max-width:479px){.elementor-image-gallery .gallery.gallery-columns-2 .gallery-item,.elementor-image-gallery .gallery.gallery-columns-3 .gallery-item,.elementor-image-gallery .gallery.gallery-columns-4 .gallery-item,.elementor-image-gallery .gallery.gallery-columns-5 .gallery-item,.elementor-image-gallery .gallery.gallery-columns-6 .gallery-item,.elementor-image-gallery .gallery.gallery-columns-7 .gallery-item,.elementor-image-gallery .gallery.gallery-columns-8 .gallery-item,.elementor-image-gallery .gallery.gallery-columns-9 .gallery-item,.elementor-image-gallery .gallery.gallery-columns-10 .gallery-item{max-width:100%}}<\/style>\t\t<div class=\"elementor-image-gallery\">\n\t\t\t<div id='gallery-1' class='gallery galleryid-4989 gallery-columns-1 gallery-size-full'><figure class='gallery-item'>\n\t\t\t<div class='gallery-icon portrait'>\n\t\t\t\t<img width=\"605\" height=\"729\" src=\"https:\/\/www.museu0.pt\/wp-content\/uploads\/2023\/12\/maga_01.jpg\" class=\"attachment-full size-full\" alt=\"\" decoding=\"async\" loading=\"lazy\" srcset=\"https:\/\/www.museu0.pt\/wp-content\/uploads\/2023\/12\/maga_01.jpg 605w, https:\/\/www.museu0.pt\/wp-content\/uploads\/2023\/12\/maga_01-249x300.jpg 249w\" sizes=\"(max-width: 605px) 100vw, 605px\" \/>\n\t\t\t<\/div><\/figure><figure class='gallery-item'>\n\t\t\t<div class='gallery-icon portrait'>\n\t\t\t\t<img width=\"605\" height=\"729\" src=\"https:\/\/www.museu0.pt\/wp-content\/uploads\/2023\/12\/maga_02.jpg\" class=\"attachment-full size-full\" alt=\"\" decoding=\"async\" loading=\"lazy\" srcset=\"https:\/\/www.museu0.pt\/wp-content\/uploads\/2023\/12\/maga_02.jpg 605w, https:\/\/www.museu0.pt\/wp-content\/uploads\/2023\/12\/maga_02-249x300.jpg 249w\" sizes=\"(max-width: 605px) 100vw, 605px\" \/>\n\t\t\t<\/div><\/figure>\n\t\t<\/div>\n\t\t<\/div>\n\t\t\t\t<\/div>\n\t\t\t\t<\/div>\n\t\t\t\t\t<\/div>\n\t\t<\/div>\n\t\t\t\t\t\t\t<\/div>\n\t\t<\/section>\n\t\t\t\t\t<\/div>\n\t\t<\/div>\n\t\t\t\t\t\t\t<\/div>\n\t\t<\/section>\n\t\t\t\t<section class=\"elementor-section elementor-top-section elementor-element elementor-element-707dd98 elementor-section-boxed elementor-section-height-default elementor-section-height-default\" data-id=\"707dd98\" data-element_type=\"section\">\n\t\t\t\t\t\t<div class=\"elementor-container elementor-column-gap-no\">\n\t\t\t\t\t<div class=\"elementor-column elementor-col-100 elementor-top-column elementor-element elementor-element-f1c6f94\" data-id=\"f1c6f94\" data-element_type=\"column\">\n\t\t\t<div class=\"elementor-widget-wrap elementor-element-populated\">\n\t\t\t\t\t\t\t\t<section class=\"elementor-section elementor-inner-section elementor-element elementor-element-bc41ca1 fixed_width_section elementor-section-boxed elementor-section-height-default elementor-section-height-default\" data-id=\"bc41ca1\" data-element_type=\"section\">\n\t\t\t\t\t\t<div class=\"elementor-container elementor-column-gap-no\">\n\t\t\t\t\t<div class=\"elementor-column elementor-col-100 elementor-inner-column elementor-element elementor-element-2e76e44\" data-id=\"2e76e44\" data-element_type=\"column\">\n\t\t\t<div class=\"elementor-widget-wrap elementor-element-populated\">\n\t\t\t\t\t\t\t\t<div class=\"elementor-element elementor-element-793634a back_title elementor-widget elementor-widget-heading\" data-id=\"793634a\" data-element_type=\"widget\" data-widget_type=\"heading.default\">\n\t\t\t\t<div class=\"elementor-widget-container\">\n\t\t\t<h3 class=\"elementor-heading-title elementor-size-default\">Services offered<\/h3>\t\t<\/div>\n\t\t\t\t<\/div>\n\t\t\t\t\t<\/div>\n\t\t<\/div>\n\t\t\t\t\t\t\t<\/div>\n\t\t<\/section>\n\t\t\t\t<section class=\"elementor-section elementor-inner-section elementor-element elementor-element-175dc9c elementor-section-boxed elementor-section-height-default elementor-section-height-default\" data-id=\"175dc9c\" data-element_type=\"section\">\n\t\t\t\t\t\t<div class=\"elementor-container elementor-column-gap-no\">\n\t\t\t\t\t<div class=\"elementor-column elementor-col-50 elementor-inner-column elementor-element elementor-element-f974179\" data-id=\"f974179\" data-element_type=\"column\">\n\t\t\t<div class=\"elementor-widget-wrap elementor-element-populated\">\n\t\t\t\t\t\t\t\t<div class=\"elementor-element elementor-element-e4ff674 elementor-widget__width-initial elementor-widget-tablet__width-initial elementor-widget-mobile__width-initial elementor-widget elementor-widget-text-editor\" data-id=\"e4ff674\" data-element_type=\"widget\" data-widget_type=\"text-editor.default\">\n\t\t\t\t<div class=\"elementor-widget-container\">\n\t\t\t\t\t\t\t<p>Dando a conhecer a arte digital, procuramos n\u00e3o s\u00f3 sensibilizar toda a comunidade escolar e criativa para as artes e para a cultura, no seu papel de apoio \u00e0 cria\u00e7\u00e3o art\u00edstica.<\/p><p>\u00a0<\/p>\t\t\t\t\t\t<\/div>\n\t\t\t\t<\/div>\n\t\t\t\t<div class=\"elementor-element elementor-element-266ec9e elementor-widget__width-initial elementor-widget-tablet__width-initial elementor-widget-mobile__width-initial elementor-widget elementor-widget-text-editor\" data-id=\"266ec9e\" data-element_type=\"widget\" data-widget_type=\"text-editor.default\">\n\t\t\t\t<div class=\"elementor-widget-container\">\n\t\t\t\t\t\t\t<p>Nas suas instala\u00e7\u00f5es, em Santa Catarina da Fonte do Bispo, o Museu Zer0 disponibiliza espa\u00e7os e equipamentos dedicados ao tratamento de dados, imagens e sonoridades, bem como a realiza\u00e7\u00e3o de\u00a0<\/p>\t\t\t\t\t\t<\/div>\n\t\t\t\t<\/div>\n\t\t\t\t\t<\/div>\n\t\t<\/div>\n\t\t\t\t<div class=\"elementor-column elementor-col-50 elementor-inner-column elementor-element elementor-element-33c6d42\" data-id=\"33c6d42\" data-element_type=\"column\">\n\t\t\t<div class=\"elementor-widget-wrap elementor-element-populated\">\n\t\t\t\t\t\t\t\t<div class=\"elementor-element elementor-element-ae14bd4 elementor-widget__width-initial elementor-widget-tablet__width-initial elementor-widget-mobile__width-initial elementor-widget elementor-widget-text-editor\" data-id=\"ae14bd4\" data-element_type=\"widget\" data-widget_type=\"text-editor.default\">\n\t\t\t\t<div class=\"elementor-widget-container\">\n\t\t\t\t\t\t\t<p>apresenta\u00e7\u00f5es, workshops e semin\u00e1rios, e ainda de forma\u00e7\u00f5es em empreendedorismo, tutoria e curadoria art\u00edstica, procurando estimular e facilitar novas aprendizagens e apostas profissionais por parte dos talentos captados.<\/p>\t\t\t\t\t\t<\/div>\n\t\t\t\t<\/div>\n\t\t\t\t\t<\/div>\n\t\t<\/div>\n\t\t\t\t\t\t\t<\/div>\n\t\t<\/section>\n\t\t\t\t<section class=\"elementor-section elementor-inner-section elementor-element elementor-element-255f312 fixed_width_section elementor-section-boxed elementor-section-height-default elementor-section-height-default\" data-id=\"255f312\" data-element_type=\"section\">\n\t\t\t\t\t\t<div class=\"elementor-container elementor-column-gap-no\">\n\t\t\t\t\t<div class=\"elementor-column elementor-col-100 elementor-inner-column elementor-element elementor-element-f0f4a1a\" data-id=\"f0f4a1a\" data-element_type=\"column\">\n\t\t\t<div class=\"elementor-widget-wrap elementor-element-populated\">\n\t\t\t\t\t\t\t\t<div class=\"elementor-element elementor-element-3d9e3be logo_carousel big_logos elementor-widget__width-initial elementor-widget-tablet__width-inherit elementor-widget-mobile__width-initial elementor-skin-carousel elementor-widget elementor-widget-media-carousel\" data-id=\"3d9e3be\" data-element_type=\"widget\" data-settings=\"{&quot;slides_per_view&quot;:&quot;3&quot;,&quot;slides_to_scroll&quot;:&quot;1&quot;,&quot;autoplay_speed&quot;:4000,&quot;space_between&quot;:{&quot;unit&quot;:&quot;px&quot;,&quot;size&quot;:25,&quot;sizes&quot;:[]},&quot;slides_per_view_tablet&quot;:&quot;3&quot;,&quot;slides_to_scroll_tablet&quot;:&quot;1&quot;,&quot;space_between_tablet&quot;:{&quot;unit&quot;:&quot;px&quot;,&quot;size&quot;:25,&quot;sizes&quot;:[]},&quot;slides_per_view_mobile&quot;:&quot;2&quot;,&quot;slides_to_scroll_mobile&quot;:&quot;1&quot;,&quot;space_between_mobile&quot;:{&quot;unit&quot;:&quot;px&quot;,&quot;size&quot;:20,&quot;sizes&quot;:[]},&quot;lazyload&quot;:&quot;yes&quot;,&quot;skin&quot;:&quot;carousel&quot;,&quot;effect&quot;:&quot;slide&quot;,&quot;speed&quot;:500,&quot;autoplay&quot;:&quot;yes&quot;,&quot;loop&quot;:&quot;yes&quot;}\" data-widget_type=\"media-carousel.default\">\n\t\t\t\t<div class=\"elementor-widget-container\">\n\t\t\t<link rel=\"stylesheet\" href=\"https:\/\/www.museu0.pt\/wp-content\/plugins\/elementor-pro\/assets\/css\/widget-carousel.min.css\">\t\t<div class=\"elementor-swiper\">\n\t\t\t<div class=\"elementor-main-swiper swiper\">\n\t\t\t\t<div class=\"swiper-wrapper\">\n\t\t\t\t\t\t\t\t\t\t\t<div class=\"swiper-slide\">\n\t\t\t\t\t\t\t\t\t<div class=\"elementor-carousel-image swiper-lazy\" role=\"img\" aria-label=\"schools_01\" data-background=\"https:\/\/www.museu0.pt\/wp-content\/uploads\/2023\/12\/escolas_01.jpg\">\n\n\t\t\t\t\t\t\t<div class=\"swiper-lazy-preloader\"><\/div>\n\t\t\t\n\t\t\t\t\t<\/div>\n\t\t\t\t\t\t\t\t<\/div>\n\t\t\t\t\t\t\t\t\t\t\t<div class=\"swiper-slide\">\n\t\t\t\t\t\t\t\t\t<div class=\"elementor-carousel-image swiper-lazy\" role=\"img\" aria-label=\"schools_02\" data-background=\"https:\/\/www.museu0.pt\/wp-content\/uploads\/2023\/12\/escolas_02.jpg\">\n\n\t\t\t\t\t\t\t<div class=\"swiper-lazy-preloader\"><\/div>\n\t\t\t\n\t\t\t\t\t<\/div>\n\t\t\t\t\t\t\t\t<\/div>\n\t\t\t\t\t\t\t\t\t\t\t<div class=\"swiper-slide\">\n\t\t\t\t\t\t\t\t\t<div class=\"elementor-carousel-image swiper-lazy\" role=\"img\" aria-label=\"schools_03\" data-background=\"https:\/\/www.museu0.pt\/wp-content\/uploads\/2023\/12\/escolas_03.jpg\">\n\n\t\t\t\t\t\t\t<div class=\"swiper-lazy-preloader\"><\/div>\n\t\t\t\n\t\t\t\t\t<\/div>\n\t\t\t\t\t\t\t\t<\/div>\n\t\t\t\t\t\t\t\t\t<\/div>\n\t\t\t\t\t\t\t\t\t\t\t\t\t\t\t\t\t\t\t\t\t<\/div>\n\t\t<\/div>\n\t\t\t\t<\/div>\n\t\t\t\t<\/div>\n\t\t\t\t\t<\/div>\n\t\t<\/div>\n\t\t\t\t\t\t\t<\/div>\n\t\t<\/section>\n\t\t\t\t\t<\/div>\n\t\t<\/div>\n\t\t\t\t\t\t\t<\/div>\n\t\t<\/section>\n\t\t\t\t<section class=\"elementor-section elementor-top-section elementor-element elementor-element-4b34bd2 elementor-section-boxed elementor-section-height-default elementor-section-height-default\" data-id=\"4b34bd2\" data-element_type=\"section\">\n\t\t\t\t\t\t<div class=\"elementor-container elementor-column-gap-no\">\n\t\t\t\t\t<div class=\"elementor-column elementor-col-100 elementor-top-column elementor-element elementor-element-2719ee7\" data-id=\"2719ee7\" data-element_type=\"column\">\n\t\t\t<div class=\"elementor-widget-wrap elementor-element-populated\">\n\t\t\t\t\t\t\t\t<section class=\"elementor-section elementor-inner-section elementor-element elementor-element-6ce188d fixed_width_section elementor-section-boxed elementor-section-height-default elementor-section-height-default\" data-id=\"6ce188d\" data-element_type=\"section\">\n\t\t\t\t\t\t<div class=\"elementor-container elementor-column-gap-no\">\n\t\t\t\t\t<div class=\"elementor-column elementor-col-100 elementor-inner-column elementor-element elementor-element-f1cf5df\" data-id=\"f1cf5df\" data-element_type=\"column\">\n\t\t\t<div class=\"elementor-widget-wrap elementor-element-populated\">\n\t\t\t\t\t\t\t\t<div class=\"elementor-element elementor-element-d7d89b8 back_title elementor-widget elementor-widget-heading\" data-id=\"d7d89b8\" data-element_type=\"widget\" data-widget_type=\"heading.default\">\n\t\t\t\t<div class=\"elementor-widget-container\">\n\t\t\t<h3 class=\"elementor-heading-title elementor-size-default\">Welcoming Creatives<\/h3>\t\t<\/div>\n\t\t\t\t<\/div>\n\t\t\t\t\t<\/div>\n\t\t<\/div>\n\t\t\t\t\t\t\t<\/div>\n\t\t<\/section>\n\t\t\t\t<section class=\"elementor-section elementor-inner-section elementor-element elementor-element-fa40b63 fixed_width_section elementor-section-boxed elementor-section-height-default elementor-section-height-default\" data-id=\"fa40b63\" data-element_type=\"section\">\n\t\t\t\t\t\t<div class=\"elementor-container elementor-column-gap-no\">\n\t\t\t\t\t<div class=\"elementor-column elementor-col-100 elementor-inner-column elementor-element elementor-element-61deaaa\" data-id=\"61deaaa\" data-element_type=\"column\" data-settings=\"{&quot;background_background&quot;:&quot;classic&quot;}\">\n\t\t\t<div class=\"elementor-widget-wrap elementor-element-populated\">\n\t\t\t\t\t\t\t\t<div class=\"elementor-element elementor-element-86e77b1 elementor-widget elementor-widget-heading\" data-id=\"86e77b1\" data-element_type=\"widget\" data-widget_type=\"heading.default\">\n\t\t\t\t<div class=\"elementor-widget-container\">\n\t\t\t<h5 class=\"elementor-heading-title elementor-size-default\">Supporting Talents<\/h5>\t\t<\/div>\n\t\t\t\t<\/div>\n\t\t\t\t<div class=\"elementor-element elementor-element-d0b72a3 hover_link_text_bold elementor-widget elementor-widget-text-editor\" data-id=\"d0b72a3\" data-element_type=\"widget\" data-widget_type=\"text-editor.default\">\n\t\t\t\t<div class=\"elementor-widget-container\">\n\t\t\t\t\t\t\t<p>Nas suas instala\u00e7\u00f5es, por via dos programas e projetos que conseguir captar, e tirando tamb\u00e9m tirando partido da exist\u00eancia de espa\u00e7os para a estadia de artistas e criativos em resid\u00eancia, o Museu Zer0 promove a atra\u00e7\u00e3o e fixa\u00e7\u00e3o no interior da regi\u00e3o Algarvia, de novos talentos, atrav\u00e9s de programas e projetos em rede.<\/p>\t\t\t\t\t\t<\/div>\n\t\t\t\t<\/div>\n\t\t\t\t\t<\/div>\n\t\t<\/div>\n\t\t\t\t\t\t\t<\/div>\n\t\t<\/section>\n\t\t\t\t\t<\/div>\n\t\t<\/div>\n\t\t\t\t\t\t\t<\/div>\n\t\t<\/section>\n\t\t\t\t<section class=\"elementor-section elementor-top-section elementor-element elementor-element-f7c5811 elementor-section-boxed elementor-section-height-default elementor-section-height-default\" data-id=\"f7c5811\" data-element_type=\"section\">\n\t\t\t\t\t\t<div class=\"elementor-container elementor-column-gap-no\">\n\t\t\t\t\t<div class=\"elementor-column elementor-col-100 elementor-top-column elementor-element elementor-element-cdf1723\" data-id=\"cdf1723\" data-element_type=\"column\">\n\t\t\t<div class=\"elementor-widget-wrap elementor-element-populated\">\n\t\t\t\t\t\t\t\t<section class=\"elementor-section elementor-inner-section elementor-element elementor-element-65018d4 fixed_width_section elementor-section-boxed elementor-section-height-default elementor-section-height-default\" data-id=\"65018d4\" data-element_type=\"section\">\n\t\t\t\t\t\t<div class=\"elementor-container elementor-column-gap-no\">\n\t\t\t\t\t<div class=\"elementor-column elementor-col-100 elementor-inner-column elementor-element elementor-element-b61f5fd\" data-id=\"b61f5fd\" data-element_type=\"column\">\n\t\t\t<div class=\"elementor-widget-wrap elementor-element-populated\">\n\t\t\t\t\t\t\t\t<div class=\"elementor-element elementor-element-ab1ee13 back_title elementor-widget elementor-widget-heading\" data-id=\"ab1ee13\" data-element_type=\"widget\" data-widget_type=\"heading.default\">\n\t\t\t\t<div class=\"elementor-widget-container\">\n\t\t\t<h3 class=\"elementor-heading-title elementor-size-default\">Activities and Initiatives<\/h3>\t\t<\/div>\n\t\t\t\t<\/div>\n\t\t\t\t\t<\/div>\n\t\t<\/div>\n\t\t\t\t\t\t\t<\/div>\n\t\t<\/section>\n\t\t\t\t<section class=\"elementor-section elementor-inner-section elementor-element elementor-element-a4482c4 elementor-section-boxed elementor-section-height-default elementor-section-height-default\" data-id=\"a4482c4\" data-element_type=\"section\">\n\t\t\t\t\t\t<div class=\"elementor-container elementor-column-gap-no\">\n\t\t\t\t\t<div class=\"elementor-column elementor-col-50 elementor-inner-column elementor-element elementor-element-95b1bde\" data-id=\"95b1bde\" data-element_type=\"column\">\n\t\t\t<div class=\"elementor-widget-wrap elementor-element-populated\">\n\t\t\t\t\t\t\t\t<div class=\"elementor-element elementor-element-d9d8261 elementor-widget__width-initial elementor-widget-tablet__width-initial elementor-widget-mobile__width-initial elementor-widget elementor-widget-text-editor\" data-id=\"d9d8261\" data-element_type=\"widget\" data-widget_type=\"text-editor.default\">\n\t\t\t\t<div class=\"elementor-widget-container\">\n\t\t\t\t\t\t\t<p>O Museu Zer0 procurar\u00e1 a realizar de forma regular atividades formativas de novos talentos, projetos de cria\u00e7\u00e3o art\u00edstica, exposi\u00e7\u00f5es e eventos, nas suas instala\u00e7\u00f5es, tendo em vista aqui criar um ecossistema de inova\u00e7\u00e3o e cria\u00e7\u00e3o cultural em arte digital, no interior do Algarve, beneficiando de todo o seu ambiente paisag\u00edstico e natural, bem como de toda a sua riqueza humana e patrimonial.<\/p>\t\t\t\t\t\t<\/div>\n\t\t\t\t<\/div>\n\t\t\t\t\t<\/div>\n\t\t<\/div>\n\t\t\t\t<div class=\"elementor-column elementor-col-50 elementor-inner-column elementor-element elementor-element-f52e18a\" data-id=\"f52e18a\" data-element_type=\"column\">\n\t\t\t<div class=\"elementor-widget-wrap elementor-element-populated\">\n\t\t\t\t\t\t\t\t<div class=\"elementor-element elementor-element-2703e91 elementor-widget__width-initial elementor-widget-tablet__width-initial elementor-widget-mobile__width-initial elementor-widget elementor-widget-text-editor\" data-id=\"2703e91\" data-element_type=\"widget\" data-widget_type=\"text-editor.default\">\n\t\t\t\t<div class=\"elementor-widget-container\">\n\t\t\t\t\t\t\t<p>Atrav\u00e9s de um relacionamento pr\u00f3ximo com empresas algarvias da \u00e1rea das tecnologias da informa\u00e7\u00e3o, e associa\u00e7\u00f5es culturais, o Museu Zer0 tem desenvolvido contactos junto dessas entidades, bem como com os artistas e empreendedores para os apoiar no dom\u00ednio das \u00e1reas criativas digitais, de modo a suscitar cruzamentos de oportunidades, tanto no uso das novas tecnologias na produ\u00e7\u00e3o art\u00edstica, como na cria\u00e7\u00e3o de solu\u00e7\u00f5es de conte\u00fados e outros sub-projetos.<\/p>\t\t\t\t\t\t<\/div>\n\t\t\t\t<\/div>\n\t\t\t\t\t<\/div>\n\t\t<\/div>\n\t\t\t\t\t\t\t<\/div>\n\t\t<\/section>\n\t\t\t\t<section class=\"elementor-section elementor-inner-section elementor-element elementor-element-acd690b fixed_width_section elementor-section-boxed elementor-section-height-default elementor-section-height-default\" data-id=\"acd690b\" data-element_type=\"section\">\n\t\t\t\t\t\t<div class=\"elementor-container elementor-column-gap-no\">\n\t\t\t\t\t<div class=\"elementor-column elementor-col-100 elementor-inner-column elementor-element elementor-element-2615381\" data-id=\"2615381\" data-element_type=\"column\">\n\t\t\t<div class=\"elementor-widget-wrap elementor-element-populated\">\n\t\t\t\t\t\t\t\t<div class=\"elementor-element elementor-element-d43cb2e elementor-cta--layout-image-right elementor-cta--valign-middle home_zig_zags elementor-cta--tablet-layout-image-right elementor-cta--skin-classic elementor-animated-content elementor-widget elementor-widget-call-to-action\" data-id=\"d43cb2e\" data-element_type=\"widget\" data-widget_type=\"call-to-action.default\">\n\t\t\t\t<div class=\"elementor-widget-container\">\n\t\t\t<link rel=\"stylesheet\" href=\"https:\/\/www.museu0.pt\/wp-content\/plugins\/elementor-pro\/assets\/css\/widget-call-to-action.min.css\">\t\t<div class=\"elementor-cta\">\n\t\t\t\t\t<div class=\"elementor-cta__bg-wrapper\">\n\t\t\t\t<div class=\"elementor-cta__bg elementor-bg\" style=\"background-image: url(https:\/\/www.museu0.pt\/wp-content\/uploads\/2023\/11\/home_pub.jpg);\" role=\"img\" aria-label=\"home_pub\"><\/div>\n\t\t\t\t<div class=\"elementor-cta__bg-overlay\"><\/div>\n\t\t\t<\/div>\n\t\t\t\t\t\t\t<div class=\"elementor-cta__content\">\n\t\t\t\t\n\t\t\t\t\t\t\t\t\t<h4 class=\"elementor-cta__title elementor-cta__content-item elementor-content-item\">\n\t\t\t\t\t\tArtistic creation\t\t\t\t\t<\/h4>\n\t\t\t\t\n\t\t\t\t\t\t\t\t\t<div class=\"elementor-cta__description elementor-cta__content-item elementor-content-item\">\n\t\t\t\t\t\tAcolhemos projetos individuais ou coletivos de aprendizagem e experimenta\u00e7\u00e3o art\u00edstica, mas priorizamos as iniciativas que se destinem \u00e0 cria\u00e7\u00e3o de obras em arte digital, com o compromisso de poderem ser apresentadas nas nossas instala\u00e7\u00f5es e eventos de produ\u00e7\u00e3o cultural.\t\t\t\t\t<\/div>\n\t\t\t\t\n\t\t\t\t\t\t\t<\/div>\n\t\t\t\t\t\t<\/div>\n\t\t\t\t<\/div>\n\t\t\t\t<\/div>\n\t\t\t\t<div class=\"elementor-element elementor-element-ad484f6 elementor-cta--layout-image-left elementor-cta--valign-middle home_zig_zags elementor-cta--tablet-layout-image-right elementor-cta--skin-classic elementor-animated-content elementor-widget elementor-widget-call-to-action\" data-id=\"ad484f6\" data-element_type=\"widget\" data-widget_type=\"call-to-action.default\">\n\t\t\t\t<div class=\"elementor-widget-container\">\n\t\t\t\t\t<div class=\"elementor-cta\">\n\t\t\t\t\t<div class=\"elementor-cta__bg-wrapper\">\n\t\t\t\t<div class=\"elementor-cta__bg elementor-bg\" style=\"background-image: url(https:\/\/www.museu0.pt\/wp-content\/uploads\/2023\/11\/home_pub.jpg);\" role=\"img\" aria-label=\"home_pub\"><\/div>\n\t\t\t\t<div class=\"elementor-cta__bg-overlay\"><\/div>\n\t\t\t<\/div>\n\t\t\t\t\t\t\t<div class=\"elementor-cta__content\">\n\t\t\t\t\n\t\t\t\t\t\t\t\t\t<h4 class=\"elementor-cta__title elementor-cta__content-item elementor-content-item\">\n\t\t\t\t\t\tiLab for digital art\t\t\t\t\t<\/h4>\n\t\t\t\t\n\t\t\t\t\t\t\t\t\t<div class=\"elementor-cta__description elementor-cta__content-item elementor-content-item\">\n\t\t\t\t\t\tMuseu Zer0 \/\/ Centro de Arte Digital est\u00e1 dotado de equipamentos destinados ao desenvolvimento do conhecimento e de atividades criativas mediante a utiliza\u00e7\u00e3o de diversas tipologias de dispositivos e solu\u00e7\u00f5es tecnol\u00f3gicas.\t\t\t\t\t<\/div>\n\t\t\t\t\n\t\t\t\t\t\t\t<\/div>\n\t\t\t\t\t\t<\/div>\n\t\t\t\t<\/div>\n\t\t\t\t<\/div>\n\t\t\t\t\t<\/div>\n\t\t<\/div>\n\t\t\t\t\t\t\t<\/div>\n\t\t<\/section>\n\t\t\t\t\t<\/div>\n\t\t<\/div>\n\t\t\t\t\t\t\t<\/div>\n\t\t<\/section>\n\t\t\t\t\t\t\t<\/div>","protected":false},"excerpt":{"rendered":"<p>Apoiando a cria\u00e7\u00e3o art\u00edstica Centro de Experimenta\u00e7\u00e3o e Cria\u00e7\u00e3o Art\u00edstica Centro de Arte Digital Espa\u00e7o dotado de equipamentos onde jovens criativos e empreendedores podem criar, investigar e experienciar. Procuramos que a cria\u00e7\u00e3o d\u00ea lugar \u00e0 partilha de conhecimentos e interesses. Centro Magalh\u00e3es Apresenta\u00e7\u00e3o Tendo beneficiado de financiamento comunit\u00e1rio do programa POCTEP, e tendo estado envolvido [&hellip;]<\/p>","protected":false},"author":3,"featured_media":3007,"parent":0,"menu_order":0,"comment_status":"closed","ping_status":"closed","template":"elementor_header_footer","meta":{"footnotes":""},"yoast_head":"<!-- This site is optimized with the Yoast SEO Premium plugin v20.5 (Yoast SEO v20.9) - https:\/\/yoast.com\/wordpress\/plugins\/seo\/ -->\n<title>Museu Zer0 - Descubra a Arte Digital<\/title>\n<meta name=\"description\" content=\"Museu Zer0 - Centro de Arte Digital. Programando iniciativas, apresentando, divulgando, e apoiando a cria\u00e7\u00e3o art\u00edstica digital.\" \/>\n<meta name=\"robots\" content=\"index, follow, max-snippet:-1, max-image-preview:large, max-video-preview:-1\" \/>\n<link rel=\"canonical\" href=\"https:\/\/www.museu0.pt\/en\/artistic-experimentation-and-creation-centre\/\" \/>\n<meta property=\"og:locale\" content=\"en_GB\" \/>\n<meta property=\"og:type\" content=\"article\" \/>\n<meta property=\"og:title\" content=\"Centro de Experimenta\u00e7\u00e3o e Cria\u00e7\u00e3o Art\u00edstica\" \/>\n<meta property=\"og:description\" content=\"Museu Zer0 - Centro de Arte Digital. Programando iniciativas, apresentando, divulgando, e apoiando a cria\u00e7\u00e3o art\u00edstica digital.\" \/>\n<meta property=\"og:url\" content=\"https:\/\/www.museu0.pt\/en\/artistic-experimentation-and-creation-centre\/\" \/>\n<meta property=\"og:site_name\" content=\"Museu0\" \/>\n<meta property=\"article:modified_time\" content=\"2025-11-12T15:12:01+00:00\" \/>\n<meta property=\"og:image\" content=\"https:\/\/www.museu0.pt\/wp-content\/uploads\/2023\/11\/museu0_thumbnail.png\" \/>\n\t<meta property=\"og:image:width\" content=\"260\" \/>\n\t<meta property=\"og:image:height\" content=\"260\" \/>\n\t<meta property=\"og:image:type\" content=\"image\/png\" \/>\n<meta name=\"twitter:card\" content=\"summary_large_image\" \/>\n<meta name=\"twitter:label1\" content=\"Est. reading time\" \/>\n\t<meta name=\"twitter:data1\" content=\"4 minutes\" \/>\n<script type=\"application\/ld+json\" class=\"yoast-schema-graph\">{\"@context\":\"https:\/\/schema.org\",\"@graph\":[{\"@type\":\"WebPage\",\"@id\":\"https:\/\/www.museu0.pt\/centro-de-experimentacao-e-criacao-artistica\/\",\"url\":\"https:\/\/www.museu0.pt\/centro-de-experimentacao-e-criacao-artistica\/\",\"name\":\"Museu Zer0 - Descubra a Arte Digital\",\"isPartOf\":{\"@id\":\"https:\/\/www.museu0.pt\/#website\"},\"datePublished\":\"2023-12-19T02:28:39+00:00\",\"dateModified\":\"2025-11-12T15:12:01+00:00\",\"description\":\"Museu Zer0 - Centro de Arte Digital. Programando iniciativas, apresentando, divulgando, e apoiando a cria\u00e7\u00e3o art\u00edstica digital.\",\"breadcrumb\":{\"@id\":\"https:\/\/www.museu0.pt\/centro-de-experimentacao-e-criacao-artistica\/#breadcrumb\"},\"inLanguage\":\"en-GB\",\"potentialAction\":[{\"@type\":\"ReadAction\",\"target\":[\"https:\/\/www.museu0.pt\/centro-de-experimentacao-e-criacao-artistica\/\"]}]},{\"@type\":\"BreadcrumbList\",\"@id\":\"https:\/\/www.museu0.pt\/centro-de-experimentacao-e-criacao-artistica\/#breadcrumb\",\"itemListElement\":[{\"@type\":\"ListItem\",\"position\":1,\"name\":\"Home\",\"item\":\"https:\/\/www.museu0.pt\/pt\/\"},{\"@type\":\"ListItem\",\"position\":2,\"name\":\"Centro de Experimenta\u00e7\u00e3o e Cria\u00e7\u00e3o Art\u00edstica\"}]},{\"@type\":\"WebSite\",\"@id\":\"https:\/\/www.museu0.pt\/#website\",\"url\":\"https:\/\/www.museu0.pt\/\",\"name\":\"Museu0\",\"description\":\"Centro de Arte Digital\",\"publisher\":{\"@id\":\"https:\/\/www.museu0.pt\/#organization\"},\"potentialAction\":[{\"@type\":\"SearchAction\",\"target\":{\"@type\":\"EntryPoint\",\"urlTemplate\":\"https:\/\/www.museu0.pt\/?s={search_term_string}\"},\"query-input\":\"required name=search_term_string\"}],\"inLanguage\":\"en-GB\"},{\"@type\":\"Organization\",\"@id\":\"https:\/\/www.museu0.pt\/#organization\",\"name\":\"Museu0\",\"url\":\"https:\/\/www.museu0.pt\/\",\"logo\":{\"@type\":\"ImageObject\",\"inLanguage\":\"en-GB\",\"@id\":\"https:\/\/www.museu0.pt\/#\/schema\/logo\/image\/\",\"url\":\"https:\/\/www.museu0.pt\/wp-content\/uploads\/2023\/11\/museu0_logo_big.png\",\"contentUrl\":\"https:\/\/www.museu0.pt\/wp-content\/uploads\/2023\/11\/museu0_logo_big.png\",\"width\":1100,\"height\":1100,\"caption\":\"Museu0\"},\"image\":{\"@id\":\"https:\/\/www.museu0.pt\/#\/schema\/logo\/image\/\"}}]}<\/script>\n<!-- \/ Yoast SEO Premium plugin. -->","yoast_head_json":{"title":"Museu Zer0 - Descubra a Arte Digital","description":"Museu Zer0 - Centro de Arte Digital. Programando iniciativas, apresentando, divulgando, e apoiando a cria\u00e7\u00e3o art\u00edstica digital.","robots":{"index":"index","follow":"follow","max-snippet":"max-snippet:-1","max-image-preview":"max-image-preview:large","max-video-preview":"max-video-preview:-1"},"canonical":"https:\/\/www.museu0.pt\/en\/artistic-experimentation-and-creation-centre\/","og_locale":"en_GB","og_type":"article","og_title":"Centro de Experimenta\u00e7\u00e3o e Cria\u00e7\u00e3o Art\u00edstica","og_description":"Museu Zer0 - Centro de Arte Digital. Programando iniciativas, apresentando, divulgando, e apoiando a cria\u00e7\u00e3o art\u00edstica digital.","og_url":"https:\/\/www.museu0.pt\/en\/artistic-experimentation-and-creation-centre\/","og_site_name":"Museu0","article_modified_time":"2025-11-12T15:12:01+00:00","og_image":[{"width":260,"height":260,"url":"https:\/\/www.museu0.pt\/wp-content\/uploads\/2023\/11\/museu0_thumbnail.png","type":"image\/png"}],"twitter_card":"summary_large_image","twitter_misc":{"Est. reading time":"4 minutes"},"schema":{"@context":"https:\/\/schema.org","@graph":[{"@type":"WebPage","@id":"https:\/\/www.museu0.pt\/centro-de-experimentacao-e-criacao-artistica\/","url":"https:\/\/www.museu0.pt\/centro-de-experimentacao-e-criacao-artistica\/","name":"Museu Zer0 - Descubra a Arte Digital","isPartOf":{"@id":"https:\/\/www.museu0.pt\/#website"},"datePublished":"2023-12-19T02:28:39+00:00","dateModified":"2025-11-12T15:12:01+00:00","description":"Museu Zer0 - Centro de Arte Digital. Programando iniciativas, apresentando, divulgando, e apoiando a cria\u00e7\u00e3o art\u00edstica digital.","breadcrumb":{"@id":"https:\/\/www.museu0.pt\/centro-de-experimentacao-e-criacao-artistica\/#breadcrumb"},"inLanguage":"en-GB","potentialAction":[{"@type":"ReadAction","target":["https:\/\/www.museu0.pt\/centro-de-experimentacao-e-criacao-artistica\/"]}]},{"@type":"BreadcrumbList","@id":"https:\/\/www.museu0.pt\/centro-de-experimentacao-e-criacao-artistica\/#breadcrumb","itemListElement":[{"@type":"ListItem","position":1,"name":"Home","item":"https:\/\/www.museu0.pt\/pt\/"},{"@type":"ListItem","position":2,"name":"Centro de Experimenta\u00e7\u00e3o e Cria\u00e7\u00e3o Art\u00edstica"}]},{"@type":"WebSite","@id":"https:\/\/www.museu0.pt\/#website","url":"https:\/\/www.museu0.pt\/","name":"Museu0","description":"Centro de Arte Digital","publisher":{"@id":"https:\/\/www.museu0.pt\/#organization"},"potentialAction":[{"@type":"SearchAction","target":{"@type":"EntryPoint","urlTemplate":"https:\/\/www.museu0.pt\/?s={search_term_string}"},"query-input":"required name=search_term_string"}],"inLanguage":"en-GB"},{"@type":"Organization","@id":"https:\/\/www.museu0.pt\/#organization","name":"Museu0","url":"https:\/\/www.museu0.pt\/","logo":{"@type":"ImageObject","inLanguage":"en-GB","@id":"https:\/\/www.museu0.pt\/#\/schema\/logo\/image\/","url":"https:\/\/www.museu0.pt\/wp-content\/uploads\/2023\/11\/museu0_logo_big.png","contentUrl":"https:\/\/www.museu0.pt\/wp-content\/uploads\/2023\/11\/museu0_logo_big.png","width":1100,"height":1100,"caption":"Museu0"},"image":{"@id":"https:\/\/www.museu0.pt\/#\/schema\/logo\/image\/"}}]}},"_links":{"self":[{"href":"https:\/\/www.museu0.pt\/en\/wp-json\/wp\/v2\/pages\/4989"}],"collection":[{"href":"https:\/\/www.museu0.pt\/en\/wp-json\/wp\/v2\/pages"}],"about":[{"href":"https:\/\/www.museu0.pt\/en\/wp-json\/wp\/v2\/types\/page"}],"author":[{"embeddable":true,"href":"https:\/\/www.museu0.pt\/en\/wp-json\/wp\/v2\/users\/3"}],"replies":[{"embeddable":true,"href":"https:\/\/www.museu0.pt\/en\/wp-json\/wp\/v2\/comments?post=4989"}],"version-history":[{"count":20,"href":"https:\/\/www.museu0.pt\/en\/wp-json\/wp\/v2\/pages\/4989\/revisions"}],"predecessor-version":[{"id":6108,"href":"https:\/\/www.museu0.pt\/en\/wp-json\/wp\/v2\/pages\/4989\/revisions\/6108"}],"wp:featuredmedia":[{"embeddable":true,"href":"https:\/\/www.museu0.pt\/en\/wp-json\/wp\/v2\/media\/3007"}],"wp:attachment":[{"href":"https:\/\/www.museu0.pt\/en\/wp-json\/wp\/v2\/media?parent=4989"}],"curies":[{"name":"wp","href":"https:\/\/api.w.org\/{rel}","templated":true}]}}