{"id":5827,"date":"2024-12-04T14:40:00","date_gmt":"2024-12-04T14:40:00","guid":{"rendered":"https:\/\/www.museu0.pt\/?post_type=evento&#038;p=5827"},"modified":"2024-12-10T15:04:16","modified_gmt":"2024-12-10T15:04:16","slug":"paisagens-eletr0nicas","status":"publish","type":"evento","link":"https:\/\/www.museu0.pt\/es\/evento\/paisagens-eletr0nicas\/","title":{"rendered":"Paisagens Eletr0nicas"},"content":{"rendered":"<p>Rock da Baixa Mar, en colaboraci\u00f3n con la Casa do Povo de Santa Catarina da Fonte do Bispo, LAC y Museu Zer0, presenta el ciclo de conciertos Paisagens Eletr0nicas.<br>Los artistas Andr\u00e9 Conde, Mpex y Tom\u00e1s Tello presentar\u00e1n m\u00fasica electr\u00f3nica contemplativa y experimental, a menudo apoyada en instrumentos anal\u00f3gicos, produciendo sonidos originales e inolvidables.<\/p>\n\n\n\n<p><strong>Andr\u00e9 Conde<\/strong><\/p>\n\n\n\n<p>Doctorado en M\u00fasica y Musicolog\u00eda, especialidad Interpretaci\u00f3n (Universidad de \u00c9vora), M\u00e1ster en Interpretaci\u00f3n Orquestal - tromb\u00f3n (Universidad de las Artes de Z\u00farich), M\u00e1ster en Interpretaci\u00f3n Solista - tromb\u00f3n (Universidad de las Artes de Z\u00farich), t\u00edtulo bi-tapical de Instrumentista de Orquesta (Academia Nacional Superior de Orquesta).<br>Experiencia con la Orquesta de la \u00d3pera de Z\u00farich; Orquesta Filarm\u00f3nica de Malasia; Tonhalle Orchester Z\u00fcrich; Orquesta Gullbenkian, Orquesta Metropolitana de Lisboa; Orquestra Sinf\u00f3nica do Porto - Casa da M\u00fasica; Orquestra Sinfonietta de Lisboa; Orquestra Cl\u00e1ssica do Sul; entre otras.<br>Es profesor de tromb\u00f3n y m\u00fasica de c\u00e1mara en la Universidad de \u00c9vora desde 2017, y tambi\u00e9n ha ense\u00f1ado tromb\u00f3n y m\u00fasica de c\u00e1mara en varias instituciones a lo largo de los a\u00f1os, como la Academia Nacional Superior de Orquestra, la Escola de M\u00fasica do Conservat\u00f3rio Nacional, entre otras.<br>Ha realizado residencias art\u00edsticas promovidas por el Plan Nacional de las Artes en los campos de la m\u00fasica, las artes y la tecnolog\u00eda.<\/p>\n\n\n\n<p><strong>M-PeX<\/strong><\/p>\n\n\n\n<p>M-PeX es un m\u00fasico multiinstrumentista, compositor, dise\u00f1ador sonoro y productor cuya identidad musical se caracteriza por la guitarra portuguesa como instrumento solista en diversos entornos sonoros, incluida la m\u00fasica electr\u00f3nica. Sus creaciones buscan modernizar y globalizar este instrumento tradicional de la cultura portuguesa, culminando en una confluencia musical audaz e innovadora.<\/p>\n\n\n\n<p>Nacido en Lisboa, Marco Pinheiro Miranda comenz\u00f3 a tocar la guitarra de fado a una edad temprana con su abuelo Lu\u00eds Pinheiro, maestro de la guitarra portuguesa, acompa\u00f1\u00e1ndole en numerosas casas de fado y eventos privados. Poco despu\u00e9s, su abuelo le regal\u00f3 su primera guitarra portuguesa y le transmiti\u00f3 la t\u00e9cnica, la escuela y los m\u00e9todos. Entusiasmado por la producci\u00f3n de m\u00fasica electr\u00f3nica, y neg\u00e1ndose a confinar la guitarra portuguesa al universo del fado, en 1999 adopt\u00f3 el nombre art\u00edstico de M-PeX, creando un sonido en el que combina la guitarra portuguesa con este segmento musical. Como ingeniero f\u00edsico, y en paralelo a su actividad art\u00edstica, se dedica a la investigaci\u00f3n cient\u00edfica sobre el efecto de la m\u00fasica y el sonido en las ondas cerebrales humanas, con \u00e1reas de inter\u00e9s en la computaci\u00f3n sonido-m\u00fasica, sonificaci\u00f3n y composici\u00f3n musical generativa, procesamiento de se\u00f1ales, interfaces cerebro-m\u00e1quina, mapeo EEG, sonificaci\u00f3n EEG y otras (bio)se\u00f1ales. Tambi\u00e9n se dedica a la composici\u00f3n y producci\u00f3n de bandas sonoras originales (autor\u00eda y coautor\u00eda), as\u00ed como a la concesi\u00f3n de licencias, arreglos, remezclas, dise\u00f1o sonoro, edici\u00f3n, producci\u00f3n y postproducci\u00f3n de audio para cine, televisi\u00f3n, teatro, web, videojuegos y radio, as\u00ed como a la grabaci\u00f3n, mezcla y masterizaci\u00f3n. Sus \u00e1lbumes m\u00e1s recientes - CYNETIK-1 (2023) y LIVRE (2024) - fueron publicados por Enough Records como parte de la residencia art\u00edstica PRALAC en LAC. En directo, se acompa\u00f1a de su guitarra portuguesa, pedales de efectos y ordenador, actuando en solitario y a veces con invitados.<\/p>\n\n\n\n<p>ENLACES<\/p>\n\n\n\n<p>Enlace: bit.ly\/m\/m-pex<br>Kit de promoci\u00f3n (PDF): bit.ly\/mpex-promo-es<br>Dise\u00f1o de sonido (PDF): bit.ly\/mpex-sound-es<br>mpex.bandcamp.com\/<br>instagram.com\/mpex_music\/<\/p>\n\n\n\n<p><strong>Tom\u00e1s Tello<\/strong><br>Su obra se inspira profundamente en formas musicales antiguas y sonidos ambientales. Tambi\u00e9n le interesan las posibilidades de multiplicaci\u00f3n de un m\u00fasico. Para lograr esta multiplicidad utiliza un variado conjunto de instrumentos que incluyen D.I.Y. electr\u00f3nico, walkmans de casete, dispositivos de interferencia, guitarras, samplers, voces, flautas, campanas, etc. Su intenci\u00f3n es expresar inquietud por la contemplaci\u00f3n, la paciencia y por establecer una relaci\u00f3n estrecha, c\u00e1lida y fruct\u00edfera con los sonidos que nos rodean.<\/p>\n\n\n\n<p><br><\/p>","protected":false},"excerpt":{"rendered":"<p>Paisagens Eletr0nicas<\/p>","protected":false},"author":1,"featured_media":5830,"menu_order":0,"template":"","meta":[],"categories":[17],"yoast_head":"<!-- This site is optimized with the Yoast SEO Premium plugin v20.5 (Yoast SEO v20.9) - https:\/\/yoast.com\/wordpress\/plugins\/seo\/ -->\n<title>Museu Zer0 - Descubra a Arte Digital<\/title>\n<meta name=\"description\" content=\"Museu Zer0 - Centro de Arte Digital. Programando iniciativas, apresentando, divulgando, e apoiando a cria\u00e7\u00e3o art\u00edstica digital.\" \/>\n<meta name=\"robots\" content=\"index, follow, max-snippet:-1, max-image-preview:large, max-video-preview:-1\" \/>\n<link rel=\"canonical\" href=\"https:\/\/www.museu0.pt\/es\/evento\/paisagens-eletr0nicas\/\" \/>\n<meta property=\"og:locale\" content=\"es_ES\" \/>\n<meta property=\"og:type\" content=\"article\" \/>\n<meta property=\"og:title\" content=\"Paisagens Eletr0nicas\" \/>\n<meta property=\"og:description\" content=\"Museu Zer0 - Centro de Arte Digital. Programando iniciativas, apresentando, divulgando, e apoiando a cria\u00e7\u00e3o art\u00edstica digital.\" \/>\n<meta property=\"og:url\" content=\"https:\/\/www.museu0.pt\/es\/evento\/paisagens-eletr0nicas\/\" \/>\n<meta property=\"og:site_name\" content=\"Museu0\" \/>\n<meta property=\"article:modified_time\" content=\"2024-12-10T15:04:16+00:00\" \/>\n<meta property=\"og:image\" content=\"https:\/\/www.museu0.pt\/wp-content\/uploads\/2024\/12\/Picture1-1024x575.png\" \/>\n\t<meta property=\"og:image:width\" content=\"1024\" \/>\n\t<meta property=\"og:image:height\" content=\"575\" \/>\n\t<meta property=\"og:image:type\" content=\"image\/png\" \/>\n<meta name=\"twitter:card\" content=\"summary_large_image\" \/>\n<meta name=\"twitter:label1\" content=\"Est. reading time\" \/>\n\t<meta name=\"twitter:data1\" content=\"4 minutos\" \/>\n<script type=\"application\/ld+json\" class=\"yoast-schema-graph\">{\"@context\":\"https:\/\/schema.org\",\"@graph\":[{\"@type\":\"WebPage\",\"@id\":\"https:\/\/www.museu0.pt\/evento\/paisagens-eletr0nicas\/\",\"url\":\"https:\/\/www.museu0.pt\/evento\/paisagens-eletr0nicas\/\",\"name\":\"Museu Zer0 - Descubra a Arte Digital\",\"isPartOf\":{\"@id\":\"https:\/\/www.museu0.pt\/#website\"},\"datePublished\":\"2024-12-04T14:40:00+00:00\",\"dateModified\":\"2024-12-10T15:04:16+00:00\",\"description\":\"Museu Zer0 - Centro de Arte Digital. Programando iniciativas, apresentando, divulgando, e apoiando a cria\u00e7\u00e3o art\u00edstica digital.\",\"breadcrumb\":{\"@id\":\"https:\/\/www.museu0.pt\/evento\/paisagens-eletr0nicas\/#breadcrumb\"},\"inLanguage\":\"es\",\"potentialAction\":[{\"@type\":\"ReadAction\",\"target\":[\"https:\/\/www.museu0.pt\/evento\/paisagens-eletr0nicas\/\"]}]},{\"@type\":\"BreadcrumbList\",\"@id\":\"https:\/\/www.museu0.pt\/evento\/paisagens-eletr0nicas\/#breadcrumb\",\"itemListElement\":[{\"@type\":\"ListItem\",\"position\":1,\"name\":\"Home\",\"item\":\"https:\/\/www.museu0.pt\/pt\/\"},{\"@type\":\"ListItem\",\"position\":2,\"name\":\"Eventos\",\"item\":\"https:\/\/www.museu0.pt\/?post_type=evento\"},{\"@type\":\"ListItem\",\"position\":3,\"name\":\"Paisagens Eletr0nicas\"}]},{\"@type\":\"WebSite\",\"@id\":\"https:\/\/www.museu0.pt\/#website\",\"url\":\"https:\/\/www.museu0.pt\/\",\"name\":\"Museu0\",\"description\":\"Centro de Arte Digital\",\"publisher\":{\"@id\":\"https:\/\/www.museu0.pt\/#organization\"},\"potentialAction\":[{\"@type\":\"SearchAction\",\"target\":{\"@type\":\"EntryPoint\",\"urlTemplate\":\"https:\/\/www.museu0.pt\/?s={search_term_string}\"},\"query-input\":\"required name=search_term_string\"}],\"inLanguage\":\"es\"},{\"@type\":\"Organization\",\"@id\":\"https:\/\/www.museu0.pt\/#organization\",\"name\":\"Museu0\",\"url\":\"https:\/\/www.museu0.pt\/\",\"logo\":{\"@type\":\"ImageObject\",\"inLanguage\":\"es\",\"@id\":\"https:\/\/www.museu0.pt\/#\/schema\/logo\/image\/\",\"url\":\"https:\/\/www.museu0.pt\/wp-content\/uploads\/2023\/11\/museu0_logo_big.png\",\"contentUrl\":\"https:\/\/www.museu0.pt\/wp-content\/uploads\/2023\/11\/museu0_logo_big.png\",\"width\":1100,\"height\":1100,\"caption\":\"Museu0\"},\"image\":{\"@id\":\"https:\/\/www.museu0.pt\/#\/schema\/logo\/image\/\"}}]}<\/script>\n<!-- \/ Yoast SEO Premium plugin. -->","yoast_head_json":{"title":"Museu Zer0 - Descubra a Arte Digital","description":"Museu Zer0 - Centro de Arte Digital. Programando iniciativas, apresentando, divulgando, e apoiando a cria\u00e7\u00e3o art\u00edstica digital.","robots":{"index":"index","follow":"follow","max-snippet":"max-snippet:-1","max-image-preview":"max-image-preview:large","max-video-preview":"max-video-preview:-1"},"canonical":"https:\/\/www.museu0.pt\/es\/evento\/paisagens-eletr0nicas\/","og_locale":"es_ES","og_type":"article","og_title":"Paisagens Eletr0nicas","og_description":"Museu Zer0 - Centro de Arte Digital. Programando iniciativas, apresentando, divulgando, e apoiando a cria\u00e7\u00e3o art\u00edstica digital.","og_url":"https:\/\/www.museu0.pt\/es\/evento\/paisagens-eletr0nicas\/","og_site_name":"Museu0","article_modified_time":"2024-12-10T15:04:16+00:00","og_image":[{"width":1024,"height":575,"url":"https:\/\/www.museu0.pt\/wp-content\/uploads\/2024\/12\/Picture1-1024x575.png","type":"image\/png"}],"twitter_card":"summary_large_image","twitter_misc":{"Est. reading time":"4 minutos"},"schema":{"@context":"https:\/\/schema.org","@graph":[{"@type":"WebPage","@id":"https:\/\/www.museu0.pt\/evento\/paisagens-eletr0nicas\/","url":"https:\/\/www.museu0.pt\/evento\/paisagens-eletr0nicas\/","name":"Museu Zer0 - Descubra a Arte Digital","isPartOf":{"@id":"https:\/\/www.museu0.pt\/#website"},"datePublished":"2024-12-04T14:40:00+00:00","dateModified":"2024-12-10T15:04:16+00:00","description":"Museu Zer0 - Centro de Arte Digital. Programando iniciativas, apresentando, divulgando, e apoiando a cria\u00e7\u00e3o art\u00edstica digital.","breadcrumb":{"@id":"https:\/\/www.museu0.pt\/evento\/paisagens-eletr0nicas\/#breadcrumb"},"inLanguage":"es","potentialAction":[{"@type":"ReadAction","target":["https:\/\/www.museu0.pt\/evento\/paisagens-eletr0nicas\/"]}]},{"@type":"BreadcrumbList","@id":"https:\/\/www.museu0.pt\/evento\/paisagens-eletr0nicas\/#breadcrumb","itemListElement":[{"@type":"ListItem","position":1,"name":"Home","item":"https:\/\/www.museu0.pt\/pt\/"},{"@type":"ListItem","position":2,"name":"Eventos","item":"https:\/\/www.museu0.pt\/?post_type=evento"},{"@type":"ListItem","position":3,"name":"Paisagens Eletr0nicas"}]},{"@type":"WebSite","@id":"https:\/\/www.museu0.pt\/#website","url":"https:\/\/www.museu0.pt\/","name":"Museu0","description":"Centro de Arte Digital","publisher":{"@id":"https:\/\/www.museu0.pt\/#organization"},"potentialAction":[{"@type":"SearchAction","target":{"@type":"EntryPoint","urlTemplate":"https:\/\/www.museu0.pt\/?s={search_term_string}"},"query-input":"required name=search_term_string"}],"inLanguage":"es"},{"@type":"Organization","@id":"https:\/\/www.museu0.pt\/#organization","name":"Museu0","url":"https:\/\/www.museu0.pt\/","logo":{"@type":"ImageObject","inLanguage":"es","@id":"https:\/\/www.museu0.pt\/#\/schema\/logo\/image\/","url":"https:\/\/www.museu0.pt\/wp-content\/uploads\/2023\/11\/museu0_logo_big.png","contentUrl":"https:\/\/www.museu0.pt\/wp-content\/uploads\/2023\/11\/museu0_logo_big.png","width":1100,"height":1100,"caption":"Museu0"},"image":{"@id":"https:\/\/www.museu0.pt\/#\/schema\/logo\/image\/"}}]}},"_links":{"self":[{"href":"https:\/\/www.museu0.pt\/es\/wp-json\/wp\/v2\/evento\/5827"}],"collection":[{"href":"https:\/\/www.museu0.pt\/es\/wp-json\/wp\/v2\/evento"}],"about":[{"href":"https:\/\/www.museu0.pt\/es\/wp-json\/wp\/v2\/types\/evento"}],"author":[{"embeddable":true,"href":"https:\/\/www.museu0.pt\/es\/wp-json\/wp\/v2\/users\/1"}],"version-history":[{"count":3,"href":"https:\/\/www.museu0.pt\/es\/wp-json\/wp\/v2\/evento\/5827\/revisions"}],"predecessor-version":[{"id":5831,"href":"https:\/\/www.museu0.pt\/es\/wp-json\/wp\/v2\/evento\/5827\/revisions\/5831"}],"wp:featuredmedia":[{"embeddable":true,"href":"https:\/\/www.museu0.pt\/es\/wp-json\/wp\/v2\/media\/5830"}],"wp:attachment":[{"href":"https:\/\/www.museu0.pt\/es\/wp-json\/wp\/v2\/media?parent=5827"}],"wp:term":[{"taxonomy":"category","embeddable":true,"href":"https:\/\/www.museu0.pt\/es\/wp-json\/wp\/v2\/categories?post=5827"}],"curies":[{"name":"wp","href":"https:\/\/api.w.org\/{rel}","templated":true}]}}