{"id":5986,"date":"2025-09-18T16:51:33","date_gmt":"2025-09-18T16:51:33","guid":{"rendered":"https:\/\/www.museu0.pt\/?post_type=evento&#038;p=5986"},"modified":"2025-10-28T06:25:03","modified_gmt":"2025-10-28T06:25:03","slug":"luis-fernandes-em-residencia-artistica","status":"publish","type":"evento","link":"https:\/\/www.museu0.pt\/es\/evento\/luis-fernandes-em-residencia-artistica\/","title":{"rendered":"Lu\u00eds Fernandes en residencia art\u00edstica"},"content":{"rendered":"<p>Como m\u00fasico, ha trabajado en solitario y como miembro de m\u00faltiples proyectos, habiendo participado en 60 grabaciones hasta la fecha. Es miembro fundador de la banda peixe : avi\u00e3o, mentor de los proyectos The Astroboy y Landforms, miembro del colectivo La La Ressonance y del d\u00fao Palmer Eldritch. Desde 2014 tiene un d\u00fao con la pianista Joana Gama con la que ha colaborado con Ricardo Jacinto, Jos\u00e9 Alberto Gomes, Drumming GP, Orquestra Metropolitana y Orquestra de Guimar\u00e3es.<\/p>\n\n\n\n<p>En 2018 desarroll\u00f3 el proyecto \"Speaking of Chance\", explorando la aleatoriedad controlada en sistemas de s\u00edntesis modular junto a Andr\u00e9 Gon\u00e7alves y Lloyd Cole. Colabor\u00f3 con Rodrigo Le\u00e3o en la composici\u00f3n, interpretaci\u00f3n y producci\u00f3n de la obra C\u00e9rebro: Mais Vasto que o C\u00e9u, encargada por la Fundaci\u00f3n Calouste Gulbenkian, y con Maria Jo\u00e3o en la producci\u00f3n del disco \"Abund\u00e2ncia\".<\/p>\n\n\n\n<p>Su obra se extiende a la composici\u00f3n de m\u00fasica para teatro, danza, cine, v\u00eddeo e instalaciones, como la pel\u00edcula Mahjong, de Jo\u00e3o Pedro Rodrigues y Jo\u00e3o Rui Guerra da Mata, presentada en los Festivales de Cannes y Locarno, la exposici\u00f3n Porto Poetic, en homenaje a los arquitectos \u00c1lvaro Siza y Eduardo Souto Moura, en la Triennale di Milano, y las obras de teatro \"Os Tr\u00eas Irm\u00e3os\" y \"Corpo Clandestino\", de Victor Hugo Pontes.<\/p>\n\n\n\n<p>Durante tres d\u00edas, llev\u00e9 a cabo una residencia art\u00edstica para finalizar la pieza Aural Device #2, encargada por el Museo Zer0. Durante este periodo, se prob\u00f3 la implementaci\u00f3n de esta obra generativa in situ, as\u00ed como la forma en que se ver\u00e1 influida por el ecosistema aural de Santa Catarina de Fonte do Bispo y las resonancias ac\u00fasticas del Museo Zer0.<\/p>","protected":false},"excerpt":{"rendered":"<p>Oficina Viva: Artistas en residencia<\/p>","protected":false},"author":3,"featured_media":5947,"menu_order":0,"template":"","meta":[],"categories":[17],"yoast_head":"<!-- This site is optimized with the Yoast SEO Premium plugin v20.5 (Yoast SEO v20.9) - https:\/\/yoast.com\/wordpress\/plugins\/seo\/ -->\n<title>Museu Zer0 - Descubra a Arte Digital<\/title>\n<meta name=\"description\" content=\"Museu Zer0 - Centro de Arte Digital. Programando iniciativas, apresentando, divulgando, e apoiando a cria\u00e7\u00e3o art\u00edstica digital.\" \/>\n<meta name=\"robots\" content=\"index, follow, max-snippet:-1, max-image-preview:large, max-video-preview:-1\" \/>\n<link rel=\"canonical\" href=\"https:\/\/www.museu0.pt\/es\/evento\/luis-fernandes-em-residencia-artistica\/\" \/>\n<meta property=\"og:locale\" content=\"es_ES\" \/>\n<meta property=\"og:type\" content=\"article\" \/>\n<meta property=\"og:title\" content=\"Lu\u00eds Fernandes em Resid\u00eancia Art\u00edstica\" \/>\n<meta property=\"og:description\" content=\"Museu Zer0 - Centro de Arte Digital. Programando iniciativas, apresentando, divulgando, e apoiando a cria\u00e7\u00e3o art\u00edstica digital.\" \/>\n<meta property=\"og:url\" content=\"https:\/\/www.museu0.pt\/es\/evento\/luis-fernandes-em-residencia-artistica\/\" \/>\n<meta property=\"og:site_name\" content=\"Museu0\" \/>\n<meta property=\"article:modified_time\" content=\"2025-10-28T06:25:03+00:00\" \/>\n<meta property=\"og:image\" content=\"https:\/\/www.museu0.pt\/wp-content\/uploads\/2025\/09\/Luis-Fernandes.webp\" \/>\n\t<meta property=\"og:image:width\" content=\"528\" \/>\n\t<meta property=\"og:image:height\" content=\"400\" \/>\n\t<meta property=\"og:image:type\" content=\"image\/webp\" \/>\n<meta name=\"twitter:card\" content=\"summary_large_image\" \/>\n<meta name=\"twitter:label1\" content=\"Est. reading time\" \/>\n\t<meta name=\"twitter:data1\" content=\"2 minutos\" \/>\n<script type=\"application\/ld+json\" class=\"yoast-schema-graph\">{\"@context\":\"https:\/\/schema.org\",\"@graph\":[{\"@type\":\"WebPage\",\"@id\":\"https:\/\/www.museu0.pt\/evento\/luis-fernandes-em-residencia-artistica\/\",\"url\":\"https:\/\/www.museu0.pt\/evento\/luis-fernandes-em-residencia-artistica\/\",\"name\":\"Museu Zer0 - Descubra a Arte Digital\",\"isPartOf\":{\"@id\":\"https:\/\/www.museu0.pt\/#website\"},\"datePublished\":\"2025-09-18T16:51:33+00:00\",\"dateModified\":\"2025-10-28T06:25:03+00:00\",\"description\":\"Museu Zer0 - Centro de Arte Digital. Programando iniciativas, apresentando, divulgando, e apoiando a cria\u00e7\u00e3o art\u00edstica digital.\",\"breadcrumb\":{\"@id\":\"https:\/\/www.museu0.pt\/evento\/luis-fernandes-em-residencia-artistica\/#breadcrumb\"},\"inLanguage\":\"es\",\"potentialAction\":[{\"@type\":\"ReadAction\",\"target\":[\"https:\/\/www.museu0.pt\/evento\/luis-fernandes-em-residencia-artistica\/\"]}]},{\"@type\":\"BreadcrumbList\",\"@id\":\"https:\/\/www.museu0.pt\/evento\/luis-fernandes-em-residencia-artistica\/#breadcrumb\",\"itemListElement\":[{\"@type\":\"ListItem\",\"position\":1,\"name\":\"Home\",\"item\":\"https:\/\/www.museu0.pt\/pt\/\"},{\"@type\":\"ListItem\",\"position\":2,\"name\":\"Eventos\",\"item\":\"https:\/\/www.museu0.pt\/?post_type=evento\"},{\"@type\":\"ListItem\",\"position\":3,\"name\":\"Lu\u00eds Fernandes em Resid\u00eancia Art\u00edstica\"}]},{\"@type\":\"WebSite\",\"@id\":\"https:\/\/www.museu0.pt\/#website\",\"url\":\"https:\/\/www.museu0.pt\/\",\"name\":\"Museu0\",\"description\":\"Centro de Arte Digital\",\"publisher\":{\"@id\":\"https:\/\/www.museu0.pt\/#organization\"},\"potentialAction\":[{\"@type\":\"SearchAction\",\"target\":{\"@type\":\"EntryPoint\",\"urlTemplate\":\"https:\/\/www.museu0.pt\/?s={search_term_string}\"},\"query-input\":\"required name=search_term_string\"}],\"inLanguage\":\"es\"},{\"@type\":\"Organization\",\"@id\":\"https:\/\/www.museu0.pt\/#organization\",\"name\":\"Museu0\",\"url\":\"https:\/\/www.museu0.pt\/\",\"logo\":{\"@type\":\"ImageObject\",\"inLanguage\":\"es\",\"@id\":\"https:\/\/www.museu0.pt\/#\/schema\/logo\/image\/\",\"url\":\"https:\/\/www.museu0.pt\/wp-content\/uploads\/2023\/11\/museu0_logo_big.png\",\"contentUrl\":\"https:\/\/www.museu0.pt\/wp-content\/uploads\/2023\/11\/museu0_logo_big.png\",\"width\":1100,\"height\":1100,\"caption\":\"Museu0\"},\"image\":{\"@id\":\"https:\/\/www.museu0.pt\/#\/schema\/logo\/image\/\"}}]}<\/script>\n<!-- \/ Yoast SEO Premium plugin. -->","yoast_head_json":{"title":"Museu Zer0 - Descubra a Arte Digital","description":"Museu Zer0 - Centro de Arte Digital. Programando iniciativas, apresentando, divulgando, e apoiando a cria\u00e7\u00e3o art\u00edstica digital.","robots":{"index":"index","follow":"follow","max-snippet":"max-snippet:-1","max-image-preview":"max-image-preview:large","max-video-preview":"max-video-preview:-1"},"canonical":"https:\/\/www.museu0.pt\/es\/evento\/luis-fernandes-em-residencia-artistica\/","og_locale":"es_ES","og_type":"article","og_title":"Lu\u00eds Fernandes em Resid\u00eancia Art\u00edstica","og_description":"Museu Zer0 - Centro de Arte Digital. Programando iniciativas, apresentando, divulgando, e apoiando a cria\u00e7\u00e3o art\u00edstica digital.","og_url":"https:\/\/www.museu0.pt\/es\/evento\/luis-fernandes-em-residencia-artistica\/","og_site_name":"Museu0","article_modified_time":"2025-10-28T06:25:03+00:00","og_image":[{"width":528,"height":400,"url":"https:\/\/www.museu0.pt\/wp-content\/uploads\/2025\/09\/Luis-Fernandes.webp","type":"image\/webp"}],"twitter_card":"summary_large_image","twitter_misc":{"Est. reading time":"2 minutos"},"schema":{"@context":"https:\/\/schema.org","@graph":[{"@type":"WebPage","@id":"https:\/\/www.museu0.pt\/evento\/luis-fernandes-em-residencia-artistica\/","url":"https:\/\/www.museu0.pt\/evento\/luis-fernandes-em-residencia-artistica\/","name":"Museu Zer0 - Descubra a Arte Digital","isPartOf":{"@id":"https:\/\/www.museu0.pt\/#website"},"datePublished":"2025-09-18T16:51:33+00:00","dateModified":"2025-10-28T06:25:03+00:00","description":"Museu Zer0 - Centro de Arte Digital. Programando iniciativas, apresentando, divulgando, e apoiando a cria\u00e7\u00e3o art\u00edstica digital.","breadcrumb":{"@id":"https:\/\/www.museu0.pt\/evento\/luis-fernandes-em-residencia-artistica\/#breadcrumb"},"inLanguage":"es","potentialAction":[{"@type":"ReadAction","target":["https:\/\/www.museu0.pt\/evento\/luis-fernandes-em-residencia-artistica\/"]}]},{"@type":"BreadcrumbList","@id":"https:\/\/www.museu0.pt\/evento\/luis-fernandes-em-residencia-artistica\/#breadcrumb","itemListElement":[{"@type":"ListItem","position":1,"name":"Home","item":"https:\/\/www.museu0.pt\/pt\/"},{"@type":"ListItem","position":2,"name":"Eventos","item":"https:\/\/www.museu0.pt\/?post_type=evento"},{"@type":"ListItem","position":3,"name":"Lu\u00eds Fernandes em Resid\u00eancia Art\u00edstica"}]},{"@type":"WebSite","@id":"https:\/\/www.museu0.pt\/#website","url":"https:\/\/www.museu0.pt\/","name":"Museu0","description":"Centro de Arte Digital","publisher":{"@id":"https:\/\/www.museu0.pt\/#organization"},"potentialAction":[{"@type":"SearchAction","target":{"@type":"EntryPoint","urlTemplate":"https:\/\/www.museu0.pt\/?s={search_term_string}"},"query-input":"required name=search_term_string"}],"inLanguage":"es"},{"@type":"Organization","@id":"https:\/\/www.museu0.pt\/#organization","name":"Museu0","url":"https:\/\/www.museu0.pt\/","logo":{"@type":"ImageObject","inLanguage":"es","@id":"https:\/\/www.museu0.pt\/#\/schema\/logo\/image\/","url":"https:\/\/www.museu0.pt\/wp-content\/uploads\/2023\/11\/museu0_logo_big.png","contentUrl":"https:\/\/www.museu0.pt\/wp-content\/uploads\/2023\/11\/museu0_logo_big.png","width":1100,"height":1100,"caption":"Museu0"},"image":{"@id":"https:\/\/www.museu0.pt\/#\/schema\/logo\/image\/"}}]}},"_links":{"self":[{"href":"https:\/\/www.museu0.pt\/es\/wp-json\/wp\/v2\/evento\/5986"}],"collection":[{"href":"https:\/\/www.museu0.pt\/es\/wp-json\/wp\/v2\/evento"}],"about":[{"href":"https:\/\/www.museu0.pt\/es\/wp-json\/wp\/v2\/types\/evento"}],"author":[{"embeddable":true,"href":"https:\/\/www.museu0.pt\/es\/wp-json\/wp\/v2\/users\/3"}],"version-history":[{"count":2,"href":"https:\/\/www.museu0.pt\/es\/wp-json\/wp\/v2\/evento\/5986\/revisions"}],"predecessor-version":[{"id":5988,"href":"https:\/\/www.museu0.pt\/es\/wp-json\/wp\/v2\/evento\/5986\/revisions\/5988"}],"wp:featuredmedia":[{"embeddable":true,"href":"https:\/\/www.museu0.pt\/es\/wp-json\/wp\/v2\/media\/5947"}],"wp:attachment":[{"href":"https:\/\/www.museu0.pt\/es\/wp-json\/wp\/v2\/media?parent=5986"}],"wp:term":[{"taxonomy":"category","embeddable":true,"href":"https:\/\/www.museu0.pt\/es\/wp-json\/wp\/v2\/categories?post=5986"}],"curies":[{"name":"wp","href":"https:\/\/api.w.org\/{rel}","templated":true}]}}