{"id":6063,"date":"2025-10-27T18:20:48","date_gmt":"2025-10-27T18:20:48","guid":{"rendered":"https:\/\/www.museu0.pt\/?post_type=evento&#038;p=6063"},"modified":"2025-12-12T12:36:22","modified_gmt":"2025-12-12T12:36:22","slug":"concerto-paisagens-eletr0nicas-2025-1-novembro","status":"publish","type":"evento","link":"https:\/\/www.museu0.pt\/es\/evento\/concerto-paisagens-eletr0nicas-2025-1-novembro\/","title":{"rendered":"Concierto Paisagens Eletr0nicas"},"content":{"rendered":"<p>La obra que presentamos - MAGNIFICATIO ALGERVENSIS - se inspira justamente en el Geoparque Algarvensis, a trav\u00e9s de sus m\u00faltiples facetas: aspectos geol\u00f3gicos \u00fanicos, pero tambi\u00e9n paisajes, fauna y flora.<\/p>\n\n\n\n<p>Consiste en una actuaci\u00f3n transdisciplinar en la que la m\u00fasica instrumental y los visuales generativos se comunican a trav\u00e9s de la mediaci\u00f3n de tecnolog\u00edas digitales. En el aspecto sonoro, un componente computacional a\u00f1ade caracter\u00edsticas al potencial electroac\u00fastico tradicional, adem\u00e1s de tomar parte importante en el di\u00e1logo musical mediante el uso de algoritmos de Aprendizaje Autom\u00e1tico Interactivo, haciendo posible que la respuesta musical del componente computacional evolucione en tiempo real.<\/p>\n\n\n\n<p>En la parte visual, hay un sistema generativo que se controla en tiempo real, como si fuera un instrumento, y en el que las texturas -basadas en un levantamiento fotogr\u00e1fico del Geoparque Algarvensis y su posterior manipulaci\u00f3n digital- se transforman para acompa\u00f1ar la interpretaci\u00f3n musical. De este modo, la convergencia de estos tres vectores -interpretaci\u00f3n musical, aumento digital y arte generativo receptivo- se utiliza para llevar al p\u00fablico a un magn\u00edfico viaje sensorial.<\/p>\n\n\n\n<p><strong>\u2014<\/strong><\/p>\n\n\n\n<p><strong>COLECTIVO ALGARVE - LABORATORIO DE ARTE<\/strong><\/p>\n\n\n\n<p>Coletivo Algarve - Art Lab es una estructura colaborativa formada por artistas de diferentes or\u00edgenes y trayectorias, aunque todos ellos tienen una fuerte conexi\u00f3n con el Algarve, ya sea por su lugar de nacimiento, afecto o trayectoria vital. Naci\u00f3 de su deseo de abrir caminos comunes entre la m\u00fasica, las artes visuales y las tecnolog\u00edas emergentes, transformando la tradici\u00f3n y la tierra en materia de futuro. Art Lab es, por tanto, un espacio vivo de encuentro, invenci\u00f3n y experimentaci\u00f3n, donde diferentes lenguajes se entrecruzan para dar a luz nuevas formas de creaci\u00f3n.<\/p>\n\n\n\n<p>En el fondo, el colectivo est\u00e1 impulsado por la pasi\u00f3n por el arte de los medios digitales y el impulso de explorar lo desconocido. Aumentar digitalmente los llamados instrumentos musicales tradicionales es s\u00f3lo uno de los gestos que simbolizan esta encrucijada: el soplo de un clarinete, el impacto de una marimba o la vibraci\u00f3n de una percusi\u00f3n se expanden en universos de sonido y luz, amplificados por sistemas audiovisuales digitales creados por los propios artistas. La representaci\u00f3n deja de ser s\u00f3lo una representaci\u00f3n para convertirse en una experiencia inmersiva, donde el gesto sonoro se encuentra con la imagen, y donde la tecnolog\u00eda no es una herramienta, sino un cuerpo vivo que responde y se transforma.<\/p>\n\n\n\n<p>La singularidad de Art Lab es el resultado de la suma de sensibilidades complementarias: el rigor t\u00e9cnico de quienes habitan el mundo de la programaci\u00f3n, la inteligencia artificial, las bases de datos o el aprendizaje autom\u00e1tico; la visi\u00f3n est\u00e9tica de quienes cruzan el dise\u00f1o, el multimedia, el ensamblaje o el arte generativo; la profundidad musical de int\u00e9rpretes formados en la tradici\u00f3n cl\u00e1sica, pero que abrazan con igual intensidad la improvisaci\u00f3n, la experimentaci\u00f3n sonora y la colaboraci\u00f3n transdisciplinar.<\/p>\n\n\n\n<p>Esta f\u00e9rtil mezcla crea un territorio aumentado en el que la pr\u00e1ctica art\u00edstica es simult\u00e1neamente investigaci\u00f3n, performance y manifiesto po\u00e9tico-tecnol\u00f3gico. As\u00ed, cada actuaci\u00f3n del colectivo es \u00fanica e irrepetible: es un ecosistema cambiante, un campo de fuerza en el que m\u00fasica, imagen y c\u00f3digo se entrecruzan en tiempo real.<\/p>\n\n\n\n<p>Coletivo Algarve - Art Lab es, por tanto, una plataforma abierta de creaci\u00f3n, investigaci\u00f3n e intercambio, donde dialogan tradici\u00f3n e innovaci\u00f3n, y donde el arte se proyecta como una experiencia transformadora y radicalmente contempor\u00e1nea.<\/p>\n\n\n\n<p><\/p>\n\n\n\n<p><strong>\u2014<\/strong><\/p>\n\n\n\n<p><strong>MIEMBROS<\/strong><\/p>\n\n\n\n<p><strong>RUI TRAVASSO<\/strong><\/p>\n\n\n\n<p>Rui Travasso es Doctor en Digital Media Arts (UAb\/UAlg) y Profesor Asistente Visitante en el Instituto Polit\u00e9cnico de Beja. Su investigaci\u00f3n abarca las artes esc\u00e9nicas, la comunicaci\u00f3n multimedia y la tecnolog\u00eda interactiva, con especial atenci\u00f3n a la expansi\u00f3n instrumental y las ecolog\u00edas de la performance mediadas por algoritmos, as\u00ed como a la pedagog\u00eda relacionada con la producci\u00f3n audiovisual y de medios. Ha participado en proyectos financiados por la DGArtes y la Fundaci\u00f3n GDA, integrando producci\u00f3n art\u00edstica e investigaci\u00f3n aplicada. Su pr\u00e1ctica art\u00edstica incluye una d\u00e9cada como jefe de clarinete en la Orquesta del Algarve, performances interactivas, sistemas audiovisuales, experimentaci\u00f3n sonora con \u00e9nfasis en la inclusi\u00f3n y la mediaci\u00f3n cultural, y ha publicado m\u00e1s de un centenar de temas.<\/p>\n\n\n\n<p><\/p>\n\n\n\n<p><strong>VASCO RAMALHO<\/strong><\/p>\n\n\n\n<p>Nacido en Reguengos de Monsaraz, Vasco Ramalho es M\u00e1ster en Percusi\u00f3n\/Interpretaci\u00f3n (2024) y Licenciado en Percusi\u00f3n\/Ense\u00f1anza (2005) por la Universidad de \u00c9vora en la clase del Profesor Eduardo Lopes. Realiz\u00f3 un curso de postgrado en marimba solista en el Real Conservatorio de Amberes - B\u00e9lgica en la clase del Dr Ludwig Albert (2008). Desde 2012 es director art\u00edstico de 21 Festivales Internacionales de Percusi\u00f3n en Portim\u00e3o, \u00c9vora, Reguengos de Monsaraz y Alc\u00e1cer do Sal. En julio de 2017 grab\u00f3 su primer CD, Vasco Ramalho - Ess\u00eancias de Marimba, Fados &amp; Choros. Como docente, ense\u00f1a en el Conservatorio de M\u00fasica de Loul\u00e9 y es profesor asistente visitante en la Universidad de \u00c9vora. Desde 2013 es artista Adams, una de las principales marcas de instrumentos de percusi\u00f3n del mundo. Realiz\u00f3 estudios de doctorado en Digital Media Art en la Universidad del Algarve y en la Universidade Aberta y actualmente cursa estudios de doctorado en M\u00fasica y Musicolog\u00eda en la Universidad de \u00c9vora. En 2023 recibi\u00f3 la medalla al m\u00e9rito cultural del municipio de Reguengos de Monsaraz.<\/p>\n\n\n\n<p><\/p>\n\n\n\n<p><strong>PEDRO ALVES DA VEIGA<\/strong><\/p>\n\n\n\n<p>Pedro Alves da Veiga es artista e investigador, doctorado en Digital Media Art por la Universidad del Algarve y la Universidade Aberta. Es profesor adjunto en la Universidade Aberta, donde es subdirector del doctorado en Digital Media Art. Ha sido emprendedor durante m\u00e1s de dos d\u00e9cadas y ha desarrollado proyectos multimedia y de dise\u00f1o web que han sido galardonados. Es miembro integrado del Centro de Investigaci\u00f3n en Artes y Comunicaci\u00f3n y colaborador del Instituto ID+ de Investigaci\u00f3n en Dise\u00f1o, Medios y Cultura. Ha grabado dos discos para el sello Polygram y una de sus canciones forma parte de la banda sonora de la pel\u00edcula \"Varia\u00e7\u00f5es\". Ha expuesto sus obras de arte generativo, individual y colectivamente, en Portugal, Brasil, Espa\u00f1a, Francia, Italia, Holanda, Ruman\u00eda, Rusia, China, Corea del Sur, Tailandia y Estados Unidos.<\/p>\n\n\n\n<p><\/p>\n\n\n\n<p><strong>RUI D'OREY<\/strong><\/p>\n\n\n\n<p>Rui Sousa d'Orey es estudiante de doctorado e investigador en Digital MediaArt en las Universidades de Algarve y Aberta, afiliado al CIAC - Centro de Investigaci\u00f3n en Artes y Comunicaci\u00f3n, y trabaja como ingeniero de software 3D. Licenciado en Inform\u00e1tica por la Universidad de Oporto (2013), comenz\u00f3 como investigador en el Centro Interactivo de Oporto, especializ\u00e1ndose en gr\u00e1ficos por ordenador e interacci\u00f3n persona-ordenador. Ha participado en proyectos como Virtual Embodiment and Robotic Re-Embodiment (FCT) y Move4Health (PT Inova\u00e7\u00e3o), desarrollando soluciones en captura de movimiento, realidad virtual, aplicaciones 3D interactivas, inteligencia artificial, procesamiento de datos y sistemas backend. Ha trabajado directamente con empresas, como freelance y a trav\u00e9s de una agencia que \u00e9l mismo fund\u00f3. En el contexto de su doctorado en arte de medios digitales, ha participado en varios proyectos de arte de medios digitales en colaboraci\u00f3n con otros colegas y busca trabajar en la encrucijada entre la tecnolog\u00eda, las artes y las humanidades desde una perspectiva m\u00e1s-que-humana.<\/p>","protected":false},"excerpt":{"rendered":"<p>El Museo Zer0 presenta el ciclo Paisagens Eletr0nicas, edici\u00f3n 2025.<\/p>","protected":false},"author":3,"featured_media":6043,"menu_order":0,"template":"","meta":[],"categories":[17],"yoast_head":"<!-- This site is optimized with the Yoast SEO Premium plugin v20.5 (Yoast SEO v20.9) - https:\/\/yoast.com\/wordpress\/plugins\/seo\/ -->\n<title>Museu Zer0 - Descubra a Arte Digital<\/title>\n<meta name=\"description\" content=\"Museu Zer0 - Centro de Arte Digital. Programando iniciativas, apresentando, divulgando, e apoiando a cria\u00e7\u00e3o art\u00edstica digital.\" \/>\n<meta name=\"robots\" content=\"index, follow, max-snippet:-1, max-image-preview:large, max-video-preview:-1\" \/>\n<link rel=\"canonical\" href=\"https:\/\/www.museu0.pt\/es\/evento\/concerto-paisagens-eletr0nicas-2025-1-novembro\/\" \/>\n<meta property=\"og:locale\" content=\"es_ES\" \/>\n<meta property=\"og:type\" content=\"article\" \/>\n<meta property=\"og:title\" content=\"Concerto Paisagens Eletr0nicas\" \/>\n<meta property=\"og:description\" content=\"Museu Zer0 - Centro de Arte Digital. Programando iniciativas, apresentando, divulgando, e apoiando a cria\u00e7\u00e3o art\u00edstica digital.\" \/>\n<meta property=\"og:url\" content=\"https:\/\/www.museu0.pt\/es\/evento\/concerto-paisagens-eletr0nicas-2025-1-novembro\/\" \/>\n<meta property=\"og:site_name\" content=\"Museu0\" \/>\n<meta property=\"article:modified_time\" content=\"2025-12-12T12:36:22+00:00\" \/>\n<meta property=\"og:image\" content=\"https:\/\/www.museu0.pt\/wp-content\/uploads\/2025\/10\/Museu-Zer0_Website-Image-Equinocios.png\" \/>\n\t<meta property=\"og:image:width\" content=\"528\" \/>\n\t<meta property=\"og:image:height\" content=\"400\" \/>\n\t<meta property=\"og:image:type\" content=\"image\/png\" \/>\n<meta name=\"twitter:card\" content=\"summary_large_image\" \/>\n<meta name=\"twitter:label1\" content=\"Est. reading time\" \/>\n\t<meta name=\"twitter:data1\" content=\"6 minutos\" \/>\n<script type=\"application\/ld+json\" class=\"yoast-schema-graph\">{\"@context\":\"https:\/\/schema.org\",\"@graph\":[{\"@type\":\"WebPage\",\"@id\":\"https:\/\/www.museu0.pt\/evento\/concerto-paisagens-eletr0nicas-2025-1-novembro\/\",\"url\":\"https:\/\/www.museu0.pt\/evento\/concerto-paisagens-eletr0nicas-2025-1-novembro\/\",\"name\":\"Museu Zer0 - Descubra a Arte Digital\",\"isPartOf\":{\"@id\":\"https:\/\/www.museu0.pt\/#website\"},\"datePublished\":\"2025-10-27T18:20:48+00:00\",\"dateModified\":\"2025-12-12T12:36:22+00:00\",\"description\":\"Museu Zer0 - Centro de Arte Digital. Programando iniciativas, apresentando, divulgando, e apoiando a cria\u00e7\u00e3o art\u00edstica digital.\",\"breadcrumb\":{\"@id\":\"https:\/\/www.museu0.pt\/evento\/concerto-paisagens-eletr0nicas-2025-1-novembro\/#breadcrumb\"},\"inLanguage\":\"es\",\"potentialAction\":[{\"@type\":\"ReadAction\",\"target\":[\"https:\/\/www.museu0.pt\/evento\/concerto-paisagens-eletr0nicas-2025-1-novembro\/\"]}]},{\"@type\":\"BreadcrumbList\",\"@id\":\"https:\/\/www.museu0.pt\/evento\/concerto-paisagens-eletr0nicas-2025-1-novembro\/#breadcrumb\",\"itemListElement\":[{\"@type\":\"ListItem\",\"position\":1,\"name\":\"Home\",\"item\":\"https:\/\/www.museu0.pt\/pt\/\"},{\"@type\":\"ListItem\",\"position\":2,\"name\":\"Eventos\",\"item\":\"https:\/\/www.museu0.pt\/?post_type=evento\"},{\"@type\":\"ListItem\",\"position\":3,\"name\":\"Concerto Paisagens Eletr0nicas\"}]},{\"@type\":\"WebSite\",\"@id\":\"https:\/\/www.museu0.pt\/#website\",\"url\":\"https:\/\/www.museu0.pt\/\",\"name\":\"Museu0\",\"description\":\"Centro de Arte Digital\",\"publisher\":{\"@id\":\"https:\/\/www.museu0.pt\/#organization\"},\"potentialAction\":[{\"@type\":\"SearchAction\",\"target\":{\"@type\":\"EntryPoint\",\"urlTemplate\":\"https:\/\/www.museu0.pt\/?s={search_term_string}\"},\"query-input\":\"required name=search_term_string\"}],\"inLanguage\":\"es\"},{\"@type\":\"Organization\",\"@id\":\"https:\/\/www.museu0.pt\/#organization\",\"name\":\"Museu0\",\"url\":\"https:\/\/www.museu0.pt\/\",\"logo\":{\"@type\":\"ImageObject\",\"inLanguage\":\"es\",\"@id\":\"https:\/\/www.museu0.pt\/#\/schema\/logo\/image\/\",\"url\":\"https:\/\/www.museu0.pt\/wp-content\/uploads\/2023\/11\/museu0_logo_big.png\",\"contentUrl\":\"https:\/\/www.museu0.pt\/wp-content\/uploads\/2023\/11\/museu0_logo_big.png\",\"width\":1100,\"height\":1100,\"caption\":\"Museu0\"},\"image\":{\"@id\":\"https:\/\/www.museu0.pt\/#\/schema\/logo\/image\/\"}}]}<\/script>\n<!-- \/ Yoast SEO Premium plugin. -->","yoast_head_json":{"title":"Museu Zer0 - Descubra a Arte Digital","description":"Museu Zer0 - Centro de Arte Digital. Programando iniciativas, apresentando, divulgando, e apoiando a cria\u00e7\u00e3o art\u00edstica digital.","robots":{"index":"index","follow":"follow","max-snippet":"max-snippet:-1","max-image-preview":"max-image-preview:large","max-video-preview":"max-video-preview:-1"},"canonical":"https:\/\/www.museu0.pt\/es\/evento\/concerto-paisagens-eletr0nicas-2025-1-novembro\/","og_locale":"es_ES","og_type":"article","og_title":"Concerto Paisagens Eletr0nicas","og_description":"Museu Zer0 - Centro de Arte Digital. Programando iniciativas, apresentando, divulgando, e apoiando a cria\u00e7\u00e3o art\u00edstica digital.","og_url":"https:\/\/www.museu0.pt\/es\/evento\/concerto-paisagens-eletr0nicas-2025-1-novembro\/","og_site_name":"Museu0","article_modified_time":"2025-12-12T12:36:22+00:00","og_image":[{"width":528,"height":400,"url":"https:\/\/www.museu0.pt\/wp-content\/uploads\/2025\/10\/Museu-Zer0_Website-Image-Equinocios.png","type":"image\/png"}],"twitter_card":"summary_large_image","twitter_misc":{"Est. reading time":"6 minutos"},"schema":{"@context":"https:\/\/schema.org","@graph":[{"@type":"WebPage","@id":"https:\/\/www.museu0.pt\/evento\/concerto-paisagens-eletr0nicas-2025-1-novembro\/","url":"https:\/\/www.museu0.pt\/evento\/concerto-paisagens-eletr0nicas-2025-1-novembro\/","name":"Museu Zer0 - Descubra a Arte Digital","isPartOf":{"@id":"https:\/\/www.museu0.pt\/#website"},"datePublished":"2025-10-27T18:20:48+00:00","dateModified":"2025-12-12T12:36:22+00:00","description":"Museu Zer0 - Centro de Arte Digital. Programando iniciativas, apresentando, divulgando, e apoiando a cria\u00e7\u00e3o art\u00edstica digital.","breadcrumb":{"@id":"https:\/\/www.museu0.pt\/evento\/concerto-paisagens-eletr0nicas-2025-1-novembro\/#breadcrumb"},"inLanguage":"es","potentialAction":[{"@type":"ReadAction","target":["https:\/\/www.museu0.pt\/evento\/concerto-paisagens-eletr0nicas-2025-1-novembro\/"]}]},{"@type":"BreadcrumbList","@id":"https:\/\/www.museu0.pt\/evento\/concerto-paisagens-eletr0nicas-2025-1-novembro\/#breadcrumb","itemListElement":[{"@type":"ListItem","position":1,"name":"Home","item":"https:\/\/www.museu0.pt\/pt\/"},{"@type":"ListItem","position":2,"name":"Eventos","item":"https:\/\/www.museu0.pt\/?post_type=evento"},{"@type":"ListItem","position":3,"name":"Concerto Paisagens Eletr0nicas"}]},{"@type":"WebSite","@id":"https:\/\/www.museu0.pt\/#website","url":"https:\/\/www.museu0.pt\/","name":"Museu0","description":"Centro de Arte Digital","publisher":{"@id":"https:\/\/www.museu0.pt\/#organization"},"potentialAction":[{"@type":"SearchAction","target":{"@type":"EntryPoint","urlTemplate":"https:\/\/www.museu0.pt\/?s={search_term_string}"},"query-input":"required name=search_term_string"}],"inLanguage":"es"},{"@type":"Organization","@id":"https:\/\/www.museu0.pt\/#organization","name":"Museu0","url":"https:\/\/www.museu0.pt\/","logo":{"@type":"ImageObject","inLanguage":"es","@id":"https:\/\/www.museu0.pt\/#\/schema\/logo\/image\/","url":"https:\/\/www.museu0.pt\/wp-content\/uploads\/2023\/11\/museu0_logo_big.png","contentUrl":"https:\/\/www.museu0.pt\/wp-content\/uploads\/2023\/11\/museu0_logo_big.png","width":1100,"height":1100,"caption":"Museu0"},"image":{"@id":"https:\/\/www.museu0.pt\/#\/schema\/logo\/image\/"}}]}},"_links":{"self":[{"href":"https:\/\/www.museu0.pt\/es\/wp-json\/wp\/v2\/evento\/6063"}],"collection":[{"href":"https:\/\/www.museu0.pt\/es\/wp-json\/wp\/v2\/evento"}],"about":[{"href":"https:\/\/www.museu0.pt\/es\/wp-json\/wp\/v2\/types\/evento"}],"author":[{"embeddable":true,"href":"https:\/\/www.museu0.pt\/es\/wp-json\/wp\/v2\/users\/3"}],"version-history":[{"count":1,"href":"https:\/\/www.museu0.pt\/es\/wp-json\/wp\/v2\/evento\/6063\/revisions"}],"predecessor-version":[{"id":6064,"href":"https:\/\/www.museu0.pt\/es\/wp-json\/wp\/v2\/evento\/6063\/revisions\/6064"}],"wp:featuredmedia":[{"embeddable":true,"href":"https:\/\/www.museu0.pt\/es\/wp-json\/wp\/v2\/media\/6043"}],"wp:attachment":[{"href":"https:\/\/www.museu0.pt\/es\/wp-json\/wp\/v2\/media?parent=6063"}],"wp:term":[{"taxonomy":"category","embeddable":true,"href":"https:\/\/www.museu0.pt\/es\/wp-json\/wp\/v2\/categories?post=6063"}],"curies":[{"name":"wp","href":"https:\/\/api.w.org\/{rel}","templated":true}]}}