{"id":6080,"date":"2025-11-10T10:15:00","date_gmt":"2025-11-10T10:15:00","guid":{"rendered":"https:\/\/www.museu0.pt\/?post_type=evento&#038;p=6080"},"modified":"2025-12-12T12:36:28","modified_gmt":"2025-12-12T12:36:28","slug":"concerto-equinocios-2025-22-novembro","status":"publish","type":"evento","link":"https:\/\/www.museu0.pt\/es\/evento\/concerto-equinocios-2025-22-novembro\/","title":{"rendered":"Concierto Equinoccios"},"content":{"rendered":"<p>Una experiencia que abre la mente a trav\u00e9s de la colaboraci\u00f3n de dos esp\u00edritus visionarios - mostrando la condici\u00f3n humana y la vulnerabilidad no s\u00f3lo a trav\u00e9s de sonidos sino tambi\u00e9n de im\u00e1genes tangibles. Este trabajo conjunto presenta una experiencia audiovisual de m\u00faltiples capas, creando im\u00e1genes en directo durante la actuaci\u00f3n musical de Smokedfalmon y bas\u00e1ndose en ella. Explorando profundas emociones humanas, sonidos de fado contempor\u00e1neo y elementos post-rock, reforzados con las im\u00e1genes visuales de Carlotta Premazzi.<\/p>\n\n\n\n<p><\/p>\n\n\n\n<p><strong>\u2014<\/strong><\/p>\n\n\n\n<p><strong>Artistas<\/strong><\/p>\n\n\n\n<p><strong>Smokedfalmon<\/strong><\/p>\n\n\n\n<p>Nuno Ferreira, m\u00fasico y productor, transforma sonidos hipn\u00f3ticos en un viaje colectivo por paisajes melanc\u00f3licos. Mezcla post-rock, electr\u00f3nica profunda y mantras de fado, expresando su condici\u00f3n humana a trav\u00e9s de la m\u00fasica.<\/p>\n\n\n\n<p><\/p>\n\n\n\n<p><strong>Carlotta Premazzi<\/strong><\/p>\n\n\n\n<p>Carlotta Premazzi es una artista visionaria que explora la empat\u00eda tecnol\u00f3gica y la creatividad a trav\u00e9s del dise\u00f1o multimedia y las actuaciones en directo. Desde 2018, con el proyecto LUCID DREAM, utiliza sus ondas cerebrales en tiempo real para crear experiencias inmersivas y transformadoras.<\/p>","protected":false},"excerpt":{"rendered":"<p>ATRAPADO EN UN BUCLE<\/p>","protected":false},"author":3,"featured_media":6043,"menu_order":0,"template":"","meta":[],"categories":[17],"yoast_head":"<!-- This site is optimized with the Yoast SEO Premium plugin v20.5 (Yoast SEO v20.9) - https:\/\/yoast.com\/wordpress\/plugins\/seo\/ -->\n<title>Museu Zer0 - Descubra a Arte Digital<\/title>\n<meta name=\"description\" content=\"Museu Zer0 - Centro de Arte Digital. Programando iniciativas, apresentando, divulgando, e apoiando a cria\u00e7\u00e3o art\u00edstica digital.\" \/>\n<meta name=\"robots\" content=\"index, follow, max-snippet:-1, max-image-preview:large, max-video-preview:-1\" \/>\n<link rel=\"canonical\" href=\"https:\/\/www.museu0.pt\/es\/evento\/concerto-equinocios-2025-22-novembro\/\" \/>\n<meta property=\"og:locale\" content=\"es_ES\" \/>\n<meta property=\"og:type\" content=\"article\" \/>\n<meta property=\"og:title\" content=\"Concerto Equin\u00f3cios\" \/>\n<meta property=\"og:description\" content=\"Museu Zer0 - Centro de Arte Digital. Programando iniciativas, apresentando, divulgando, e apoiando a cria\u00e7\u00e3o art\u00edstica digital.\" \/>\n<meta property=\"og:url\" content=\"https:\/\/www.museu0.pt\/es\/evento\/concerto-equinocios-2025-22-novembro\/\" \/>\n<meta property=\"og:site_name\" content=\"Museu0\" \/>\n<meta property=\"article:modified_time\" content=\"2025-12-12T12:36:28+00:00\" \/>\n<meta property=\"og:image\" content=\"https:\/\/www.museu0.pt\/wp-content\/uploads\/2025\/10\/Museu-Zer0_Website-Image-Equinocios.png\" \/>\n\t<meta property=\"og:image:width\" content=\"528\" \/>\n\t<meta property=\"og:image:height\" content=\"400\" \/>\n\t<meta property=\"og:image:type\" content=\"image\/png\" \/>\n<meta name=\"twitter:card\" content=\"summary_large_image\" \/>\n<meta name=\"twitter:label1\" content=\"Est. reading time\" \/>\n\t<meta name=\"twitter:data1\" content=\"1 minuto\" \/>\n<script type=\"application\/ld+json\" class=\"yoast-schema-graph\">{\"@context\":\"https:\/\/schema.org\",\"@graph\":[{\"@type\":\"WebPage\",\"@id\":\"https:\/\/www.museu0.pt\/evento\/concerto-equinocios-2025-22-novembro\/\",\"url\":\"https:\/\/www.museu0.pt\/evento\/concerto-equinocios-2025-22-novembro\/\",\"name\":\"Museu Zer0 - Descubra a Arte Digital\",\"isPartOf\":{\"@id\":\"https:\/\/www.museu0.pt\/#website\"},\"datePublished\":\"2025-11-10T10:15:00+00:00\",\"dateModified\":\"2025-12-12T12:36:28+00:00\",\"description\":\"Museu Zer0 - Centro de Arte Digital. Programando iniciativas, apresentando, divulgando, e apoiando a cria\u00e7\u00e3o art\u00edstica digital.\",\"breadcrumb\":{\"@id\":\"https:\/\/www.museu0.pt\/evento\/concerto-equinocios-2025-22-novembro\/#breadcrumb\"},\"inLanguage\":\"es\",\"potentialAction\":[{\"@type\":\"ReadAction\",\"target\":[\"https:\/\/www.museu0.pt\/evento\/concerto-equinocios-2025-22-novembro\/\"]}]},{\"@type\":\"BreadcrumbList\",\"@id\":\"https:\/\/www.museu0.pt\/evento\/concerto-equinocios-2025-22-novembro\/#breadcrumb\",\"itemListElement\":[{\"@type\":\"ListItem\",\"position\":1,\"name\":\"Home\",\"item\":\"https:\/\/www.museu0.pt\/pt\/\"},{\"@type\":\"ListItem\",\"position\":2,\"name\":\"Eventos\",\"item\":\"https:\/\/www.museu0.pt\/?post_type=evento\"},{\"@type\":\"ListItem\",\"position\":3,\"name\":\"Concerto Equin\u00f3cios\"}]},{\"@type\":\"WebSite\",\"@id\":\"https:\/\/www.museu0.pt\/#website\",\"url\":\"https:\/\/www.museu0.pt\/\",\"name\":\"Museu0\",\"description\":\"Centro de Arte Digital\",\"publisher\":{\"@id\":\"https:\/\/www.museu0.pt\/#organization\"},\"potentialAction\":[{\"@type\":\"SearchAction\",\"target\":{\"@type\":\"EntryPoint\",\"urlTemplate\":\"https:\/\/www.museu0.pt\/?s={search_term_string}\"},\"query-input\":\"required name=search_term_string\"}],\"inLanguage\":\"es\"},{\"@type\":\"Organization\",\"@id\":\"https:\/\/www.museu0.pt\/#organization\",\"name\":\"Museu0\",\"url\":\"https:\/\/www.museu0.pt\/\",\"logo\":{\"@type\":\"ImageObject\",\"inLanguage\":\"es\",\"@id\":\"https:\/\/www.museu0.pt\/#\/schema\/logo\/image\/\",\"url\":\"https:\/\/www.museu0.pt\/wp-content\/uploads\/2023\/11\/museu0_logo_big.png\",\"contentUrl\":\"https:\/\/www.museu0.pt\/wp-content\/uploads\/2023\/11\/museu0_logo_big.png\",\"width\":1100,\"height\":1100,\"caption\":\"Museu0\"},\"image\":{\"@id\":\"https:\/\/www.museu0.pt\/#\/schema\/logo\/image\/\"}}]}<\/script>\n<!-- \/ Yoast SEO Premium plugin. -->","yoast_head_json":{"title":"Museu Zer0 - Descubra a Arte Digital","description":"Museu Zer0 - Centro de Arte Digital. Programando iniciativas, apresentando, divulgando, e apoiando a cria\u00e7\u00e3o art\u00edstica digital.","robots":{"index":"index","follow":"follow","max-snippet":"max-snippet:-1","max-image-preview":"max-image-preview:large","max-video-preview":"max-video-preview:-1"},"canonical":"https:\/\/www.museu0.pt\/es\/evento\/concerto-equinocios-2025-22-novembro\/","og_locale":"es_ES","og_type":"article","og_title":"Concerto Equin\u00f3cios","og_description":"Museu Zer0 - Centro de Arte Digital. Programando iniciativas, apresentando, divulgando, e apoiando a cria\u00e7\u00e3o art\u00edstica digital.","og_url":"https:\/\/www.museu0.pt\/es\/evento\/concerto-equinocios-2025-22-novembro\/","og_site_name":"Museu0","article_modified_time":"2025-12-12T12:36:28+00:00","og_image":[{"width":528,"height":400,"url":"https:\/\/www.museu0.pt\/wp-content\/uploads\/2025\/10\/Museu-Zer0_Website-Image-Equinocios.png","type":"image\/png"}],"twitter_card":"summary_large_image","twitter_misc":{"Est. reading time":"1 minuto"},"schema":{"@context":"https:\/\/schema.org","@graph":[{"@type":"WebPage","@id":"https:\/\/www.museu0.pt\/evento\/concerto-equinocios-2025-22-novembro\/","url":"https:\/\/www.museu0.pt\/evento\/concerto-equinocios-2025-22-novembro\/","name":"Museu Zer0 - Descubra a Arte Digital","isPartOf":{"@id":"https:\/\/www.museu0.pt\/#website"},"datePublished":"2025-11-10T10:15:00+00:00","dateModified":"2025-12-12T12:36:28+00:00","description":"Museu Zer0 - Centro de Arte Digital. Programando iniciativas, apresentando, divulgando, e apoiando a cria\u00e7\u00e3o art\u00edstica digital.","breadcrumb":{"@id":"https:\/\/www.museu0.pt\/evento\/concerto-equinocios-2025-22-novembro\/#breadcrumb"},"inLanguage":"es","potentialAction":[{"@type":"ReadAction","target":["https:\/\/www.museu0.pt\/evento\/concerto-equinocios-2025-22-novembro\/"]}]},{"@type":"BreadcrumbList","@id":"https:\/\/www.museu0.pt\/evento\/concerto-equinocios-2025-22-novembro\/#breadcrumb","itemListElement":[{"@type":"ListItem","position":1,"name":"Home","item":"https:\/\/www.museu0.pt\/pt\/"},{"@type":"ListItem","position":2,"name":"Eventos","item":"https:\/\/www.museu0.pt\/?post_type=evento"},{"@type":"ListItem","position":3,"name":"Concerto Equin\u00f3cios"}]},{"@type":"WebSite","@id":"https:\/\/www.museu0.pt\/#website","url":"https:\/\/www.museu0.pt\/","name":"Museu0","description":"Centro de Arte Digital","publisher":{"@id":"https:\/\/www.museu0.pt\/#organization"},"potentialAction":[{"@type":"SearchAction","target":{"@type":"EntryPoint","urlTemplate":"https:\/\/www.museu0.pt\/?s={search_term_string}"},"query-input":"required name=search_term_string"}],"inLanguage":"es"},{"@type":"Organization","@id":"https:\/\/www.museu0.pt\/#organization","name":"Museu0","url":"https:\/\/www.museu0.pt\/","logo":{"@type":"ImageObject","inLanguage":"es","@id":"https:\/\/www.museu0.pt\/#\/schema\/logo\/image\/","url":"https:\/\/www.museu0.pt\/wp-content\/uploads\/2023\/11\/museu0_logo_big.png","contentUrl":"https:\/\/www.museu0.pt\/wp-content\/uploads\/2023\/11\/museu0_logo_big.png","width":1100,"height":1100,"caption":"Museu0"},"image":{"@id":"https:\/\/www.museu0.pt\/#\/schema\/logo\/image\/"}}]}},"_links":{"self":[{"href":"https:\/\/www.museu0.pt\/es\/wp-json\/wp\/v2\/evento\/6080"}],"collection":[{"href":"https:\/\/www.museu0.pt\/es\/wp-json\/wp\/v2\/evento"}],"about":[{"href":"https:\/\/www.museu0.pt\/es\/wp-json\/wp\/v2\/types\/evento"}],"author":[{"embeddable":true,"href":"https:\/\/www.museu0.pt\/es\/wp-json\/wp\/v2\/users\/3"}],"version-history":[{"count":3,"href":"https:\/\/www.museu0.pt\/es\/wp-json\/wp\/v2\/evento\/6080\/revisions"}],"predecessor-version":[{"id":6083,"href":"https:\/\/www.museu0.pt\/es\/wp-json\/wp\/v2\/evento\/6080\/revisions\/6083"}],"wp:featuredmedia":[{"embeddable":true,"href":"https:\/\/www.museu0.pt\/es\/wp-json\/wp\/v2\/media\/6043"}],"wp:attachment":[{"href":"https:\/\/www.museu0.pt\/es\/wp-json\/wp\/v2\/media?parent=6080"}],"wp:term":[{"taxonomy":"category","embeddable":true,"href":"https:\/\/www.museu0.pt\/es\/wp-json\/wp\/v2\/categories?post=6080"}],"curies":[{"name":"wp","href":"https:\/\/api.w.org\/{rel}","templated":true}]}}