{"id":4551,"date":"2023-12-05T18:16:33","date_gmt":"2023-12-05T18:16:33","guid":{"rendered":"https:\/\/www.museu0.pt\/?page_id=4551"},"modified":"2025-11-12T16:07:37","modified_gmt":"2025-11-12T16:07:37","slug":"a-associacao","status":"publish","type":"page","link":"https:\/\/www.museu0.pt\/es\/la-asociacion\/","title":{"rendered":"La Asociaci\u00f3n"},"content":{"rendered":"<div data-elementor-type=\"wp-page\" data-elementor-id=\"4551\" class=\"elementor elementor-4551\" data-elementor-post-type=\"page\">\n\t\t\t\t\t\t\t\t\t<section class=\"elementor-section elementor-top-section elementor-element elementor-element-ce577f3 elementor-section-boxed elementor-section-height-default elementor-section-height-default\" data-id=\"ce577f3\" data-element_type=\"section\" data-settings=\"{&quot;background_background&quot;:&quot;classic&quot;}\">\n\t\t\t\t\t\t\t<div class=\"elementor-background-overlay\"><\/div>\n\t\t\t\t\t\t\t<div class=\"elementor-container elementor-column-gap-no\">\n\t\t\t\t\t<div class=\"elementor-column elementor-col-100 elementor-top-column elementor-element elementor-element-920ab2e\" data-id=\"920ab2e\" data-element_type=\"column\">\n\t\t\t<div class=\"elementor-widget-wrap elementor-element-populated\">\n\t\t\t\t\t\t\t\t<div class=\"elementor-element elementor-element-e3add7a elementor-widget__width-auto elementor-widget-tablet__width-auto elementor-widget-mobile__width-auto elementor-widget elementor-widget-heading\" data-id=\"e3add7a\" data-element_type=\"widget\" data-widget_type=\"heading.default\">\n\t\t\t\t<div class=\"elementor-widget-container\">\n\t\t\t<style>\/*! elementor - v3.15.0 - 20-08-2023 *\/\n.elementor-heading-title{padding:0;margin:0;line-height:1}.elementor-widget-heading .elementor-heading-title[class*=elementor-size-]>a{color:inherit;font-size:inherit;line-height:inherit}.elementor-widget-heading .elementor-heading-title.elementor-size-small{font-size:15px}.elementor-widget-heading .elementor-heading-title.elementor-size-medium{font-size:19px}.elementor-widget-heading .elementor-heading-title.elementor-size-large{font-size:29px}.elementor-widget-heading .elementor-heading-title.elementor-size-xl{font-size:39px}.elementor-widget-heading .elementor-heading-title.elementor-size-xxl{font-size:59px}<\/style><h2 class=\"elementor-heading-title elementor-size-default\">La asociaci\u00f3n promotora<\/h2>\t\t<\/div>\n\t\t\t\t<\/div>\n\t\t\t\t<div class=\"elementor-element elementor-element-cb27228 elementor-widget elementor-widget-heading\" data-id=\"cb27228\" data-element_type=\"widget\" data-widget_type=\"heading.default\">\n\t\t\t\t<div class=\"elementor-widget-container\">\n\t\t\t<h1 class=\"elementor-heading-title elementor-size-default\">Asociaci\u00f3n Museo Zer0<\/h1>\t\t<\/div>\n\t\t\t\t<\/div>\n\t\t\t\t\t<\/div>\n\t\t<\/div>\n\t\t\t\t\t\t\t<\/div>\n\t\t<\/section>\n\t\t\t\t<section class=\"elementor-section elementor-top-section elementor-element elementor-element-75a794c elementor-section-boxed elementor-section-height-default elementor-section-height-default\" data-id=\"75a794c\" data-element_type=\"section\">\n\t\t\t\t\t\t<div class=\"elementor-container elementor-column-gap-no\">\n\t\t\t\t\t<div class=\"elementor-column elementor-col-100 elementor-top-column elementor-element elementor-element-7ad231e\" data-id=\"7ad231e\" data-element_type=\"column\">\n\t\t\t<div class=\"elementor-widget-wrap elementor-element-populated\">\n\t\t\t\t\t\t\t\t<section class=\"elementor-section elementor-inner-section elementor-element elementor-element-aca9dc7 fixed_width_section elementor-section-boxed elementor-section-height-default elementor-section-height-default\" data-id=\"aca9dc7\" data-element_type=\"section\">\n\t\t\t\t\t\t<div class=\"elementor-container elementor-column-gap-no\">\n\t\t\t\t\t<div class=\"elementor-column elementor-col-100 elementor-inner-column elementor-element elementor-element-04e1759\" data-id=\"04e1759\" data-element_type=\"column\">\n\t\t\t<div class=\"elementor-widget-wrap elementor-element-populated\">\n\t\t\t\t\t\t\t\t<div class=\"elementor-element elementor-element-7dab391 back_title elementor-widget elementor-widget-heading\" data-id=\"7dab391\" data-element_type=\"widget\" data-widget_type=\"heading.default\">\n\t\t\t\t<div class=\"elementor-widget-container\">\n\t\t\t<h3 class=\"elementor-heading-title elementor-size-default\">Presentaci\u00f3n<\/h3>\t\t<\/div>\n\t\t\t\t<\/div>\n\t\t\t\t<div class=\"elementor-element elementor-element-8552097 elementor-widget elementor-widget-text-editor\" data-id=\"8552097\" data-element_type=\"widget\" data-widget_type=\"text-editor.default\">\n\t\t\t\t<div class=\"elementor-widget-container\">\n\t\t\t<style>\/*! elementor - v3.15.0 - 20-08-2023 *\/\n.elementor-widget-text-editor.elementor-drop-cap-view-stacked .elementor-drop-cap{background-color:#69727d;color:#fff}.elementor-widget-text-editor.elementor-drop-cap-view-framed .elementor-drop-cap{color:#69727d;border:3px solid;background-color:transparent}.elementor-widget-text-editor:not(.elementor-drop-cap-view-default) .elementor-drop-cap{margin-top:8px}.elementor-widget-text-editor:not(.elementor-drop-cap-view-default) .elementor-drop-cap-letter{width:1em;height:1em}.elementor-widget-text-editor .elementor-drop-cap{float:left;text-align:center;line-height:1;font-size:50px}.elementor-widget-text-editor .elementor-drop-cap-letter{display:inline-block}<\/style>\t\t\t\t<p>Redenominada em 2023 para associa\u00e7\u00e3o Museu Zer0: \/\/ Centro de Arte Digital ILC, e agora com sede na Cooperativa Agr\u00edcola dos Produtores de Azeite de Santa Catarina da Fonte do Bispo, a associa\u00e7\u00e3o que lan\u00e7ou o projeto de cria\u00e7\u00e3o do Museu Zer0 foi o Instituto Lus\u00edada de Cultura associa\u00e7\u00e3o sem fins lucrativos fundada em 1982 e declarada de utilidade p\u00fablica em 1991.<\/p>\t\t\t\t\t\t<\/div>\n\t\t\t\t<\/div>\n\t\t\t\t\t<\/div>\n\t\t<\/div>\n\t\t\t\t\t\t\t<\/div>\n\t\t<\/section>\n\t\t\t\t\t<\/div>\n\t\t<\/div>\n\t\t\t\t\t\t\t<\/div>\n\t\t<\/section>\n\t\t\t\t<section class=\"elementor-section elementor-top-section elementor-element elementor-element-4a66370 elementor-section-boxed elementor-section-height-default elementor-section-height-default\" data-id=\"4a66370\" data-element_type=\"section\">\n\t\t\t\t\t\t<div class=\"elementor-container elementor-column-gap-no\">\n\t\t\t\t\t<div class=\"elementor-column elementor-col-100 elementor-top-column elementor-element elementor-element-ba14129\" data-id=\"ba14129\" data-element_type=\"column\">\n\t\t\t<div class=\"elementor-widget-wrap elementor-element-populated\">\n\t\t\t\t\t\t\t\t<section class=\"elementor-section elementor-inner-section elementor-element elementor-element-f3bfb71 fixed_width_section elementor-section-boxed elementor-section-height-default elementor-section-height-default\" data-id=\"f3bfb71\" data-element_type=\"section\">\n\t\t\t\t\t\t<div class=\"elementor-container elementor-column-gap-no\">\n\t\t\t\t\t<div class=\"elementor-column elementor-col-100 elementor-inner-column elementor-element elementor-element-072d1de\" data-id=\"072d1de\" data-element_type=\"column\">\n\t\t\t<div class=\"elementor-widget-wrap elementor-element-populated\">\n\t\t\t\t\t\t\t\t<div class=\"elementor-element elementor-element-9a1fa01 back_title elementor-widget elementor-widget-heading\" data-id=\"9a1fa01\" data-element_type=\"widget\" data-widget_type=\"heading.default\">\n\t\t\t\t<div class=\"elementor-widget-container\">\n\t\t\t<h3 class=\"elementor-heading-title elementor-size-default\">Misi\u00f3n, \u00f3rganos rectores<\/h3>\t\t<\/div>\n\t\t\t\t<\/div>\n\t\t\t\t\t<\/div>\n\t\t<\/div>\n\t\t\t\t\t\t\t<\/div>\n\t\t<\/section>\n\t\t\t\t<section class=\"elementor-section elementor-inner-section elementor-element elementor-element-a1a048a fixed_width_section elementor-section-boxed elementor-section-height-default elementor-section-height-default\" data-id=\"a1a048a\" data-element_type=\"section\">\n\t\t\t\t\t\t<div class=\"elementor-container elementor-column-gap-no\">\n\t\t\t\t\t<div class=\"elementor-column elementor-col-100 elementor-inner-column elementor-element elementor-element-3288a80\" data-id=\"3288a80\" data-element_type=\"column\" data-settings=\"{&quot;background_background&quot;:&quot;classic&quot;}\">\n\t\t\t<div class=\"elementor-widget-wrap elementor-element-populated\">\n\t\t\t\t\t\t\t\t<div class=\"elementor-element elementor-element-646f2ec elementor-widget elementor-widget-heading\" data-id=\"646f2ec\" data-element_type=\"widget\" data-widget_type=\"heading.default\">\n\t\t\t\t<div class=\"elementor-widget-container\">\n\t\t\t<h5 class=\"elementor-heading-title elementor-size-default\">La asociaci\u00f3n promotora<\/h5>\t\t<\/div>\n\t\t\t\t<\/div>\n\t\t\t\t<div class=\"elementor-element elementor-element-3333ae7 hover_link_text_bold elementor-widget elementor-widget-text-editor\" data-id=\"3333ae7\" data-element_type=\"widget\" data-widget_type=\"text-editor.default\">\n\t\t\t\t<div class=\"elementor-widget-container\">\n\t\t\t\t\t\t\t<p><strong>1 - El objetivo del Museo Zer0 es llevar a cabo actividades nacionales e internacionales en los \u00e1mbitos de la creaci\u00f3n, promoci\u00f3n y exposici\u00f3n de obras de arte digital.<\/strong><\/p>\n<p><strong>2 - En la consecuci\u00f3n de su objeto, el Museo Zer0 tiene las siguientes finalidades:<\/strong><br>Coordinar y supervisar la aplicaci\u00f3n de estrategias de artes digitales y controlar el impacto de su aplicaci\u00f3n;<br>Desenvolver atividades dedicadas \u00e0 cria\u00e7\u00e3o, \u00e0 produ\u00e7\u00e3o e frui\u00e7\u00e3o de obras de arte digital;<br>Creaci\u00f3n de centros de creaci\u00f3n y exposici\u00f3n art\u00edstica para fomentar la investigaci\u00f3n, el desarrollo tecnol\u00f3gico y la sensibilizaci\u00f3n sobre el arte digital;<br>Promover iniciativas destinadas a atraer nuevos p\u00fablicos a las artes digitales;<br>Servir de enlace en el marco institucional de las artes digitales con organizaciones p\u00fablicas y privadas, tanto portuguesas como internacionales;<br>Contribuir a la posici\u00f3n de Portugal en el reconocimiento internacional de las artes digitales;<br>Estimular la creaci\u00f3n de redes y el intercambio de conocimientos entre instituciones, empresas, artistas, investigadores y otros agentes del proceso de transformaci\u00f3n digital;<br>Participar en plataformas de difusi\u00f3n y apoyo a la edici\u00f3n digital, as\u00ed como en espacios de laboratorio para la producci\u00f3n de contenidos;<br>Presentar solicitudes de financiaci\u00f3n nacional y europea y participar en su ejecuci\u00f3n para poner en marcha acciones de apoyo a las artes digitales;<br>Firmar protocolos de colaboraci\u00f3n con cualquier organizaci\u00f3n en el \u00e1mbito de su misi\u00f3n.<\/p>\n<p><strong>3- Los \u00f3rganos de gobierno de la asociaci\u00f3n Museu Zer0 son la Asamblea General, el Consejo de Administraci\u00f3n, el Consejo de Vigilancia y el Consejo Estrat\u00e9gico.<\/strong><br>La Asamblea General es el \u00f3rgano supremo de la Asociaci\u00f3n y se encarga de definir las l\u00edneas generales de actuaci\u00f3n, evaluar la gesti\u00f3n y elegir a los miembros de los \u00f3rganos de gobierno;<br>El Consejo de Administraci\u00f3n es el \u00f3rgano administrativo de la Asociaci\u00f3n y se encarga de ejercer todas las facultades necesarias para llevar a cabo las actividades comprendidas en sus objetivos;<br>El Consejo de Supervisi\u00f3n se encarga, entre otras cosas, de evaluar y emitir un dictamen sobre el informe y las cuentas anuales y sobre el plan de actividades y el presupuesto para los a\u00f1os siguientes;<br>El Consejo Estrat\u00e9gico es el \u00f3rgano consultivo estrat\u00e9gico de la Asociaci\u00f3n y est\u00e1 compuesto por personalidades de reconocida idoneidad, integridad, competencia y m\u00e9rito. La funci\u00f3n del Consejo Estrat\u00e9gico es asesorar en los \u00e1mbitos econ\u00f3mico, t\u00e9cnico y cient\u00edfico, as\u00ed como en cuestiones relevantes para la consecuci\u00f3n de los objetivos de la Asociaci\u00f3n.<\/p>\t\t\t\t\t\t<\/div>\n\t\t\t\t<\/div>\n\t\t\t\t\t<\/div>\n\t\t<\/div>\n\t\t\t\t\t\t\t<\/div>\n\t\t<\/section>\n\t\t\t\t\t<\/div>\n\t\t<\/div>\n\t\t\t\t\t\t\t<\/div>\n\t\t<\/section>\n\t\t\t\t<section class=\"elementor-section elementor-top-section elementor-element elementor-element-a263e17 elementor-section-boxed elementor-section-height-default elementor-section-height-default\" data-id=\"a263e17\" data-element_type=\"section\">\n\t\t\t\t\t\t<div class=\"elementor-container elementor-column-gap-no\">\n\t\t\t\t\t<div class=\"elementor-column elementor-col-100 elementor-top-column elementor-element elementor-element-0dc6306\" data-id=\"0dc6306\" data-element_type=\"column\">\n\t\t\t<div class=\"elementor-widget-wrap elementor-element-populated\">\n\t\t\t\t\t\t\t\t<section class=\"elementor-section elementor-inner-section elementor-element elementor-element-a9e3436 fixed_width_section elementor-section-boxed elementor-section-height-default elementor-section-height-default\" data-id=\"a9e3436\" data-element_type=\"section\">\n\t\t\t\t\t\t<div class=\"elementor-container elementor-column-gap-no\">\n\t\t\t\t\t<div class=\"elementor-column elementor-col-100 elementor-inner-column elementor-element elementor-element-396899d\" data-id=\"396899d\" data-element_type=\"column\">\n\t\t\t<div class=\"elementor-widget-wrap elementor-element-populated\">\n\t\t\t\t\t\t\t\t<div class=\"elementor-element elementor-element-8b98cf7 back_title elementor-widget elementor-widget-heading\" data-id=\"8b98cf7\" data-element_type=\"widget\" data-widget_type=\"heading.default\">\n\t\t\t\t<div class=\"elementor-widget-container\">\n\t\t\t<h3 class=\"elementor-heading-title elementor-size-default\">Valores corporativos<\/h3>\t\t<\/div>\n\t\t\t\t<\/div>\n\t\t\t\t<div class=\"elementor-element elementor-element-7c6ff83 elementor-widget elementor-widget-text-editor\" data-id=\"7c6ff83\" data-element_type=\"widget\" data-widget_type=\"text-editor.default\">\n\t\t\t\t<div class=\"elementor-widget-container\">\n\t\t\t\t\t\t\t<p>La asociaci\u00f3n Museu Zero asume como valores corporativos el deseo de apoyar a las industrias culturales para la creaci\u00f3n art\u00edstica en arte digital, con el apoyo de las nuevas tecnolog\u00edas, la protecci\u00f3n y valorizaci\u00f3n del medio ambiente, el territorio y los valores culturales de la regi\u00f3n del Algarve, cerca de las comunidades residentes y con vocaci\u00f3n de trabajo en red a nivel nacional e internacional.<\/p>\t\t\t\t\t\t<\/div>\n\t\t\t\t<\/div>\n\t\t\t\t\t<\/div>\n\t\t<\/div>\n\t\t\t\t\t\t\t<\/div>\n\t\t<\/section>\n\t\t\t\t\t<\/div>\n\t\t<\/div>\n\t\t\t\t\t\t\t<\/div>\n\t\t<\/section>\n\t\t\t\t\t\t\t<\/div>","protected":false},"excerpt":{"rendered":"<p>A associa\u00e7\u00e3o promotora Associa\u00e7\u00e3o Museu Zer0 Apresenta\u00e7\u00e3o Redenominada em 2023 para associa\u00e7\u00e3o Museu Zer0: \/\/ Centro de Arte Digital ILC, e agora com sede na Cooperativa Agr\u00edcola dos Produtores de Azeite de Santa Catarina da Fonte do Bispo, a associa\u00e7\u00e3o que lan\u00e7ou o projeto de cria\u00e7\u00e3o do Museu Zer0 foi o Instituto Lus\u00edada de Cultura [&hellip;]<\/p>","protected":false},"author":3,"featured_media":3007,"parent":0,"menu_order":0,"comment_status":"closed","ping_status":"closed","template":"elementor_header_footer","meta":{"footnotes":""},"yoast_head":"<!-- This site is optimized with the Yoast SEO Premium plugin v20.5 (Yoast SEO v20.9) - https:\/\/yoast.com\/wordpress\/plugins\/seo\/ -->\n<title>Museu Zer0 - Descubra a Arte Digital<\/title>\n<meta name=\"description\" content=\"Museu Zer0 - Centro de Arte Digital. Programando iniciativas, apresentando, divulgando, e apoiando a cria\u00e7\u00e3o art\u00edstica digital.\" \/>\n<meta name=\"robots\" content=\"index, follow, max-snippet:-1, max-image-preview:large, max-video-preview:-1\" \/>\n<link rel=\"canonical\" href=\"https:\/\/www.museu0.pt\/es\/la-asociacion\/\" \/>\n<meta property=\"og:locale\" content=\"es_ES\" \/>\n<meta property=\"og:type\" content=\"article\" \/>\n<meta property=\"og:title\" content=\"A Associa\u00e7\u00e3o\" \/>\n<meta property=\"og:description\" content=\"Museu Zer0 - Centro de Arte Digital. Programando iniciativas, apresentando, divulgando, e apoiando a cria\u00e7\u00e3o art\u00edstica digital.\" \/>\n<meta property=\"og:url\" content=\"https:\/\/www.museu0.pt\/es\/la-asociacion\/\" \/>\n<meta property=\"og:site_name\" content=\"Museu0\" \/>\n<meta property=\"article:modified_time\" content=\"2025-11-12T16:07:37+00:00\" \/>\n<meta property=\"og:image\" content=\"https:\/\/www.museu0.pt\/wp-content\/uploads\/2023\/11\/museu0_thumbnail.png\" \/>\n\t<meta property=\"og:image:width\" content=\"260\" \/>\n\t<meta property=\"og:image:height\" content=\"260\" \/>\n\t<meta property=\"og:image:type\" content=\"image\/png\" \/>\n<meta name=\"twitter:card\" content=\"summary_large_image\" \/>\n<meta name=\"twitter:label1\" content=\"Est. reading time\" \/>\n\t<meta name=\"twitter:data1\" content=\"3 minutos\" \/>\n<script type=\"application\/ld+json\" class=\"yoast-schema-graph\">{\"@context\":\"https:\/\/schema.org\",\"@graph\":[{\"@type\":\"WebPage\",\"@id\":\"https:\/\/www.museu0.pt\/a-associacao\/\",\"url\":\"https:\/\/www.museu0.pt\/a-associacao\/\",\"name\":\"Museu Zer0 - Descubra a Arte Digital\",\"isPartOf\":{\"@id\":\"https:\/\/www.museu0.pt\/#website\"},\"datePublished\":\"2023-12-05T18:16:33+00:00\",\"dateModified\":\"2025-11-12T16:07:37+00:00\",\"description\":\"Museu Zer0 - Centro de Arte Digital. Programando iniciativas, apresentando, divulgando, e apoiando a cria\u00e7\u00e3o art\u00edstica digital.\",\"breadcrumb\":{\"@id\":\"https:\/\/www.museu0.pt\/a-associacao\/#breadcrumb\"},\"inLanguage\":\"es\",\"potentialAction\":[{\"@type\":\"ReadAction\",\"target\":[\"https:\/\/www.museu0.pt\/a-associacao\/\"]}]},{\"@type\":\"BreadcrumbList\",\"@id\":\"https:\/\/www.museu0.pt\/a-associacao\/#breadcrumb\",\"itemListElement\":[{\"@type\":\"ListItem\",\"position\":1,\"name\":\"Home\",\"item\":\"https:\/\/www.museu0.pt\/pt\/\"},{\"@type\":\"ListItem\",\"position\":2,\"name\":\"A Associa\u00e7\u00e3o\"}]},{\"@type\":\"WebSite\",\"@id\":\"https:\/\/www.museu0.pt\/#website\",\"url\":\"https:\/\/www.museu0.pt\/\",\"name\":\"Museu0\",\"description\":\"Centro de Arte Digital\",\"publisher\":{\"@id\":\"https:\/\/www.museu0.pt\/#organization\"},\"potentialAction\":[{\"@type\":\"SearchAction\",\"target\":{\"@type\":\"EntryPoint\",\"urlTemplate\":\"https:\/\/www.museu0.pt\/?s={search_term_string}\"},\"query-input\":\"required name=search_term_string\"}],\"inLanguage\":\"es\"},{\"@type\":\"Organization\",\"@id\":\"https:\/\/www.museu0.pt\/#organization\",\"name\":\"Museu0\",\"url\":\"https:\/\/www.museu0.pt\/\",\"logo\":{\"@type\":\"ImageObject\",\"inLanguage\":\"es\",\"@id\":\"https:\/\/www.museu0.pt\/#\/schema\/logo\/image\/\",\"url\":\"https:\/\/www.museu0.pt\/wp-content\/uploads\/2023\/11\/museu0_logo_big.png\",\"contentUrl\":\"https:\/\/www.museu0.pt\/wp-content\/uploads\/2023\/11\/museu0_logo_big.png\",\"width\":1100,\"height\":1100,\"caption\":\"Museu0\"},\"image\":{\"@id\":\"https:\/\/www.museu0.pt\/#\/schema\/logo\/image\/\"}}]}<\/script>\n<!-- \/ Yoast SEO Premium plugin. -->","yoast_head_json":{"title":"Museu Zer0 - Descubra a Arte Digital","description":"Museu Zer0 - Centro de Arte Digital. Programando iniciativas, apresentando, divulgando, e apoiando a cria\u00e7\u00e3o art\u00edstica digital.","robots":{"index":"index","follow":"follow","max-snippet":"max-snippet:-1","max-image-preview":"max-image-preview:large","max-video-preview":"max-video-preview:-1"},"canonical":"https:\/\/www.museu0.pt\/es\/la-asociacion\/","og_locale":"es_ES","og_type":"article","og_title":"A Associa\u00e7\u00e3o","og_description":"Museu Zer0 - Centro de Arte Digital. Programando iniciativas, apresentando, divulgando, e apoiando a cria\u00e7\u00e3o art\u00edstica digital.","og_url":"https:\/\/www.museu0.pt\/es\/la-asociacion\/","og_site_name":"Museu0","article_modified_time":"2025-11-12T16:07:37+00:00","og_image":[{"width":260,"height":260,"url":"https:\/\/www.museu0.pt\/wp-content\/uploads\/2023\/11\/museu0_thumbnail.png","type":"image\/png"}],"twitter_card":"summary_large_image","twitter_misc":{"Est. reading time":"3 minutos"},"schema":{"@context":"https:\/\/schema.org","@graph":[{"@type":"WebPage","@id":"https:\/\/www.museu0.pt\/a-associacao\/","url":"https:\/\/www.museu0.pt\/a-associacao\/","name":"Museu Zer0 - Descubra a Arte Digital","isPartOf":{"@id":"https:\/\/www.museu0.pt\/#website"},"datePublished":"2023-12-05T18:16:33+00:00","dateModified":"2025-11-12T16:07:37+00:00","description":"Museu Zer0 - Centro de Arte Digital. Programando iniciativas, apresentando, divulgando, e apoiando a cria\u00e7\u00e3o art\u00edstica digital.","breadcrumb":{"@id":"https:\/\/www.museu0.pt\/a-associacao\/#breadcrumb"},"inLanguage":"es","potentialAction":[{"@type":"ReadAction","target":["https:\/\/www.museu0.pt\/a-associacao\/"]}]},{"@type":"BreadcrumbList","@id":"https:\/\/www.museu0.pt\/a-associacao\/#breadcrumb","itemListElement":[{"@type":"ListItem","position":1,"name":"Home","item":"https:\/\/www.museu0.pt\/pt\/"},{"@type":"ListItem","position":2,"name":"A Associa\u00e7\u00e3o"}]},{"@type":"WebSite","@id":"https:\/\/www.museu0.pt\/#website","url":"https:\/\/www.museu0.pt\/","name":"Museu0","description":"Centro de Arte Digital","publisher":{"@id":"https:\/\/www.museu0.pt\/#organization"},"potentialAction":[{"@type":"SearchAction","target":{"@type":"EntryPoint","urlTemplate":"https:\/\/www.museu0.pt\/?s={search_term_string}"},"query-input":"required name=search_term_string"}],"inLanguage":"es"},{"@type":"Organization","@id":"https:\/\/www.museu0.pt\/#organization","name":"Museu0","url":"https:\/\/www.museu0.pt\/","logo":{"@type":"ImageObject","inLanguage":"es","@id":"https:\/\/www.museu0.pt\/#\/schema\/logo\/image\/","url":"https:\/\/www.museu0.pt\/wp-content\/uploads\/2023\/11\/museu0_logo_big.png","contentUrl":"https:\/\/www.museu0.pt\/wp-content\/uploads\/2023\/11\/museu0_logo_big.png","width":1100,"height":1100,"caption":"Museu0"},"image":{"@id":"https:\/\/www.museu0.pt\/#\/schema\/logo\/image\/"}}]}},"_links":{"self":[{"href":"https:\/\/www.museu0.pt\/es\/wp-json\/wp\/v2\/pages\/4551"}],"collection":[{"href":"https:\/\/www.museu0.pt\/es\/wp-json\/wp\/v2\/pages"}],"about":[{"href":"https:\/\/www.museu0.pt\/es\/wp-json\/wp\/v2\/types\/page"}],"author":[{"embeddable":true,"href":"https:\/\/www.museu0.pt\/es\/wp-json\/wp\/v2\/users\/3"}],"replies":[{"embeddable":true,"href":"https:\/\/www.museu0.pt\/es\/wp-json\/wp\/v2\/comments?post=4551"}],"version-history":[{"count":20,"href":"https:\/\/www.museu0.pt\/es\/wp-json\/wp\/v2\/pages\/4551\/revisions"}],"predecessor-version":[{"id":6130,"href":"https:\/\/www.museu0.pt\/es\/wp-json\/wp\/v2\/pages\/4551\/revisions\/6130"}],"wp:featuredmedia":[{"embeddable":true,"href":"https:\/\/www.museu0.pt\/es\/wp-json\/wp\/v2\/media\/3007"}],"wp:attachment":[{"href":"https:\/\/www.museu0.pt\/es\/wp-json\/wp\/v2\/media?parent=4551"}],"curies":[{"name":"wp","href":"https:\/\/api.w.org\/{rel}","templated":true}]}}