{"id":4025,"date":"2023-11-28T22:30:07","date_gmt":"2023-11-28T22:30:07","guid":{"rendered":"https:\/\/www.museu0.pt\/?post_type=perfil&#038;p=4025"},"modified":"2024-03-01T23:05:39","modified_gmt":"2024-03-01T23:05:39","slug":"mauro-amaral","status":"publish","type":"perfil","link":"https:\/\/www.museu0.pt\/es\/perfil\/mauro-amaral\/","title":{"rendered":"Mauro Amaral"},"content":{"rendered":"<p>Nacido en Lisboa en 1976 de padres angole\u00f1os, vive en Faro desde ni\u00f1o. En 1998 comenz\u00f3 su carrera art\u00edstica en ARCA, donde hasta 2006 desarroll\u00f3 numerosas actuaciones y experiencias art\u00edsticas en una veintena de pa\u00edses.<\/p>\n\n\n\n<p>Ha sido coordinador general y Director Art\u00edstico del Komboyo dos Lokos, festival internacional de artes de calle y espect\u00e1culo itinerante de artes esc\u00e9nicas, en varias ocasiones, as\u00ed como Director Art\u00edstico del Desfile de San Juan de Breslavia (Polonia), en dos ocasiones.<\/p>\n\n\n\n<p>En 2010 cre\u00f3 el premiado documental \"Ilha\", codirigido con Carlos Fraga, sobre la comunidad de pescadores de la playa de Faro y sus temores a ser desplazados por el proyecto Polis Ria Formosa.<\/p>\n\n\n\n<p>Mientras tanto, volvi\u00f3 a la m\u00fasica, un camino que le llev\u00f3 a publicar el EP en solitario \"Somos\" en diciembre de 2016. Est\u00e1 a punto de publicar su primer \u00e1lbum original \"Random Acts of Kindness\".<\/p>\n\n\n\n<p>Tambi\u00e9n en 2016 volvi\u00f3 -tras un par\u00e9ntesis de casi 10 a\u00f1os- a las artes esc\u00e9nicas, participando en la programaci\u00f3n y producci\u00f3n de tres ediciones del Baixa Street Fest de Faro.<\/p>\n\n\n\n<p>En 2018 cre\u00f3 y dirigi\u00f3 los espect\u00e1culos Euphoria 1 y Aquatropia.<\/p>\n\n\n\n<p>Tambi\u00e9n ha hecho pintura, fotograf\u00eda, radioarte y videoarte.<\/p>","protected":false},"excerpt":{"rendered":"<p>Nascido em Lisboa em 1976, filho de pais angolanos, residente em Faro desde crian\u00e7a. Em 1998 iniciou a sua carreira art\u00edstica, na ARCA, onde at\u00e9 2006, desenvolveu in\u00fameras performances e experi\u00eancias art\u00edsticas em cerca de 20 pa\u00edses. Foi diversas vezes coordenador geral e Diretor Art\u00edstico do Komboyo dos Lokos, Festival Internacional de Artes de rua [&hellip;]<\/p>","protected":false},"author":3,"featured_media":4023,"menu_order":4,"template":"","meta":[],"categories":[20],"yoast_head":"<!-- This site is optimized with the Yoast SEO Premium plugin v20.5 (Yoast SEO v20.9) - https:\/\/yoast.com\/wordpress\/plugins\/seo\/ -->\n<title>Museu Zer0 - Descubra a Arte Digital<\/title>\n<meta name=\"description\" content=\"Museu Zer0 - Centro de Arte Digital. Programando iniciativas, apresentando, divulgando, e apoiando a cria\u00e7\u00e3o art\u00edstica digital.\" \/>\n<meta name=\"robots\" content=\"index, follow, max-snippet:-1, max-image-preview:large, max-video-preview:-1\" \/>\n<link rel=\"canonical\" href=\"https:\/\/www.museu0.pt\/es\/mauro-amaral\/\" \/>\n<meta property=\"og:locale\" content=\"es_ES\" \/>\n<meta property=\"og:type\" content=\"article\" \/>\n<meta property=\"og:title\" content=\"Mauro Amaral\" \/>\n<meta property=\"og:description\" content=\"Museu Zer0 - Centro de Arte Digital. Programando iniciativas, apresentando, divulgando, e apoiando a cria\u00e7\u00e3o art\u00edstica digital.\" \/>\n<meta property=\"og:url\" content=\"https:\/\/www.museu0.pt\/es\/mauro-amaral\/\" \/>\n<meta property=\"og:site_name\" content=\"Museu0\" \/>\n<meta property=\"article:modified_time\" content=\"2024-03-01T23:05:39+00:00\" \/>\n<meta property=\"og:image\" content=\"https:\/\/www.museu0.pt\/wp-content\/uploads\/2023\/11\/perfil_04.jpg\" \/>\n\t<meta property=\"og:image:width\" content=\"800\" \/>\n\t<meta property=\"og:image:height\" content=\"685\" \/>\n\t<meta property=\"og:image:type\" content=\"image\/jpeg\" \/>\n<meta name=\"twitter:card\" content=\"summary_large_image\" \/>\n<meta name=\"twitter:label1\" content=\"Est. reading time\" \/>\n\t<meta name=\"twitter:data1\" content=\"2 minutos\" \/>\n<script type=\"application\/ld+json\" class=\"yoast-schema-graph\">{\"@context\":\"https:\/\/schema.org\",\"@graph\":[{\"@type\":\"WebPage\",\"@id\":\"https:\/\/www.museu0.pt\/mauro-amaral\/\",\"url\":\"https:\/\/www.museu0.pt\/mauro-amaral\/\",\"name\":\"Museu Zer0 - Descubra a Arte Digital\",\"isPartOf\":{\"@id\":\"https:\/\/www.museu0.pt\/#website\"},\"datePublished\":\"2023-11-28T22:30:07+00:00\",\"dateModified\":\"2024-03-01T23:05:39+00:00\",\"description\":\"Museu Zer0 - Centro de Arte Digital. Programando iniciativas, apresentando, divulgando, e apoiando a cria\u00e7\u00e3o art\u00edstica digital.\",\"breadcrumb\":{\"@id\":\"https:\/\/www.museu0.pt\/mauro-amaral\/#breadcrumb\"},\"inLanguage\":\"es\",\"potentialAction\":[{\"@type\":\"ReadAction\",\"target\":[\"https:\/\/www.museu0.pt\/mauro-amaral\/\"]}]},{\"@type\":\"BreadcrumbList\",\"@id\":\"https:\/\/www.museu0.pt\/mauro-amaral\/#breadcrumb\",\"itemListElement\":[{\"@type\":\"ListItem\",\"position\":1,\"name\":\"Home\",\"item\":\"https:\/\/www.museu0.pt\/pt\/\"},{\"@type\":\"ListItem\",\"position\":2,\"name\":\"Perfis\",\"item\":\"https:\/\/www.museu0.pt\/?post_type=perfil\"},{\"@type\":\"ListItem\",\"position\":3,\"name\":\"Mauro Amaral\"}]},{\"@type\":\"WebSite\",\"@id\":\"https:\/\/www.museu0.pt\/#website\",\"url\":\"https:\/\/www.museu0.pt\/\",\"name\":\"Museu0\",\"description\":\"Centro de Arte Digital\",\"publisher\":{\"@id\":\"https:\/\/www.museu0.pt\/#organization\"},\"potentialAction\":[{\"@type\":\"SearchAction\",\"target\":{\"@type\":\"EntryPoint\",\"urlTemplate\":\"https:\/\/www.museu0.pt\/?s={search_term_string}\"},\"query-input\":\"required name=search_term_string\"}],\"inLanguage\":\"es\"},{\"@type\":\"Organization\",\"@id\":\"https:\/\/www.museu0.pt\/#organization\",\"name\":\"Museu0\",\"url\":\"https:\/\/www.museu0.pt\/\",\"logo\":{\"@type\":\"ImageObject\",\"inLanguage\":\"es\",\"@id\":\"https:\/\/www.museu0.pt\/#\/schema\/logo\/image\/\",\"url\":\"https:\/\/www.museu0.pt\/wp-content\/uploads\/2023\/11\/museu0_logo_big.png\",\"contentUrl\":\"https:\/\/www.museu0.pt\/wp-content\/uploads\/2023\/11\/museu0_logo_big.png\",\"width\":1100,\"height\":1100,\"caption\":\"Museu0\"},\"image\":{\"@id\":\"https:\/\/www.museu0.pt\/#\/schema\/logo\/image\/\"}}]}<\/script>\n<!-- \/ Yoast SEO Premium plugin. -->","yoast_head_json":{"title":"Museu Zer0 - Descubra a Arte Digital","description":"Museu Zer0 - Centro de Arte Digital. Programando iniciativas, apresentando, divulgando, e apoiando a cria\u00e7\u00e3o art\u00edstica digital.","robots":{"index":"index","follow":"follow","max-snippet":"max-snippet:-1","max-image-preview":"max-image-preview:large","max-video-preview":"max-video-preview:-1"},"canonical":"https:\/\/www.museu0.pt\/es\/mauro-amaral\/","og_locale":"es_ES","og_type":"article","og_title":"Mauro Amaral","og_description":"Museu Zer0 - Centro de Arte Digital. Programando iniciativas, apresentando, divulgando, e apoiando a cria\u00e7\u00e3o art\u00edstica digital.","og_url":"https:\/\/www.museu0.pt\/es\/mauro-amaral\/","og_site_name":"Museu0","article_modified_time":"2024-03-01T23:05:39+00:00","og_image":[{"width":800,"height":685,"url":"https:\/\/www.museu0.pt\/wp-content\/uploads\/2023\/11\/perfil_04.jpg","type":"image\/jpeg"}],"twitter_card":"summary_large_image","twitter_misc":{"Est. reading time":"2 minutos"},"schema":{"@context":"https:\/\/schema.org","@graph":[{"@type":"WebPage","@id":"https:\/\/www.museu0.pt\/mauro-amaral\/","url":"https:\/\/www.museu0.pt\/mauro-amaral\/","name":"Museu Zer0 - Descubra a Arte Digital","isPartOf":{"@id":"https:\/\/www.museu0.pt\/#website"},"datePublished":"2023-11-28T22:30:07+00:00","dateModified":"2024-03-01T23:05:39+00:00","description":"Museu Zer0 - Centro de Arte Digital. Programando iniciativas, apresentando, divulgando, e apoiando a cria\u00e7\u00e3o art\u00edstica digital.","breadcrumb":{"@id":"https:\/\/www.museu0.pt\/mauro-amaral\/#breadcrumb"},"inLanguage":"es","potentialAction":[{"@type":"ReadAction","target":["https:\/\/www.museu0.pt\/mauro-amaral\/"]}]},{"@type":"BreadcrumbList","@id":"https:\/\/www.museu0.pt\/mauro-amaral\/#breadcrumb","itemListElement":[{"@type":"ListItem","position":1,"name":"Home","item":"https:\/\/www.museu0.pt\/pt\/"},{"@type":"ListItem","position":2,"name":"Perfis","item":"https:\/\/www.museu0.pt\/?post_type=perfil"},{"@type":"ListItem","position":3,"name":"Mauro Amaral"}]},{"@type":"WebSite","@id":"https:\/\/www.museu0.pt\/#website","url":"https:\/\/www.museu0.pt\/","name":"Museu0","description":"Centro de Arte Digital","publisher":{"@id":"https:\/\/www.museu0.pt\/#organization"},"potentialAction":[{"@type":"SearchAction","target":{"@type":"EntryPoint","urlTemplate":"https:\/\/www.museu0.pt\/?s={search_term_string}"},"query-input":"required name=search_term_string"}],"inLanguage":"es"},{"@type":"Organization","@id":"https:\/\/www.museu0.pt\/#organization","name":"Museu0","url":"https:\/\/www.museu0.pt\/","logo":{"@type":"ImageObject","inLanguage":"es","@id":"https:\/\/www.museu0.pt\/#\/schema\/logo\/image\/","url":"https:\/\/www.museu0.pt\/wp-content\/uploads\/2023\/11\/museu0_logo_big.png","contentUrl":"https:\/\/www.museu0.pt\/wp-content\/uploads\/2023\/11\/museu0_logo_big.png","width":1100,"height":1100,"caption":"Museu0"},"image":{"@id":"https:\/\/www.museu0.pt\/#\/schema\/logo\/image\/"}}]}},"_links":{"self":[{"href":"https:\/\/www.museu0.pt\/es\/wp-json\/wp\/v2\/perfil\/4025"}],"collection":[{"href":"https:\/\/www.museu0.pt\/es\/wp-json\/wp\/v2\/perfil"}],"about":[{"href":"https:\/\/www.museu0.pt\/es\/wp-json\/wp\/v2\/types\/perfil"}],"author":[{"embeddable":true,"href":"https:\/\/www.museu0.pt\/es\/wp-json\/wp\/v2\/users\/3"}],"version-history":[{"count":2,"href":"https:\/\/www.museu0.pt\/es\/wp-json\/wp\/v2\/perfil\/4025\/revisions"}],"predecessor-version":[{"id":4028,"href":"https:\/\/www.museu0.pt\/es\/wp-json\/wp\/v2\/perfil\/4025\/revisions\/4028"}],"wp:featuredmedia":[{"embeddable":true,"href":"https:\/\/www.museu0.pt\/es\/wp-json\/wp\/v2\/media\/4023"}],"wp:attachment":[{"href":"https:\/\/www.museu0.pt\/es\/wp-json\/wp\/v2\/media?parent=4025"}],"wp:term":[{"taxonomy":"category","embeddable":true,"href":"https:\/\/www.museu0.pt\/es\/wp-json\/wp\/v2\/categories?post=4025"}],"curies":[{"name":"wp","href":"https:\/\/api.w.org\/{rel}","templated":true}]}}