{"id":5526,"date":"2024-03-01T22:55:08","date_gmt":"2024-03-01T22:55:08","guid":{"rendered":"https:\/\/www.museu0.pt\/?post_type=perfil&#038;p=5526"},"modified":"2024-03-14T16:43:10","modified_gmt":"2024-03-14T16:43:10","slug":"rudolfo-quintas","status":"publish","type":"perfil","link":"https:\/\/www.museu0.pt\/es\/perfil\/rudolfo-quintas\/","title":{"rendered":"Rodolfo Quintas"},"content":{"rendered":"<p>Rudolfo Quintas (Oporto, 1980) es un artista multimedia portugu\u00e9s. Crea obras audiovisuales interactivas, generativas y de mapeo de datos que invariablemente adoptan la forma de performances, instalaciones o esculturas. Estos entornos digitales constituyen un sutil equilibrio entre control y aleatoriedad, que Ver\u00f3nica Metello define como \"contextos sensibles\". Estos contextos establecen un di\u00e1logo continuo entre lo digital y lo no digital. Son una ventana abierta al mundo, donde la artista desvela nuevas perspectivas para reflexionar sobre el comportamiento humano.<\/p>\n\n\n\n<p>En un di\u00e1logo continuo entre dise\u00f1o, ciencia y tecnolog\u00eda, la obra de Rudolfo Quintas alterna entre lo individual y lo colectivo. Ha explorado ampliamente los procesos de retroalimentaci\u00f3n cognitiva que implican la autoexploraci\u00f3n del p\u00fablico en obras como Displacement (2004), Absorption (2014) y Black Hole (2018), entre otros trabajos performativos como Swap (2005), Burning the Sound (2007) y Without Darkness (2016). Recientemente, Quintas ha llevado estos procesos de retroalimentaci\u00f3n a una escala mayor, retratando la sociedad a trav\u00e9s de visualizaciones de big data, como en su \u00faltimo trabajo News Feed (2019).<\/p>\n\n\n\n<p>En la \u00faltima d\u00e9cada, ha sido invitado a impartir conferencias y talleres a escala internacional, as\u00ed como a formar parte de jurados de publicaciones acad\u00e9micas. En Portugal, fue profesor en la Escuela Superior de Arte y Dise\u00f1o ESAD Caldas da Rainha (2005-06) y en el Departamento de Comunicaci\u00f3n y Artes de la Universidad de Beira Interior (2009-12).<\/p>\n\n\n\n<p>Quintas ha expuesto su obra a nivel nacional e internacional en galer\u00edas, espacios culturales y festivales de arte, como el festival Transmediale\/CTM (Berl\u00edn), el festival Todays Art (La Haya), la Dox Gallery y el festival ENTER (Praga), Fundaci\u00f3 \"La Caixa\" (Barcelona), La Casa Encendida (Madrid), STEIM (Amsterdam), la exposici\u00f3n \"Uncharted\" en Santralistanbul (Estambul), el festival Pixelache en el museo Kiasma (Helsinki), NIME (Sydney) o el Royal College of Art de Londres. En su Portugal natal, Quintas ha presentado recientemente su obra en el festival Index of Art and Technology de Braga, en el marco de la Capital portuguesa de las Artes Medi\u00e1ticas de Braga, en la galer\u00eda de arte FOCO de Lisboa, en el centro cultural Convento de S\u00e3o Francisco de Coimbra y en el festival Criatek de Aveiro.<\/p>\n\n\n\n<p>Su trabajo art\u00edstico ha sido reconocido nacional e internacionalmente a trav\u00e9s de subvenciones, residencias art\u00edsticas, becas y premios de arte como las becas Portuguese Spotlight de la DGarts (Direcci\u00f3n General de las Artes del Ministerio de Cultura portugu\u00e9s) o el Premio de Distinci\u00f3n Transmediale del Festival Transmediale de Berl\u00edn. Su trabajo se ha publicado en Performance Research (Routledge), art\u00edculos de investigaci\u00f3n como NIME - New Interfaces for Musical Expression, y ediciones de arte como \"Younger Than Jesus: Artist Directory\" coeditado por el New Museum de Nueva York y Phaidon Press, entre otros. Actualmente vive y trabaja en Lisboa, donde tiene su estudio en MONO Lisboa.<\/p>","protected":false},"excerpt":{"rendered":"<p>Rudolfo Quintas (Porto, 1980) \u00e9 um media artista portugu\u00eas. Cria obras audiovisuais interativas, generativas e de mapeamento de dados que invariavelmente assumem a forma de performances, instala\u00e7\u00f5es ou esculturas. Estes ambientes de media digital formam um equil\u00edbrio sutil entre controle e aleatoriedade, definidos por Ver\u00f3nica Metello como \u201ccontextos sens\u00edveis\u201d. Tais contextos estabelecem um di\u00e1logo cont\u00ednuo [&hellip;]<\/p>","protected":false},"author":3,"featured_media":4017,"menu_order":3,"template":"","meta":[],"categories":[21],"yoast_head":"<!-- This site is optimized with the Yoast SEO Premium plugin v20.5 (Yoast SEO v20.9) - https:\/\/yoast.com\/wordpress\/plugins\/seo\/ -->\n<title>Museu Zer0 - Descubra a Arte Digital<\/title>\n<meta name=\"description\" content=\"Museu Zer0 - Centro de Arte Digital. Programando iniciativas, apresentando, divulgando, e apoiando a cria\u00e7\u00e3o art\u00edstica digital.\" \/>\n<meta name=\"robots\" content=\"index, follow, max-snippet:-1, max-image-preview:large, max-video-preview:-1\" \/>\n<link rel=\"canonical\" href=\"https:\/\/www.museu0.pt\/es\/rudolfo-quintas\/\" \/>\n<meta property=\"og:locale\" content=\"es_ES\" \/>\n<meta property=\"og:type\" content=\"article\" \/>\n<meta property=\"og:title\" content=\"Rudolfo Quintas\" \/>\n<meta property=\"og:description\" content=\"Museu Zer0 - Centro de Arte Digital. Programando iniciativas, apresentando, divulgando, e apoiando a cria\u00e7\u00e3o art\u00edstica digital.\" \/>\n<meta property=\"og:url\" content=\"https:\/\/www.museu0.pt\/es\/rudolfo-quintas\/\" \/>\n<meta property=\"og:site_name\" content=\"Museu0\" \/>\n<meta property=\"article:modified_time\" content=\"2024-03-14T16:43:10+00:00\" \/>\n<meta property=\"og:image\" content=\"https:\/\/www.museu0.pt\/wp-content\/uploads\/2023\/11\/perfil_03.jpg\" \/>\n\t<meta property=\"og:image:width\" content=\"800\" \/>\n\t<meta property=\"og:image:height\" content=\"895\" \/>\n\t<meta property=\"og:image:type\" content=\"image\/jpeg\" \/>\n<meta name=\"twitter:card\" content=\"summary_large_image\" \/>\n<meta name=\"twitter:label1\" content=\"Est. reading time\" \/>\n\t<meta name=\"twitter:data1\" content=\"3 minutos\" \/>\n<script type=\"application\/ld+json\" class=\"yoast-schema-graph\">{\"@context\":\"https:\/\/schema.org\",\"@graph\":[{\"@type\":\"WebPage\",\"@id\":\"https:\/\/www.museu0.pt\/rudolfo-quintas\/\",\"url\":\"https:\/\/www.museu0.pt\/rudolfo-quintas\/\",\"name\":\"Museu Zer0 - Descubra a Arte Digital\",\"isPartOf\":{\"@id\":\"https:\/\/www.museu0.pt\/#website\"},\"datePublished\":\"2024-03-01T22:55:08+00:00\",\"dateModified\":\"2024-03-14T16:43:10+00:00\",\"description\":\"Museu Zer0 - Centro de Arte Digital. Programando iniciativas, apresentando, divulgando, e apoiando a cria\u00e7\u00e3o art\u00edstica digital.\",\"breadcrumb\":{\"@id\":\"https:\/\/www.museu0.pt\/rudolfo-quintas\/#breadcrumb\"},\"inLanguage\":\"es\",\"potentialAction\":[{\"@type\":\"ReadAction\",\"target\":[\"https:\/\/www.museu0.pt\/rudolfo-quintas\/\"]}]},{\"@type\":\"BreadcrumbList\",\"@id\":\"https:\/\/www.museu0.pt\/rudolfo-quintas\/#breadcrumb\",\"itemListElement\":[{\"@type\":\"ListItem\",\"position\":1,\"name\":\"Home\",\"item\":\"https:\/\/www.museu0.pt\/pt\/\"},{\"@type\":\"ListItem\",\"position\":2,\"name\":\"Perfis\",\"item\":\"https:\/\/www.museu0.pt\/?post_type=perfil\"},{\"@type\":\"ListItem\",\"position\":3,\"name\":\"Rudolfo Quintas\"}]},{\"@type\":\"WebSite\",\"@id\":\"https:\/\/www.museu0.pt\/#website\",\"url\":\"https:\/\/www.museu0.pt\/\",\"name\":\"Museu0\",\"description\":\"Centro de Arte Digital\",\"publisher\":{\"@id\":\"https:\/\/www.museu0.pt\/#organization\"},\"potentialAction\":[{\"@type\":\"SearchAction\",\"target\":{\"@type\":\"EntryPoint\",\"urlTemplate\":\"https:\/\/www.museu0.pt\/?s={search_term_string}\"},\"query-input\":\"required name=search_term_string\"}],\"inLanguage\":\"es\"},{\"@type\":\"Organization\",\"@id\":\"https:\/\/www.museu0.pt\/#organization\",\"name\":\"Museu0\",\"url\":\"https:\/\/www.museu0.pt\/\",\"logo\":{\"@type\":\"ImageObject\",\"inLanguage\":\"es\",\"@id\":\"https:\/\/www.museu0.pt\/#\/schema\/logo\/image\/\",\"url\":\"https:\/\/www.museu0.pt\/wp-content\/uploads\/2023\/11\/museu0_logo_big.png\",\"contentUrl\":\"https:\/\/www.museu0.pt\/wp-content\/uploads\/2023\/11\/museu0_logo_big.png\",\"width\":1100,\"height\":1100,\"caption\":\"Museu0\"},\"image\":{\"@id\":\"https:\/\/www.museu0.pt\/#\/schema\/logo\/image\/\"}}]}<\/script>\n<!-- \/ Yoast SEO Premium plugin. -->","yoast_head_json":{"title":"Museu Zer0 - Descubra a Arte Digital","description":"Museu Zer0 - Centro de Arte Digital. Programando iniciativas, apresentando, divulgando, e apoiando a cria\u00e7\u00e3o art\u00edstica digital.","robots":{"index":"index","follow":"follow","max-snippet":"max-snippet:-1","max-image-preview":"max-image-preview:large","max-video-preview":"max-video-preview:-1"},"canonical":"https:\/\/www.museu0.pt\/es\/rudolfo-quintas\/","og_locale":"es_ES","og_type":"article","og_title":"Rudolfo Quintas","og_description":"Museu Zer0 - Centro de Arte Digital. Programando iniciativas, apresentando, divulgando, e apoiando a cria\u00e7\u00e3o art\u00edstica digital.","og_url":"https:\/\/www.museu0.pt\/es\/rudolfo-quintas\/","og_site_name":"Museu0","article_modified_time":"2024-03-14T16:43:10+00:00","og_image":[{"width":800,"height":895,"url":"https:\/\/www.museu0.pt\/wp-content\/uploads\/2023\/11\/perfil_03.jpg","type":"image\/jpeg"}],"twitter_card":"summary_large_image","twitter_misc":{"Est. reading time":"3 minutos"},"schema":{"@context":"https:\/\/schema.org","@graph":[{"@type":"WebPage","@id":"https:\/\/www.museu0.pt\/rudolfo-quintas\/","url":"https:\/\/www.museu0.pt\/rudolfo-quintas\/","name":"Museu Zer0 - Descubra a Arte Digital","isPartOf":{"@id":"https:\/\/www.museu0.pt\/#website"},"datePublished":"2024-03-01T22:55:08+00:00","dateModified":"2024-03-14T16:43:10+00:00","description":"Museu Zer0 - Centro de Arte Digital. Programando iniciativas, apresentando, divulgando, e apoiando a cria\u00e7\u00e3o art\u00edstica digital.","breadcrumb":{"@id":"https:\/\/www.museu0.pt\/rudolfo-quintas\/#breadcrumb"},"inLanguage":"es","potentialAction":[{"@type":"ReadAction","target":["https:\/\/www.museu0.pt\/rudolfo-quintas\/"]}]},{"@type":"BreadcrumbList","@id":"https:\/\/www.museu0.pt\/rudolfo-quintas\/#breadcrumb","itemListElement":[{"@type":"ListItem","position":1,"name":"Home","item":"https:\/\/www.museu0.pt\/pt\/"},{"@type":"ListItem","position":2,"name":"Perfis","item":"https:\/\/www.museu0.pt\/?post_type=perfil"},{"@type":"ListItem","position":3,"name":"Rudolfo Quintas"}]},{"@type":"WebSite","@id":"https:\/\/www.museu0.pt\/#website","url":"https:\/\/www.museu0.pt\/","name":"Museu0","description":"Centro de Arte Digital","publisher":{"@id":"https:\/\/www.museu0.pt\/#organization"},"potentialAction":[{"@type":"SearchAction","target":{"@type":"EntryPoint","urlTemplate":"https:\/\/www.museu0.pt\/?s={search_term_string}"},"query-input":"required name=search_term_string"}],"inLanguage":"es"},{"@type":"Organization","@id":"https:\/\/www.museu0.pt\/#organization","name":"Museu0","url":"https:\/\/www.museu0.pt\/","logo":{"@type":"ImageObject","inLanguage":"es","@id":"https:\/\/www.museu0.pt\/#\/schema\/logo\/image\/","url":"https:\/\/www.museu0.pt\/wp-content\/uploads\/2023\/11\/museu0_logo_big.png","contentUrl":"https:\/\/www.museu0.pt\/wp-content\/uploads\/2023\/11\/museu0_logo_big.png","width":1100,"height":1100,"caption":"Museu0"},"image":{"@id":"https:\/\/www.museu0.pt\/#\/schema\/logo\/image\/"}}]}},"_links":{"self":[{"href":"https:\/\/www.museu0.pt\/es\/wp-json\/wp\/v2\/perfil\/5526"}],"collection":[{"href":"https:\/\/www.museu0.pt\/es\/wp-json\/wp\/v2\/perfil"}],"about":[{"href":"https:\/\/www.museu0.pt\/es\/wp-json\/wp\/v2\/types\/perfil"}],"author":[{"embeddable":true,"href":"https:\/\/www.museu0.pt\/es\/wp-json\/wp\/v2\/users\/3"}],"version-history":[{"count":2,"href":"https:\/\/www.museu0.pt\/es\/wp-json\/wp\/v2\/perfil\/5526\/revisions"}],"predecessor-version":[{"id":5528,"href":"https:\/\/www.museu0.pt\/es\/wp-json\/wp\/v2\/perfil\/5526\/revisions\/5528"}],"wp:featuredmedia":[{"embeddable":true,"href":"https:\/\/www.museu0.pt\/es\/wp-json\/wp\/v2\/media\/4017"}],"wp:attachment":[{"href":"https:\/\/www.museu0.pt\/es\/wp-json\/wp\/v2\/media?parent=5526"}],"wp:term":[{"taxonomy":"category","embeddable":true,"href":"https:\/\/www.museu0.pt\/es\/wp-json\/wp\/v2\/categories?post=5526"}],"curies":[{"name":"wp","href":"https:\/\/api.w.org\/{rel}","templated":true}]}}