{"id":5986,"date":"2025-09-18T16:51:33","date_gmt":"2025-09-18T16:51:33","guid":{"rendered":"https:\/\/www.museu0.pt\/?post_type=evento&#038;p=5986"},"modified":"2025-10-28T06:25:03","modified_gmt":"2025-10-28T06:25:03","slug":"luis-fernandes-em-residencia-artistica","status":"publish","type":"evento","link":"https:\/\/www.museu0.pt\/pt\/evento\/luis-fernandes-em-residencia-artistica\/","title":{"rendered":"Lu\u00eds Fernandes em Resid\u00eancia Art\u00edstica"},"content":{"rendered":"\n<p>Enquanto m\u00fasico tem desenvolvido trabalho a solo e como membro de m\u00faltiplos projetos tendo participado, at\u00e9 \u00e0 data, em 60 edi\u00e7\u00f5es discogr\u00e1ficas. \u00c9 elemento fundador da banda peixe : avi\u00e3o, mentor dos projectos The Astroboy e Landforms, membro do coletivo La La La Ressonance e do duo Palmer Eldritch. Mant\u00e9m, desde 2014, um duo com a pianista Joana Gama com o qual colaborou com Ricardo Jacinto, Jos\u00e9 Alberto Gomes, Drumming GP, Orquestra Metropolitana e a Orquestra de Guimar\u00e3es.<\/p>\n\n\n\n<p>Em 2018 desenvolveu o projeto \u201cSpeaking of Chance\u201d, explorando aleatoriedade controlada em sistemas de s\u00edntese modular juntamente com Andr\u00e9 Gon\u00e7alves e Lloyd Cole. Colaborou com Rodrigo Le\u00e3o na composi\u00e7\u00e3o, interpreta\u00e7\u00e3o e produ\u00e7\u00e3o do trabalho C\u00e9rebro: Mais Vasto que o C\u00e9u, encomenda da Funda\u00e7\u00e3o Calouste Gulbenkian e com Maria Jo\u00e3o, na produ\u00e7\u00e3o do disco \u201cAbund\u00e2ncia\u201d.<\/p>\n\n\n\n<p>O \u00e2mbito do seu trabalho alarga-se \u00e0 composi\u00e7\u00e3o de m\u00fasica para teatro, dan\u00e7a, cinema, v\u00eddeo e instala\u00e7\u00f5es sendo de destacar o filme Mahjong de Jo\u00e3o Pedro Rodrigues e Jo\u00e3o Rui Guerra da Mata, apresentado nos Festivais de Cannes e Locarno, a exposi\u00e7\u00e3o Porto Poetic, de homenagem aos arquitectos \u00c1lvaro Siza e Eduardo Souto Moura, na Triennale di Milano, e as pe\u00e7as \u201cOs Tr\u00eas Irm\u00e3os\u201d e \u201cCorpo Clandestino\u201d de Victor Hugo Pontes.<\/p>\n\n\n\n<p>Ao longo de 3 dias, desenvolvi uma resid\u00eancia art\u00edstica para finaliza\u00e7\u00e3o da pe\u00e7a Dispositivo Aural #2, encomendada pelo Museu Zer0. Durante este per\u00edodo, foi testada a implementa\u00e7\u00e3o desta obra generativa no local, bem como a forma como ela se deixar\u00e1 influenciar pelo ecossistema aural de Santa Catarina de Fonte do Bispo e pelas resson\u00e2ncias ac\u00fasticas do Museu Zer0.<\/p>\n","protected":false},"excerpt":{"rendered":"<p>Oficina Viva: Artistas em Resid\u00eancia<\/p>\n","protected":false},"author":3,"featured_media":5947,"menu_order":0,"template":"","meta":[],"categories":[17],"yoast_head":"<!-- This site is optimized with the Yoast SEO Premium plugin v20.5 (Yoast SEO v20.9) - https:\/\/yoast.com\/wordpress\/plugins\/seo\/ -->\n<title>Museu Zer0 - Descubra a Arte Digital<\/title>\n<meta name=\"description\" content=\"Museu Zer0 - Centro de Arte Digital. Programando iniciativas, apresentando, divulgando, e apoiando a cria\u00e7\u00e3o art\u00edstica digital.\" \/>\n<meta name=\"robots\" content=\"index, follow, max-snippet:-1, max-image-preview:large, max-video-preview:-1\" \/>\n<link rel=\"canonical\" href=\"https:\/\/www.museu0.pt\/pt\/evento\/luis-fernandes-em-residencia-artistica\/\" \/>\n<meta property=\"og:locale\" content=\"pt_PT\" \/>\n<meta property=\"og:type\" content=\"article\" \/>\n<meta property=\"og:title\" content=\"Lu\u00eds Fernandes em Resid\u00eancia Art\u00edstica\" \/>\n<meta property=\"og:description\" content=\"Museu Zer0 - Centro de Arte Digital. Programando iniciativas, apresentando, divulgando, e apoiando a cria\u00e7\u00e3o art\u00edstica digital.\" \/>\n<meta property=\"og:url\" content=\"https:\/\/www.museu0.pt\/pt\/evento\/luis-fernandes-em-residencia-artistica\/\" \/>\n<meta property=\"og:site_name\" content=\"Museu0\" \/>\n<meta property=\"article:modified_time\" content=\"2025-10-28T06:25:03+00:00\" \/>\n<meta property=\"og:image\" content=\"https:\/\/www.museu0.pt\/wp-content\/uploads\/2025\/09\/Luis-Fernandes.webp\" \/>\n\t<meta property=\"og:image:width\" content=\"528\" \/>\n\t<meta property=\"og:image:height\" content=\"400\" \/>\n\t<meta property=\"og:image:type\" content=\"image\/webp\" \/>\n<meta name=\"twitter:card\" content=\"summary_large_image\" \/>\n<meta name=\"twitter:label1\" content=\"Tempo estimado de leitura\" \/>\n\t<meta name=\"twitter:data1\" content=\"2 minutos\" \/>\n<script type=\"application\/ld+json\" class=\"yoast-schema-graph\">{\"@context\":\"https:\/\/schema.org\",\"@graph\":[{\"@type\":\"WebPage\",\"@id\":\"https:\/\/www.museu0.pt\/evento\/luis-fernandes-em-residencia-artistica\/\",\"url\":\"https:\/\/www.museu0.pt\/evento\/luis-fernandes-em-residencia-artistica\/\",\"name\":\"Museu Zer0 - Descubra a Arte Digital\",\"isPartOf\":{\"@id\":\"https:\/\/www.museu0.pt\/#website\"},\"datePublished\":\"2025-09-18T16:51:33+00:00\",\"dateModified\":\"2025-10-28T06:25:03+00:00\",\"description\":\"Museu Zer0 - Centro de Arte Digital. Programando iniciativas, apresentando, divulgando, e apoiando a cria\u00e7\u00e3o art\u00edstica digital.\",\"breadcrumb\":{\"@id\":\"https:\/\/www.museu0.pt\/evento\/luis-fernandes-em-residencia-artistica\/#breadcrumb\"},\"inLanguage\":\"pt-PT\",\"potentialAction\":[{\"@type\":\"ReadAction\",\"target\":[\"https:\/\/www.museu0.pt\/evento\/luis-fernandes-em-residencia-artistica\/\"]}]},{\"@type\":\"BreadcrumbList\",\"@id\":\"https:\/\/www.museu0.pt\/evento\/luis-fernandes-em-residencia-artistica\/#breadcrumb\",\"itemListElement\":[{\"@type\":\"ListItem\",\"position\":1,\"name\":\"Home\",\"item\":\"https:\/\/www.museu0.pt\/pt\/\"},{\"@type\":\"ListItem\",\"position\":2,\"name\":\"Eventos\",\"item\":\"https:\/\/www.museu0.pt\/?post_type=evento\"},{\"@type\":\"ListItem\",\"position\":3,\"name\":\"Lu\u00eds Fernandes em Resid\u00eancia Art\u00edstica\"}]},{\"@type\":\"WebSite\",\"@id\":\"https:\/\/www.museu0.pt\/#website\",\"url\":\"https:\/\/www.museu0.pt\/\",\"name\":\"Museu0\",\"description\":\"Centro de Arte Digital\",\"publisher\":{\"@id\":\"https:\/\/www.museu0.pt\/#organization\"},\"potentialAction\":[{\"@type\":\"SearchAction\",\"target\":{\"@type\":\"EntryPoint\",\"urlTemplate\":\"https:\/\/www.museu0.pt\/?s={search_term_string}\"},\"query-input\":\"required name=search_term_string\"}],\"inLanguage\":\"pt-PT\"},{\"@type\":\"Organization\",\"@id\":\"https:\/\/www.museu0.pt\/#organization\",\"name\":\"Museu0\",\"url\":\"https:\/\/www.museu0.pt\/\",\"logo\":{\"@type\":\"ImageObject\",\"inLanguage\":\"pt-PT\",\"@id\":\"https:\/\/www.museu0.pt\/#\/schema\/logo\/image\/\",\"url\":\"https:\/\/www.museu0.pt\/wp-content\/uploads\/2023\/11\/museu0_logo_big.png\",\"contentUrl\":\"https:\/\/www.museu0.pt\/wp-content\/uploads\/2023\/11\/museu0_logo_big.png\",\"width\":1100,\"height\":1100,\"caption\":\"Museu0\"},\"image\":{\"@id\":\"https:\/\/www.museu0.pt\/#\/schema\/logo\/image\/\"}}]}<\/script>\n<!-- \/ Yoast SEO Premium plugin. -->","yoast_head_json":{"title":"Museu Zer0 - Descubra a Arte Digital","description":"Museu Zer0 - Centro de Arte Digital. Programando iniciativas, apresentando, divulgando, e apoiando a cria\u00e7\u00e3o art\u00edstica digital.","robots":{"index":"index","follow":"follow","max-snippet":"max-snippet:-1","max-image-preview":"max-image-preview:large","max-video-preview":"max-video-preview:-1"},"canonical":"https:\/\/www.museu0.pt\/pt\/evento\/luis-fernandes-em-residencia-artistica\/","og_locale":"pt_PT","og_type":"article","og_title":"Lu\u00eds Fernandes em Resid\u00eancia Art\u00edstica","og_description":"Museu Zer0 - Centro de Arte Digital. Programando iniciativas, apresentando, divulgando, e apoiando a cria\u00e7\u00e3o art\u00edstica digital.","og_url":"https:\/\/www.museu0.pt\/pt\/evento\/luis-fernandes-em-residencia-artistica\/","og_site_name":"Museu0","article_modified_time":"2025-10-28T06:25:03+00:00","og_image":[{"width":528,"height":400,"url":"https:\/\/www.museu0.pt\/wp-content\/uploads\/2025\/09\/Luis-Fernandes.webp","type":"image\/webp"}],"twitter_card":"summary_large_image","twitter_misc":{"Tempo estimado de leitura":"2 minutos"},"schema":{"@context":"https:\/\/schema.org","@graph":[{"@type":"WebPage","@id":"https:\/\/www.museu0.pt\/evento\/luis-fernandes-em-residencia-artistica\/","url":"https:\/\/www.museu0.pt\/evento\/luis-fernandes-em-residencia-artistica\/","name":"Museu Zer0 - Descubra a Arte Digital","isPartOf":{"@id":"https:\/\/www.museu0.pt\/#website"},"datePublished":"2025-09-18T16:51:33+00:00","dateModified":"2025-10-28T06:25:03+00:00","description":"Museu Zer0 - Centro de Arte Digital. Programando iniciativas, apresentando, divulgando, e apoiando a cria\u00e7\u00e3o art\u00edstica digital.","breadcrumb":{"@id":"https:\/\/www.museu0.pt\/evento\/luis-fernandes-em-residencia-artistica\/#breadcrumb"},"inLanguage":"pt-PT","potentialAction":[{"@type":"ReadAction","target":["https:\/\/www.museu0.pt\/evento\/luis-fernandes-em-residencia-artistica\/"]}]},{"@type":"BreadcrumbList","@id":"https:\/\/www.museu0.pt\/evento\/luis-fernandes-em-residencia-artistica\/#breadcrumb","itemListElement":[{"@type":"ListItem","position":1,"name":"Home","item":"https:\/\/www.museu0.pt\/pt\/"},{"@type":"ListItem","position":2,"name":"Eventos","item":"https:\/\/www.museu0.pt\/?post_type=evento"},{"@type":"ListItem","position":3,"name":"Lu\u00eds Fernandes em Resid\u00eancia Art\u00edstica"}]},{"@type":"WebSite","@id":"https:\/\/www.museu0.pt\/#website","url":"https:\/\/www.museu0.pt\/","name":"Museu0","description":"Centro de Arte Digital","publisher":{"@id":"https:\/\/www.museu0.pt\/#organization"},"potentialAction":[{"@type":"SearchAction","target":{"@type":"EntryPoint","urlTemplate":"https:\/\/www.museu0.pt\/?s={search_term_string}"},"query-input":"required name=search_term_string"}],"inLanguage":"pt-PT"},{"@type":"Organization","@id":"https:\/\/www.museu0.pt\/#organization","name":"Museu0","url":"https:\/\/www.museu0.pt\/","logo":{"@type":"ImageObject","inLanguage":"pt-PT","@id":"https:\/\/www.museu0.pt\/#\/schema\/logo\/image\/","url":"https:\/\/www.museu0.pt\/wp-content\/uploads\/2023\/11\/museu0_logo_big.png","contentUrl":"https:\/\/www.museu0.pt\/wp-content\/uploads\/2023\/11\/museu0_logo_big.png","width":1100,"height":1100,"caption":"Museu0"},"image":{"@id":"https:\/\/www.museu0.pt\/#\/schema\/logo\/image\/"}}]}},"_links":{"self":[{"href":"https:\/\/www.museu0.pt\/pt\/wp-json\/wp\/v2\/evento\/5986"}],"collection":[{"href":"https:\/\/www.museu0.pt\/pt\/wp-json\/wp\/v2\/evento"}],"about":[{"href":"https:\/\/www.museu0.pt\/pt\/wp-json\/wp\/v2\/types\/evento"}],"author":[{"embeddable":true,"href":"https:\/\/www.museu0.pt\/pt\/wp-json\/wp\/v2\/users\/3"}],"version-history":[{"count":2,"href":"https:\/\/www.museu0.pt\/pt\/wp-json\/wp\/v2\/evento\/5986\/revisions"}],"predecessor-version":[{"id":5988,"href":"https:\/\/www.museu0.pt\/pt\/wp-json\/wp\/v2\/evento\/5986\/revisions\/5988"}],"wp:featuredmedia":[{"embeddable":true,"href":"https:\/\/www.museu0.pt\/pt\/wp-json\/wp\/v2\/media\/5947"}],"wp:attachment":[{"href":"https:\/\/www.museu0.pt\/pt\/wp-json\/wp\/v2\/media?parent=5986"}],"wp:term":[{"taxonomy":"category","embeddable":true,"href":"https:\/\/www.museu0.pt\/pt\/wp-json\/wp\/v2\/categories?post=5986"}],"curies":[{"name":"wp","href":"https:\/\/api.w.org\/{rel}","templated":true}]}}