{"id":6065,"date":"2025-10-27T10:30:06","date_gmt":"2025-10-27T10:30:06","guid":{"rendered":"https:\/\/www.museu0.pt\/?post_type=evento&#038;p=6065"},"modified":"2025-12-12T12:36:16","modified_gmt":"2025-12-12T12:36:16","slug":"concerto-paisagens-eletr0nicas-2025-8-novembro","status":"publish","type":"evento","link":"https:\/\/www.museu0.pt\/pt\/evento\/concerto-paisagens-eletr0nicas-2025-8-novembro\/","title":{"rendered":"Concerto Paisagens Eletr0nicas"},"content":{"rendered":"\n<p>A obra que apresentamos \u2013 MAGNIFICATIO ALGERVENSIS \u2013 \u00e9, justamente, inspirada no Geoparque Algarvensis, atrav\u00e9s das suas m\u00faltiplas facetas: aspetos geol\u00f3gicos \u00fanicos, mas tamb\u00e9m paisag\u00edsticos, e de fauna e flora.<\/p>\n\n\n\n<p>Consiste numa performance transdisciplinar em que a m\u00fasica instrumental e os visuais generativos comunicam atrav\u00e9s da media\u00e7\u00e3o de tecnologias digitais. Na vertente s\u00f3nica, uma componente computacional vai adicionando caracter\u00edsticas \u00e0s potencialidades eletroac\u00fasticas tradicionais, assim como, assumindo uma parte importante no di\u00e1logo musical por interm\u00e9dio do uso de algoritmos de Interactive Machine Learning, tornando poss\u00edvel que a resposta musical da componente computacional evolua em tempo real.<\/p>\n\n\n\n<p>Na vertente visual, existe um sistema generativo controlado em tempo real, como se de um instrumento se tratasse, e em que as texturas \u2013 cuja base adv\u00e9m de levantamento fotogr\u00e1fico no Geoparque Algarvensis, e posterior manipula\u00e7\u00e3o digital \u2013 se v\u00e3o transformando, acompanhando a performance musical. Assim, a converg\u00eancia destes tr\u00eas vetores \u2013 performance musical, aumento digital e arte generativa responsiva \u2013 \u00e9 usada para conduzir o p\u00fablico a uma magn\u00edfica jornada sensorial.<\/p>\n\n\n\n<p><\/p>\n\n\n\n<p><strong>\u2014<\/strong><\/p>\n\n\n\n<p><strong>MEMBROS<\/strong><\/p>\n\n\n\n<p><strong>RUI TRAVASSO<\/strong><\/p>\n\n\n\n<p>Rui Travasso \u00e9 Doutorado em M\u00e9dia-Arte Digital (UAb\/UAlg) e Professor Adjunto Convidado no Instituto Polit\u00e9cnico de Beja. A sua investiga\u00e7\u00e3o cruza artes performativas, comunica\u00e7\u00e3o multim\u00e9dia e tecnologia interativa, com foco na expans\u00e3o instrumental e ecologias de performance mediadas por algoritmos, e ainda a pedagogia relacionada com a \u00e1rea do Audiovisual e Produ\u00e7\u00e3o dos M\u00e9dia. Participou em projetos financiados pela DGArtes e Funda\u00e7\u00e3o GDA, integrando produ\u00e7\u00e3o art\u00edstica, e investiga\u00e7\u00e3o aplicada. A sua pr\u00e1tica art\u00edstica inclui uma d\u00e9cada enquanto chefe de naipe de clarinete na Orquestra do Algarve, performances interativas, sistemas audiovisuais, experimenta\u00e7\u00e3o sonora com \u00eanfase na inclus\u00e3o e na media\u00e7\u00e3o cultural, e conta com mais de uma centena de faixas publicadas.<\/p>\n\n\n\n<p><\/p>\n\n\n\n<p><strong>ANDR\u00c9 CONDE<\/strong><\/p>\n\n\n\n<p>Andr\u00e9 Conde \u00e9 Doutorado pela Universidade de \u00c9vora (UE) no curso de M\u00fasica e Musicologia, iniciou os estudos musicais na Academia de M\u00fasica Eborense continuando os mesmos na Escola de M\u00fasica do Conservat\u00f3rio Nacional de Lisboa. Integrou orquestras internacionais de jovens tais como a Orquestra de Jovens do Mediterr\u00e2neo e a Orquestra de Jovens Gustav Mahler. Ap\u00f3s concluir a Licenciatura na Academia Nacional Superior de Orquestra \u00e9 admitido na Universidade das Artes em Zurique (ZHDK) no Mestrado em Performance Orquestral, com bolsa da Funda\u00e7\u0101o Calouste Gulbenkian. Foi academista na \u00d3pera de Zurique, onde posteriormente colabora como Assistente de 1\u00ba Trombone. Conclui o segundo Mestrado, este em Performance Especializada \u2013 Solista, na ZHDK. Tem ainda forma\u00e7\u00e3o em m\u00fasica antiga e contempor\u00e2nea. Frequentou Masterclasses com alguns dos mais prestigiados trombonistas a n\u00edvel mundial e integra orquestras nacionais e estrangeiras como convidado: Z\u00fcrich Opernhaus; Malaysian Philharmonic Orchestra; Tonhalle Orchester Z\u00fcrich; Orquestra Gullbenkian; Orquestra Sinf\u00f3nica do Porto; entre outras. Para al\u00e9m da referida participa\u00e7\u00e3o em orquestras tamb\u00e9m desenvolve uma actividade regular enquanto solista quer atrav\u00e9s interpreta\u00e7\u00e3o de repert\u00f3rio de M\u00fasica Antiga e do Per\u00edodo Rom\u00e2ntico como tamb\u00e9m de repert\u00f3rio ligado \u00e0 interpreta\u00e7\u00e3o e composi\u00e7\u00e3o de repert\u00f3rio na vertente da M\u00fasica Contempor\u00e2nea e Arte Digital. \u00c9 docente na UE.<\/p>\n\n\n\n<p><\/p>\n\n\n\n<p><strong>PEDRO ALVES DA VEIGA<\/strong><\/p>\n\n\n\n<p>Pedro Alves da Veiga \u00e9 um artista e investigador doutorado em M\u00e9dia-Arte Digital pela Universidade do Algarve e Universidade Aberta. \u00c9 Professor Auxiliar na Universidade Aberta, onde \u00e9 Subdiretor do Doutoramento em M\u00e9diaArte Digital. Foi empreendedor durante mais de duas d\u00e9cadas, e desenvolveu trabalhos premiados de webdesign e multim\u00e9dia. \u00c9 membro integrado do Centro de Investiga\u00e7\u00e3o em Artes e Comunica\u00e7\u00e3o, e colaborador do ID+ Instituto de Investiga\u00e7\u00e3o em Design, Media e Cultura. Gravou dois discos para a editora Polygram e um dos temas de sua autoria faz parte da banda sonora do filme \u201cVaria\u00e7\u00f5es\u201d. Tem exposto as suas obras de arte generativa, individual e coletivamente, em Portugal, Brasil, Espanha, Fran\u00e7a, It\u00e1lia, Holanda, Rom\u00e9nia, R\u00fassia, China, Coreia do Sul, Tail\u00e2ndia e EUA.<\/p>\n","protected":false},"excerpt":{"rendered":"<p>O Museu Zer0 apresenta o ciclo Paisagens Eletr0nicas edi\u00e7\u00e3o 2025.<\/p>\n","protected":false},"author":3,"featured_media":6043,"menu_order":0,"template":"","meta":[],"categories":[17],"yoast_head":"<!-- This site is optimized with the Yoast SEO Premium plugin v20.5 (Yoast SEO v20.9) - https:\/\/yoast.com\/wordpress\/plugins\/seo\/ -->\n<title>Museu Zer0 - Descubra a Arte Digital<\/title>\n<meta name=\"description\" content=\"Museu Zer0 - Centro de Arte Digital. Programando iniciativas, apresentando, divulgando, e apoiando a cria\u00e7\u00e3o art\u00edstica digital.\" \/>\n<meta name=\"robots\" content=\"index, follow, max-snippet:-1, max-image-preview:large, max-video-preview:-1\" \/>\n<link rel=\"canonical\" href=\"https:\/\/www.museu0.pt\/pt\/evento\/concerto-paisagens-eletr0nicas-2025-8-novembro\/\" \/>\n<meta property=\"og:locale\" content=\"pt_PT\" \/>\n<meta property=\"og:type\" content=\"article\" \/>\n<meta property=\"og:title\" content=\"Concerto Paisagens Eletr0nicas\" \/>\n<meta property=\"og:description\" content=\"Museu Zer0 - Centro de Arte Digital. Programando iniciativas, apresentando, divulgando, e apoiando a cria\u00e7\u00e3o art\u00edstica digital.\" \/>\n<meta property=\"og:url\" content=\"https:\/\/www.museu0.pt\/pt\/evento\/concerto-paisagens-eletr0nicas-2025-8-novembro\/\" \/>\n<meta property=\"og:site_name\" content=\"Museu0\" \/>\n<meta property=\"article:modified_time\" content=\"2025-12-12T12:36:16+00:00\" \/>\n<meta property=\"og:image\" content=\"https:\/\/www.museu0.pt\/wp-content\/uploads\/2025\/10\/Museu-Zer0_Website-Image-Equinocios.png\" \/>\n\t<meta property=\"og:image:width\" content=\"528\" \/>\n\t<meta property=\"og:image:height\" content=\"400\" \/>\n\t<meta property=\"og:image:type\" content=\"image\/png\" \/>\n<meta name=\"twitter:card\" content=\"summary_large_image\" \/>\n<meta name=\"twitter:label1\" content=\"Tempo estimado de leitura\" \/>\n\t<meta name=\"twitter:data1\" content=\"4 minutos\" \/>\n<script type=\"application\/ld+json\" class=\"yoast-schema-graph\">{\"@context\":\"https:\/\/schema.org\",\"@graph\":[{\"@type\":\"WebPage\",\"@id\":\"https:\/\/www.museu0.pt\/evento\/concerto-paisagens-eletr0nicas-2025-8-novembro\/\",\"url\":\"https:\/\/www.museu0.pt\/evento\/concerto-paisagens-eletr0nicas-2025-8-novembro\/\",\"name\":\"Museu Zer0 - Descubra a Arte Digital\",\"isPartOf\":{\"@id\":\"https:\/\/www.museu0.pt\/#website\"},\"datePublished\":\"2025-10-27T10:30:06+00:00\",\"dateModified\":\"2025-12-12T12:36:16+00:00\",\"description\":\"Museu Zer0 - Centro de Arte Digital. Programando iniciativas, apresentando, divulgando, e apoiando a cria\u00e7\u00e3o art\u00edstica digital.\",\"breadcrumb\":{\"@id\":\"https:\/\/www.museu0.pt\/evento\/concerto-paisagens-eletr0nicas-2025-8-novembro\/#breadcrumb\"},\"inLanguage\":\"pt-PT\",\"potentialAction\":[{\"@type\":\"ReadAction\",\"target\":[\"https:\/\/www.museu0.pt\/evento\/concerto-paisagens-eletr0nicas-2025-8-novembro\/\"]}]},{\"@type\":\"BreadcrumbList\",\"@id\":\"https:\/\/www.museu0.pt\/evento\/concerto-paisagens-eletr0nicas-2025-8-novembro\/#breadcrumb\",\"itemListElement\":[{\"@type\":\"ListItem\",\"position\":1,\"name\":\"Home\",\"item\":\"https:\/\/www.museu0.pt\/pt\/\"},{\"@type\":\"ListItem\",\"position\":2,\"name\":\"Eventos\",\"item\":\"https:\/\/www.museu0.pt\/?post_type=evento\"},{\"@type\":\"ListItem\",\"position\":3,\"name\":\"Concerto Paisagens Eletr0nicas\"}]},{\"@type\":\"WebSite\",\"@id\":\"https:\/\/www.museu0.pt\/#website\",\"url\":\"https:\/\/www.museu0.pt\/\",\"name\":\"Museu0\",\"description\":\"Centro de Arte Digital\",\"publisher\":{\"@id\":\"https:\/\/www.museu0.pt\/#organization\"},\"potentialAction\":[{\"@type\":\"SearchAction\",\"target\":{\"@type\":\"EntryPoint\",\"urlTemplate\":\"https:\/\/www.museu0.pt\/?s={search_term_string}\"},\"query-input\":\"required name=search_term_string\"}],\"inLanguage\":\"pt-PT\"},{\"@type\":\"Organization\",\"@id\":\"https:\/\/www.museu0.pt\/#organization\",\"name\":\"Museu0\",\"url\":\"https:\/\/www.museu0.pt\/\",\"logo\":{\"@type\":\"ImageObject\",\"inLanguage\":\"pt-PT\",\"@id\":\"https:\/\/www.museu0.pt\/#\/schema\/logo\/image\/\",\"url\":\"https:\/\/www.museu0.pt\/wp-content\/uploads\/2023\/11\/museu0_logo_big.png\",\"contentUrl\":\"https:\/\/www.museu0.pt\/wp-content\/uploads\/2023\/11\/museu0_logo_big.png\",\"width\":1100,\"height\":1100,\"caption\":\"Museu0\"},\"image\":{\"@id\":\"https:\/\/www.museu0.pt\/#\/schema\/logo\/image\/\"}}]}<\/script>\n<!-- \/ Yoast SEO Premium plugin. -->","yoast_head_json":{"title":"Museu Zer0 - Descubra a Arte Digital","description":"Museu Zer0 - Centro de Arte Digital. Programando iniciativas, apresentando, divulgando, e apoiando a cria\u00e7\u00e3o art\u00edstica digital.","robots":{"index":"index","follow":"follow","max-snippet":"max-snippet:-1","max-image-preview":"max-image-preview:large","max-video-preview":"max-video-preview:-1"},"canonical":"https:\/\/www.museu0.pt\/pt\/evento\/concerto-paisagens-eletr0nicas-2025-8-novembro\/","og_locale":"pt_PT","og_type":"article","og_title":"Concerto Paisagens Eletr0nicas","og_description":"Museu Zer0 - Centro de Arte Digital. Programando iniciativas, apresentando, divulgando, e apoiando a cria\u00e7\u00e3o art\u00edstica digital.","og_url":"https:\/\/www.museu0.pt\/pt\/evento\/concerto-paisagens-eletr0nicas-2025-8-novembro\/","og_site_name":"Museu0","article_modified_time":"2025-12-12T12:36:16+00:00","og_image":[{"width":528,"height":400,"url":"https:\/\/www.museu0.pt\/wp-content\/uploads\/2025\/10\/Museu-Zer0_Website-Image-Equinocios.png","type":"image\/png"}],"twitter_card":"summary_large_image","twitter_misc":{"Tempo estimado de leitura":"4 minutos"},"schema":{"@context":"https:\/\/schema.org","@graph":[{"@type":"WebPage","@id":"https:\/\/www.museu0.pt\/evento\/concerto-paisagens-eletr0nicas-2025-8-novembro\/","url":"https:\/\/www.museu0.pt\/evento\/concerto-paisagens-eletr0nicas-2025-8-novembro\/","name":"Museu Zer0 - Descubra a Arte Digital","isPartOf":{"@id":"https:\/\/www.museu0.pt\/#website"},"datePublished":"2025-10-27T10:30:06+00:00","dateModified":"2025-12-12T12:36:16+00:00","description":"Museu Zer0 - Centro de Arte Digital. Programando iniciativas, apresentando, divulgando, e apoiando a cria\u00e7\u00e3o art\u00edstica digital.","breadcrumb":{"@id":"https:\/\/www.museu0.pt\/evento\/concerto-paisagens-eletr0nicas-2025-8-novembro\/#breadcrumb"},"inLanguage":"pt-PT","potentialAction":[{"@type":"ReadAction","target":["https:\/\/www.museu0.pt\/evento\/concerto-paisagens-eletr0nicas-2025-8-novembro\/"]}]},{"@type":"BreadcrumbList","@id":"https:\/\/www.museu0.pt\/evento\/concerto-paisagens-eletr0nicas-2025-8-novembro\/#breadcrumb","itemListElement":[{"@type":"ListItem","position":1,"name":"Home","item":"https:\/\/www.museu0.pt\/pt\/"},{"@type":"ListItem","position":2,"name":"Eventos","item":"https:\/\/www.museu0.pt\/?post_type=evento"},{"@type":"ListItem","position":3,"name":"Concerto Paisagens Eletr0nicas"}]},{"@type":"WebSite","@id":"https:\/\/www.museu0.pt\/#website","url":"https:\/\/www.museu0.pt\/","name":"Museu0","description":"Centro de Arte Digital","publisher":{"@id":"https:\/\/www.museu0.pt\/#organization"},"potentialAction":[{"@type":"SearchAction","target":{"@type":"EntryPoint","urlTemplate":"https:\/\/www.museu0.pt\/?s={search_term_string}"},"query-input":"required name=search_term_string"}],"inLanguage":"pt-PT"},{"@type":"Organization","@id":"https:\/\/www.museu0.pt\/#organization","name":"Museu0","url":"https:\/\/www.museu0.pt\/","logo":{"@type":"ImageObject","inLanguage":"pt-PT","@id":"https:\/\/www.museu0.pt\/#\/schema\/logo\/image\/","url":"https:\/\/www.museu0.pt\/wp-content\/uploads\/2023\/11\/museu0_logo_big.png","contentUrl":"https:\/\/www.museu0.pt\/wp-content\/uploads\/2023\/11\/museu0_logo_big.png","width":1100,"height":1100,"caption":"Museu0"},"image":{"@id":"https:\/\/www.museu0.pt\/#\/schema\/logo\/image\/"}}]}},"_links":{"self":[{"href":"https:\/\/www.museu0.pt\/pt\/wp-json\/wp\/v2\/evento\/6065"}],"collection":[{"href":"https:\/\/www.museu0.pt\/pt\/wp-json\/wp\/v2\/evento"}],"about":[{"href":"https:\/\/www.museu0.pt\/pt\/wp-json\/wp\/v2\/types\/evento"}],"author":[{"embeddable":true,"href":"https:\/\/www.museu0.pt\/pt\/wp-json\/wp\/v2\/users\/3"}],"version-history":[{"count":1,"href":"https:\/\/www.museu0.pt\/pt\/wp-json\/wp\/v2\/evento\/6065\/revisions"}],"predecessor-version":[{"id":6066,"href":"https:\/\/www.museu0.pt\/pt\/wp-json\/wp\/v2\/evento\/6065\/revisions\/6066"}],"wp:featuredmedia":[{"embeddable":true,"href":"https:\/\/www.museu0.pt\/pt\/wp-json\/wp\/v2\/media\/6043"}],"wp:attachment":[{"href":"https:\/\/www.museu0.pt\/pt\/wp-json\/wp\/v2\/media?parent=6065"}],"wp:term":[{"taxonomy":"category","embeddable":true,"href":"https:\/\/www.museu0.pt\/pt\/wp-json\/wp\/v2\/categories?post=6065"}],"curies":[{"name":"wp","href":"https:\/\/api.w.org\/{rel}","templated":true}]}}